{"id":28723,"date":"2024-07-15T09:03:45","date_gmt":"2024-07-15T07:03:45","guid":{"rendered":"https:\/\/josephs244.sg-host.com\/?page_id=28723"},"modified":"2026-05-05T17:24:50","modified_gmt":"2026-05-05T15:24:50","slug":"homepage-fr","status":"publish","type":"page","link":"https:\/\/fogliedoroparquet.com\/fr\/","title":{"rendered":"HOME Fr"},"content":{"rendered":"<ul>\n<li>\n<p>        <img decoding=\"async\" src=\"\/wp-content\/uploads\/2026\/04\/salone-del-mobile-milano-2026-stand-foglie-doro.2026.jpg\" alt=\"Foglie d\u2019Oro e Arte Brotto stand at Salone del Mobile Milano featuring wood boiserie, geometric parquet flooring, 3D surfaces and interior design solutions\"><\/p>\n<h2>SHAPED <em>over<\/em> TIME<\/h2>\n<p><img decoding=\"async\" src=\"\/wp-content\/uploads\/2025\/04\/logo-salone_2023.png\" width=\"200\" height=\"auto\" class=\"aligncenter\" \/><\/p>\n<div>Thank you for being with us at Salone del Mobile.Milano 2026.<br \/> Explore all the new products presented during the fair.<\/p>\n<p><!--\n\n<p><strong>Hall 14 Stand D47, 21\u201326 April 2026 <\/strong><\/p>\n\n--><\/div>\n<p><a href=\"https:\/\/fogliedoroparquet.com\/salone-del-mobile-2026\/\">En savoir plus<\/a><\/p>\n<\/li>\n<li>\n<\/li>\n<\/ul>\n<ul>\n<li>\n<p>        <img decoding=\"async\" src=\"\/wp-content\/uploads\/2026\/04\/salone-del-mobile-milano-2026-stand-foglie-doro.2026.jpg\" alt=\"Foglie d\u2019Oro e Arte Brotto stand at Salone del Mobile Milano featuring wood boiserie, geometric parquet flooring, 3D surfaces and interior design solutions\"><\/p>\n<h2>SHAPED <em>over <\/em>TIME<\/h2>\n<p><img decoding=\"async\" src=\"\/wp-content\/uploads\/2025\/04\/logo-salone_2023.png\" width=\"170\" height=\"auto\" class=\"aligncenter\" \/><\/p>\n<div>Thank you for being with us at Salone del Mobile.Milano 2026.<br \/> Explore all the new products presented during the fair.<br \/>\n<!--\n\n<p><strong>Hall 14 Stand D47, 21\u201326 April 2026 <\/strong><\/p>\n\n--><\/div>\n<p><a href=\"https:\/\/fogliedoroparquet.com\/salone-del-mobile-2026\/\">En savoir plus<\/a><\/p>\n<\/li>\n<li>\n<\/li>\n<\/ul>\n<h2>Nos Parquets en Bois<\/h2>\n<div>Foglie d\u2019Oro con\u00e7oit et produit une large gamme de parquets en bois de Noyer et de Ch\u00eane &#8211; \u00e0 lames, en chevron, modulaires -, n\u00e9s de la cr\u00e9ativit\u00e9 du bureau technique interne ou en collaboration avec des architectes et des designers de renomm\u00e9e internationale. De plus, elle met \u00e0 disposition son savoir-faire pour r\u00e9aliser des parquets sur mesure, \u00e0 partir du dessin du concepteur, afin de satisfaire les moindres d\u00e9sirs du client.<\/div>\n<ul>\n<li>\n<p>        <img decoding=\"async\" src=\"https:\/\/fogliedoroparquet.com\/wp-content\/uploads\/foto_dettaglio_prodotto_slide\/20\/1.jpg\" alt=\"\"><\/p>\n<h3>Lames<\/h3>\n<p>LES LAMES<\/p>\n<\/li>\n<li>\n<p>        <img decoding=\"async\" src=\"https:\/\/fogliedoroparquet.com\/wp-content\/uploads\/2020\/06\/doghe-antique-ca-pisani-ambient.jpg\" alt=\"\"><\/p>\n<h3>Antique<\/h3>\n<p>LES LAMES<\/p>\n<\/li>\n<li>\n<p>        <img decoding=\"async\" src=\"https:\/\/fogliedoroparquet.com\/wp-content\/uploads\/foto_dettaglio_prodotto_slide\/97\/8.jpg\" alt=\"\"><\/p>\n<h3>Jumbo Floor<\/h3>\n<p>LES LAMES<\/p>\n<\/li>\n<li>\n<p>        <img decoding=\"async\" src=\"https:\/\/fogliedoroparquet.com\/wp-content\/uploads\/foto_dettaglio_prodotto_slide\/211\/1.jpg\" alt=\"\"><\/p>\n<h3>Herringbone 90\u00b0<\/h3>\n<p>CHEVRONS<\/p>\n<\/li>\n<li>\n<p>        <img decoding=\"async\" src=\"https:\/\/fogliedoroparquet.com\/wp-content\/uploads\/2020\/06\/spine-chevron-ca-foscolo-dettaglio-ambient.jpg\" alt=\"\"><\/p>\n<h3>Chevron 45\u00b0<\/h3>\n<p>CHEVRONS<\/p>\n<\/li>\n<li>\n<p>        <img decoding=\"async\" src=\"https:\/\/fogliedoroparquet.com\/wp-content\/uploads\/2020\/06\/spine-speciali-maxi-chevron-ca-pisani-ambient.jpg\" alt=\"\"><\/p>\n<h3>Chevrons Speciaux<\/h3>\n<p>CHEVRONS<\/p>\n<\/li>\n<li>\n<p>        <img decoding=\"async\" src=\"\/wp-content\/uploads\/2024\/12\/01-INGRESSO.jpg\" alt=\"\"><\/p>\n<h3>Les module Azalea<\/h3>\n<p>LES MODULES<\/p>\n<\/li>\n<li>\n<p>        <img decoding=\"async\" src=\"\/wp-content\/uploads\/2024\/11\/Modulo_design-SOUL-Ca_Magno-2.jpg\" alt=\"\"><\/p>\n<h3>Les modules Design<\/h3>\n<p>LES MODULES<\/p>\n<\/li>\n<li>\n<p>        <img decoding=\"async\" src=\"https:\/\/fogliedoroparquet.com\/wp-content\/uploads\/2020\/08\/heritage-milano-ambient.jpg\" alt=\"\"><\/p>\n<h3>Les modules Heritage<\/h3>\n<p>LES MODULES<\/p>\n<\/li>\n<li>\n<p>        <img decoding=\"async\" src=\"https:\/\/fogliedoroparquet.com\/wp-content\/uploads\/2022\/03\/Layout351-Ca-Bassano_acciaio.jpg\" alt=\"\"><\/p>\n<h3>Elementa, by Marco Piva<\/h3>\n<p>BY DESIGNERS<\/p>\n<\/li>\n<li>\n<p>        <img decoding=\"async\" src=\"https:\/\/fogliedoroparquet.com\/wp-content\/uploads\/2021\/09\/Matita-112_122-Ca-Nadal_Fior-di-Pesco-Marble_1.jpg\" alt=\"\"><\/p>\n<h3>Matita, by Fabio Rotella<\/h3>\n<p>BY DESIGNERS<\/p>\n<\/li>\n<li>\n<p>        <img decoding=\"async\" src=\"\/wp-content\/uploads\/2024\/12\/2-I-Casa-Fonzone-I-Napoli-I-2023-I-%E2%94%AC%C2%AECarloOriente2023.jpg\" alt=\"\"><\/p>\n<h3>Bespoke<\/h3>\n<\/li>\n<\/ul>\n<p><p>\n        D\u00e9couvrez tous les parquets    <\/p>\n<\/p>\n<h2>Des espaces <br \/>Complets <br \/>Et sur mesure<\/p>\n<\/h2>\n<h1>Des espaces <br \/>Complets <br \/>Et sur mesure<\/h1>\n<div>\n<p style=\"font-weight: 400;\"><span>Du projet \u00e0 la pose. Gr\u00e2ce \u00e0 plus de 50 ans d\u2019exp\u00e9rience, \u00e0 la comp\u00e9tence de notre \u00e9quipe et au contr\u00f4le complet de la fili\u00e8re bois, nous sommes en mesure d\u2019accompagner les architectes et les d\u00e9corateurs d\u2019int\u00e9rieur dans la r\u00e9alisation d\u2019espaces sur mesure, \u00e0 la fois \u00e9l\u00e9gants, personnalis\u00e9s et durables.<\/span><\/p>\n<\/div>\n<p><p>\n        D\u00e9couvrez comment    <\/p>\n<\/p>\n<h2>Le bois, <br \/>un chef-d\u2019\u0153uvre pour des r\u00e9alisations exclusives<\/h2>\n<div>Le bois, un chef-d\u2019\u0153uvre<br class=\"uk-visible@m\">  pour des r\u00e9alisations exclusives<\/div>\n<div>\n<\/div>\n<p><p>\n        <a href=\"https:\/\/fogliedoroparquet.com\/fr\/projets\/\">D\u00e9couvrez tous les projets<\/a>\n    <\/p>\n<\/p>\n<div>Boiseries <br \/>Modulaires 3D<\/p>\n<\/div>\n<div>\n<p>La <a href=\"\/fr\/boiserie-3d\">collection Relevo<\/a> rassemble une extraordinaire gamme de panneaux modulaires en Noyer ou en Ch\u00eane, con\u00e7us pour rev\u00eatir les murs et les \u00e9l\u00e9ments d\u2019ameublement d\u2019effets tridimensionnels extraordinaires. Ces solutions au design contemporain permettent de cr\u00e9er des compositions verticales originales et sur mesure, en bois seul ou en association avec d\u2019autres mat\u00e9riaux pr\u00e9cieux tels que le m\u00e9tal et le marbre. Elles donnent vie \u00e0 une collection facile \u00e0 poser qui se distingue par sa polyvalence esth\u00e9tique et fonctionnelle et qui assure une grande libert\u00e9 conceptuelle.\n<\/div>\n<div>\n<p>La <a href=\"\/fr\/boiserie-3d\">collection Relevo<\/a> rassemble une extraordinaire gamme de panneaux modulaires en Noyer ou en Ch\u00eane, con\u00e7us pour rev\u00eatir les murs et les \u00e9l\u00e9ments d\u2019ameublement d\u2019effets tridimensionnels extraordinaires. Ces solutions au design contemporain permettent de cr\u00e9er des compositions verticales originales et sur mesure, en bois seul ou en association avec d\u2019autres mat\u00e9riaux pr\u00e9cieux tels que le m\u00e9tal et le marbre. Elles donnent vie \u00e0 une collection facile \u00e0 poser qui se distingue par sa polyvalence esth\u00e9tique et fonctionnelle et qui assure une grande libert\u00e9 conceptuelle.<\/div>\n<p><a href=\"\/fr\/boiserie-3d\/\"><img decoding=\"async\" src=\"\/wp-content\/uploads\/2024\/09\/FDO-moduli-relevo.jpg\" alt=\"\"><\/a><\/p>\n<h2><a href=\"#\">La polyvalence d\u2019une logique modulaire\u2026<\/a><\/h2>\n<div>\n<\/div>\n<h2><a href=\"#\">\u2026pour rev\u00eatir chaque espace sur mesure.<\/a><\/h2>\n<p><a href=\"\/fr\/boiserie-3d\/\"><img decoding=\"async\" src=\"https:\/\/fogliedoroparquet.com\/wp-content\/uploads\/2023\/01\/22-CAMERA-GEN.jpg\" alt=\"\"><\/a><br \/>\n<img decoding=\"async\" src=\"https:\/\/fogliedoroparquet.com\/wp-content\/uploads\/2023\/09\/Colorsense-logo-negativo.png\" alt=\"\"><\/p>\n<div>Laissez-vous inspirer par Colorsense, le nouveau programme de couleurs qui permet de mettre en valeur la beaut\u00e9 naturelle du bois de Noyer am\u00e9ricain et de personnaliser les parquets, les boiseries et les solutions sur mesure dans un esprit contemporain.<\/div>\n<div>Laissez-vous inspirer par Colorsense, le nouveau programme de couleurs qui permet de mettre en valeur la beaut\u00e9 naturelle du bois de Noyer am\u00e9ricain et de personnaliser les parquets, les boiseries et les solutions sur mesure dans un esprit contemporain.<\/div>\n<p><p>\n        D\u00e9couvrez Colorsense    <\/p>\n<\/p>\n<p><img decoding=\"async\" src=\"\/wp-content\/uploads\/2024\/09\/AB-logo-definitivo2020.png\" alt=\"\"><\/p>\n<h2>Mobilier en<br class=\"uk-visible@m\"><br \/>\nboishaut de gamme, depuis 1966.<br \/>\n<\/h2>\n<div>Arte Brotto est l\u2019entreprise d\u2019ameublement de la famille Brotto : depuis pr\u00e8s de 60 ans, elle con\u00e7oit et r\u00e9alise des collections de meubles et d\u2019accessoires en bois ainsi que des programmes modulaires pour la d\u00e9coration d\u2019int\u00e9rieur, de tr\u00e8s haute qualit\u00e9 et rigoureusement Made in Italy. Son ic\u00f4ne est la table one-off Vero, r\u00e9alis\u00e9e en combinant deux planches jumelles en Noyer ou en Ch\u00eane massif issues du c\u0153ur du m\u00eame tronc.<\/div>\n<p><p>\n        <a href=\"https:\/\/www.artebrotto.it\/en\/\">En savoir plus<\/a>\n    <\/p>\n<\/p>\n<p><img decoding=\"async\" src=\"\/wp-content\/uploads\/2024\/09\/AB-logo-definitivo2020.png\" alt=\"\"><\/p>\n<h2>Mobilier en boishaut de gamme, <br class=\"uk-visible@m\"><br \/>\ndepuis 1966.<\/h2>\n<div>Arte Brotto est l\u2019entreprise d\u2019ameublement de la famille Brotto : depuis pr\u00e8s de 60 ans, elle con\u00e7oit et r\u00e9alise des collections de meubles et d\u2019accessoires en bois ainsi que des programmes modulaires pour la d\u00e9coration d\u2019int\u00e9rieur, de tr\u00e8s haute qualit\u00e9 et rigoureusement Made in Italy. Son ic\u00f4ne est la table one-off Vero, r\u00e9alis\u00e9e en combinant deux planches jumelles en Noyer ou en Ch\u00eane massif issues du c\u0153ur du m\u00eame tronc.<\/div>\n<p><p>\n        <a href=\"https:\/\/www.artebrotto.it\/en\/\">En savoir plus<\/a>\n    <\/p>\n<\/p>\n<ul>\n<li>\n<div>Actualit\u00e9s<\/div>\n<\/li>\n<li>\n<\/li>\n<li>\n<div>Nettoyage et entretien<\/div>\n<\/li>\n<\/ul>\n<h2>Actualit\u00e9s <br \/>et nouveaut\u00e9s<\/h2>\n<div>Consultez les derni\u00e8res nouveaut\u00e9s de l\u2019univers de Foglie d\u2019Oro.<\/div>\n<div>\n<\/div>\n<p><!--more--><br \/>\n<!-- {\"type\":\"layout\",\"children\":[{\"type\":\"section\",\"props\":{\"animation\":\"slide-top-small\",\"animation_delay\":\"300\",\"header_transparent\":true,\"header_transparent_noplaceholder\":true,\"height\":\"viewport\",\"image_position\":\"center-center\",\"padding_bottom\":\"none\",\"padding_top\":\"none\",\"style\":\"primary\",\"title_breakpoint\":\"xl\",\"title_position\":\"top-left\",\"title_rotation\":\"left\",\"vertical_align\":\"middle\",\"width\":\"\"},\"children\":[{\"type\":\"row\",\"children\":[{\"type\":\"column\",\"props\":{\"image_position\":\"center-center\",\"position_sticky_breakpoint\":\"m\"},\"children\":[{\"name\":\"Slideshow Viewport Height Content Center\",\"type\":\"slideshow\",\"children\":[{\"type\":\"slideshow_item\",\"props\":{\"content\":\"Thank you for being with us at Salone del Mobile.Milano 2026.<br \/> Explore all the new products presented during the fair.\\n\\n<!--\n\n<p><strong>Hall 14 Stand D47, 21\u201326 April 2026 <\/strong><\/p>\n\n-->\u00ab\u00a0,\u00a0\u00bbimage\u00a0\u00bb:\u00a0\u00bbwp-content\/uploads\/2026\/04\/salone-del-mobile-milano-2026-stand-foglie-doro.2026.jpg\u00a0\u00bb,\u00a0\u00bbimage_alt\u00a0\u00bb:\u00a0\u00bbFoglie d\u2019Oro e Arte Brotto stand at Salone del Mobile Milano featuring wood boiserie, geometric parquet flooring, 3D surfaces and interior design solutions\u00a0\u00bb,\u00a0\u00bbimage_focal_point\u00a0\u00bb:\u00a0\u00bbbottom-center\u00a0\u00bb,\u00a0\u00bblink\u00a0\u00bb:\u00a0\u00bben\/salone-del-mobile-2026&Prime;,\u00a0\u00bblink_text\u00a0\u00bb:\u00a0\u00bbEn savoir plus\u00a0\u00bb,\u00a0\u00bbmedia_overlay\u00a0\u00bb:\u00a0\u00bbrgba(0, 0, 0, 0.45)\u00a0\u00bb,\u00a0\u00bbmeta\u00a0\u00bb:\u00a0\u00bb<img src=\\\"\/wp-content\/uploads\/2025\/04\/logo-salone_2023.png\\\" width=\\\"200\\\" height=\\\"auto\\\" class=\\\"aligncenter\\\" \/>\u00ab\u00a0,\u00a0\u00bbtitle\u00a0\u00bb:\u00a0\u00bbSHAPED <em>over<\/em> TIME\u00a0\u00bb}},{\u00ab\u00a0type\u00a0\u00bb:\u00a0\u00bbslideshow_item\u00a0\u00bb,\u00a0\u00bbprops\u00a0\u00bb:{\u00ab\u00a0media_overlay\u00a0\u00bb:\u00a0\u00bbrgba(0, 0, 0, 0.45)\u00a0\u00bb},\u00a0\u00bbsource\u00a0\u00bb:{\u00ab\u00a0query\u00a0\u00bb:{\u00ab\u00a0name\u00a0\u00bb:\u00a0\u00bbpages.singlePage\u00a0\u00bb,\u00a0\u00bbfield\u00a0\u00bb:{\u00ab\u00a0name\u00a0\u00bb:\u00a0\u00bbfield.slider_hero_homepage\u00a0\u00bb,\u00a0\u00bbdirectives\u00a0\u00bb:[{\u00ab\u00a0name\u00a0\u00bb:\u00a0\u00bbslice\u00a0\u00bb,\u00a0\u00bbarguments\u00a0\u00bb:{\u00ab\u00a0offset\u00a0\u00bb:0}}]}},\u00a0\u00bbprops\u00a0\u00bb:{\u00ab\u00a0link\u00a0\u00bb:{\u00ab\u00a0name\u00a0\u00bb:\u00a0\u00bburl_bottone_slider_homepage\u00a0\u00bb},\u00a0\u00bbimage\u00a0\u00bb:{\u00ab\u00a0name\u00a0\u00bb:\u00a0\u00bbimmagine_slider_homepage.url\u00a0\u00bb},\u00a0\u00bbimage_alt\u00a0\u00bb:{\u00ab\u00a0name\u00a0\u00bb:\u00a0\u00bbimmagine_slider_homepage.alt\u00a0\u00bb},\u00a0\u00bbtitle\u00a0\u00bb:{\u00ab\u00a0name\u00a0\u00bb:\u00a0\u00bbtitolo_slider_homepage\u00a0\u00bb},\u00a0\u00bbmeta\u00a0\u00bb:{\u00ab\u00a0name\u00a0\u00bb:\u00a0\u00bbsovratitolo_slider_homepage\u00a0\u00bb},\u00a0\u00bbcontent\u00a0\u00bb:{\u00ab\u00a0name\u00a0\u00bb:\u00a0\u00bbsottotitolo_slider_homepage\u00a0\u00bb},\u00a0\u00bblink_text\u00a0\u00bb:{\u00ab\u00a0name\u00a0\u00bb:\u00a0\u00bbtesto_bottone_slider_homepage\u00a0\u00bb}}}},{\u00ab\u00a0type\u00a0\u00bb:\u00a0\u00bbslideshow_item\u00a0\u00bb,\u00a0\u00bbprops\u00a0\u00bb:{\u00ab\u00a0content\u00a0\u00bb:\u00a0\u00bb\u00a0\u00bb,\u00a0\u00bbimage\u00a0\u00bb:\u00a0\u00bbwp-content\/uploads\/2025\/03\/AB-landingpage-desktop-SDM25.jpg\u00a0\u00bb,\u00a0\u00bbimage_focal_point\u00a0\u00bb:\u00a0\u00bbbottom-center\u00a0\u00bb,\u00a0\u00bblink\u00a0\u00bb:\u00a0\u00bbfr\/salone-del-mobile-2025\/\u00a0\u00bb,\u00a0\u00bblink_text\u00a0\u00bb:\u00a0\u00bbEn savoir plus\u00a0\u00bb,\u00a0\u00bbmedia_overlay\u00a0\u00bb:\u00a0\u00bbrgba(0, 0, 0, 0.45)\u00a0\u00bb,\u00a0\u00bbmeta\u00a0\u00bb:\u00a0\u00bb<img src=\\\"\/wp-content\/uploads\/2025\/04\/logo-salone_2023.png\\\" width=\\\"200\\\" height=\\\"auto\\\" class=\\\"aligncenter\\\" \/>\u00ab\u00a0,\u00a0\u00bbstatus\u00a0\u00bb:\u00a0\u00bbdisabled\u00a0\u00bb,\u00a0\u00bbtitle\u00a0\u00bb:\u00a0\u00bb8-13 Avril 2025 | Hall 14, stand D47&Prime;}},{\u00ab\u00a0type\u00a0\u00bb:\u00a0\u00bbslideshow_item\u00a0\u00bb,\u00a0\u00bbprops\u00a0\u00bb:{\u00ab\u00a0content\u00a0\u00bb:\u00a0\u00bbDes modules permettant de cr\u00e9er, \u00e0 travers des motifs g\u00e9om\u00e9triques, des parquets \u00e0 l\u2019esprit\u00a0\u00bb,\u00a0\u00bbimage\u00a0\u00bb:\u00a0\u00bb\/wp-content\/uploads\/2025\/05\/09_AMB_06-1.webp\u00a0\u00bb,\u00a0\u00bblink_text\u00a0\u00bb:\u00a0\u00bbD\u00e9couvrez\u00a0\u00bb,\u00a0\u00bbmedia_overlay\u00a0\u00bb:\u00a0\u00bbrgba(0, 0, 0, 0.3)\u00a0\u00bb,\u00a0\u00bbmeta\u00a0\u00bb:\u00a0\u00bbParquets modules Design\u00a0\u00bb,\u00a0\u00bbstatus\u00a0\u00bb:\u00a0\u00bbdisabled\u00a0\u00bb,\u00a0\u00bbtitle\u00a0\u00bb:\u00a0\u00bbLes modules Design\u00a0\u00bb},\u00a0\u00bbsource\u00a0\u00bb:{\u00ab\u00a0query\u00a0\u00bb:{\u00ab\u00a0name\u00a0\u00bb:\u00a0\u00bbcategorias.customCategoria\u00a0\u00bb,\u00a0\u00bbarguments\u00a0\u00bb:{\u00ab\u00a0id\u00a0\u00bb:532}},\u00a0\u00bbprops\u00a0\u00bb:{\u00ab\u00a0link\u00a0\u00bb:{\u00ab\u00a0name\u00a0\u00bb:\u00a0\u00bblink\u00a0\u00bb}}}},{\u00ab\u00a0type\u00a0\u00bb:\u00a0\u00bbslideshow_item\u00a0\u00bb,\u00a0\u00bbprops\u00a0\u00bb:{\u00ab\u00a0content\u00a0\u00bb:\u00a0\u00bb<\/p>\n<p style=\\\"font-weight: 400;\\\"><span>Les parquets, les boiseries et les solutions sur mesure r\u00e9alis\u00e9es par Foglie d\u2019Oro en collaboration avec les concepteurs et les clients pour des espaces exclusifs, dans le monde entier.<\/span><\/p>\n<p>\u00ab\u00a0,\u00a0\u00bbimage\u00a0\u00bb:\u00a0\u00bbhttps:\/\/fogliedoroparquet.com\/wp-content\/uploads\/2022\/05\/foglie_doro-progetto_eala_12.jpg\u00a0\u00bb,\u00a0\u00bblink\u00a0\u00bb:\u00a0\u00bbfr\/projects\/\u00a0\u00bb,\u00a0\u00bblink_text\u00a0\u00bb:\u00a0\u00bbD\u00e9couvrez les r\u00e9alisations\u00a0\u00bb,\u00a0\u00bbmedia_overlay\u00a0\u00bb:\u00a0\u00bbrgba(0, 0, 0, 0.45)\u00a0\u00bb,\u00a0\u00bbmeta\u00a0\u00bb:\u00a0\u00bbR\u00e9sidentiel, h\u00f4telier, commercial\u00a0\u00bb,\u00a0\u00bbstatus\u00a0\u00bb:\u00a0\u00bbdisabled\u00a0\u00bb,\u00a0\u00bbtitle\u00a0\u00bb:\u00a0\u00bbProjets\u00a0\u00bb}},{\u00ab\u00a0type\u00a0\u00bb:\u00a0\u00bbslideshow_item\u00a0\u00bb,\u00a0\u00bbprops\u00a0\u00bb:{\u00ab\u00a0content\u00a0\u00bb:\u00a0\u00bb<\/p>\n<p style=\\\"font-weight: 400;\\\"><span>Une cr\u00e9ation originale de Foglie d\u2019Oro, o\u00f9 le bois v\u00e9ritable rencontre d\u2019autres mat\u00e9riaux pr\u00e9cieux dans un design \u00e9l\u00e9gant et contemporain.<\/span><\/p>\n<p>\u00ab\u00a0,\u00a0\u00bbimage\u00a0\u00bb:\u00a0\u00bbhttps:\/\/fogliedoroparquet.com\/wp-content\/uploads\/2021\/02\/Woodinteriors-01-ingresso.jpg\u00a0\u00bb,\u00a0\u00bblink_text\u00a0\u00bb:\u00a0\u00bbD\u00e9couvrez Azalea\u00a0\u00bb,\u00a0\u00bbmedia_overlay\u00a0\u00bb:\u00a0\u00bbrgba(0, 0, 0, 0.45)\u00a0\u00bb,\u00a0\u00bbmeta\u00a0\u00bb:\u00a0\u00bbLe parquet modulaire le plus appr\u00e9ci\u00e9 (et le plus copi\u00e9)\u00a0\u00bb,\u00a0\u00bbstatus\u00a0\u00bb:\u00a0\u00bbdisabled\u00a0\u00bb,\u00a0\u00bbtitle\u00a0\u00bb:\u00a0\u00bbAzalea\u00a0\u00bb},\u00a0\u00bbsource\u00a0\u00bb:{\u00ab\u00a0query\u00a0\u00bb:{\u00ab\u00a0name\u00a0\u00bb:\u00a0\u00bbpages.customPage\u00a0\u00bb,\u00a0\u00bbarguments\u00a0\u00bb:{\u00ab\u00a0users\u00a0\u00bb:[],\u00a0\u00bbusers_operator\u00a0\u00bb:\u00a0\u00bbIN\u00a0\u00bb,\u00a0\u00bboffset\u00a0\u00bb:0,\u00a0\u00bborder\u00a0\u00bb:\u00a0\u00bbdate\u00a0\u00bb,\u00a0\u00bborder_direction\u00a0\u00bb:\u00a0\u00bbDESC\u00a0\u00bb,\u00a0\u00bbid\u00a0\u00bb:28571}},\u00a0\u00bbprops\u00a0\u00bb:{\u00ab\u00a0link\u00a0\u00bb:{\u00ab\u00a0name\u00a0\u00bb:\u00a0\u00bblink\u00a0\u00bb}}}},{\u00ab\u00a0type\u00a0\u00bb:\u00a0\u00bbslideshow_item\u00a0\u00bb,\u00a0\u00bbprops\u00a0\u00bb:{\u00ab\u00a0content\u00a0\u00bb:\u00a0\u00bb<\/p>\n<p style=\\\"font-weight: 400;\\\"><span>D\u2019innombrables combinaisons possibles, une personnalisation avanc\u00e9e des finitions :\\nle parquet modulaire Matita est une id\u00e9e forte, en constante \u00e9volution.<\/span><\/p>\n<p>\u00ab\u00a0,\u00a0\u00bbimage\u00a0\u00bb:\u00a0\u00bbwp-content\/uploads\/2024\/07\/Matita_3.jpeg\u00a0\u00bb,\u00a0\u00bblink_text\u00a0\u00bb:\u00a0\u00bbD\u00e9couvrez Matita\u00a0\u00bb,\u00a0\u00bbmedia_overlay\u00a0\u00bb:\u00a0\u00bbrgba(0, 0, 0, 0.45)\u00a0\u00bb,\u00a0\u00bbmeta\u00a0\u00bb:\u00a0\u00bbLe syst\u00e8me modulaire innovant\u00a0\u00bb,\u00a0\u00bbstatus\u00a0\u00bb:\u00a0\u00bbdisabled\u00a0\u00bb,\u00a0\u00bbtitle\u00a0\u00bb:\u00a0\u00bbCollection Matita\u00a0\u00bb},\u00a0\u00bbsource\u00a0\u00bb:{\u00ab\u00a0query\u00a0\u00bb:{\u00ab\u00a0name\u00a0\u00bb:\u00a0\u00bbcategorias.customCategoria\u00a0\u00bb,\u00a0\u00bbarguments\u00a0\u00bb:{\u00ab\u00a0id\u00a0\u00bb:535}},\u00a0\u00bbprops\u00a0\u00bb:{\u00ab\u00a0link\u00a0\u00bb:{\u00ab\u00a0name\u00a0\u00bb:\u00a0\u00bblink\u00a0\u00bb}}}},{\u00ab\u00a0type\u00a0\u00bb:\u00a0\u00bbslideshow_item\u00a0\u00bb,\u00a0\u00bbprops\u00a0\u00bb:{\u00ab\u00a0content\u00a0\u00bb:\u00a0\u00bb\u00a0\u00bb,\u00a0\u00bbimage\u00a0\u00bb:\u00a0\u00bbwp-content\/uploads\/2025\/03\/AB-collezione_LIFE-Francoforte_uomo.jpg\u00a0\u00bb,\u00a0\u00bblink\u00a0\u00bb:\u00a0\u00bb#\u00a0\u00bb,\u00a0\u00bblink_text\u00a0\u00bb:\u00a0\u00bbScopri di pi\u00f9\u00a0\u00bb,\u00a0\u00bbmedia_overlay\u00a0\u00bb:\u00a0\u00bbrgba(66, 66, 71, 0.2)\u00a0\u00bb,\u00a0\u00bbmeta\u00a0\u00bb:\u00a0\u00bbAmbienti Completi\u00a0\u00bb,\u00a0\u00bbstatus\u00a0\u00bb:\u00a0\u00bbdisabled\u00a0\u00bb,\u00a0\u00bbtitle\u00a0\u00bb:\u00a0\u00bbItalian Wood Interiors\u00a0\u00bb}}],\u00a0\u00bbprops\u00a0\u00bb:{\u00ab\u00a0content_style\u00a0\u00bb:\u00a0\u00bbtext-lead\u00a0\u00bb,\u00a0\u00bbcss\u00a0\u00bb:\u00a0\u00bb.el-content{max-width: 1000px;}\\n\\n@media only screen and (max-width:640px){\\n\\t.el-content{max-width: 90%;\\n    text-align:center;\\n    margin-left:5%;\\n    font-size:20px}\\n}\\n\/* stile banner salone del mobile 25 \\n.el-item:nth-child(1) .uk-position-cover{    background-color: transparent!important;}\\n.el-item:nth-child(1) .el-overlay{position:absolute;bottom:10vh;height:auto;text-align:center;}\\n.el-item:nth-child(1) .el-title{font-size:1.5em;}\\n\\n@media screen and (max-width:767px){\\n    .el-item:nth-child(1) .el-title{font-size:1em;}\\n} *\/\u00a0\u00bb,\u00a0\u00bbheight_viewport\u00a0\u00bb:\u00a0\u00bbviewport\u00a0\u00bb,\u00a0\u00bbimage_width\u00a0\u00bb:\u00a0\u00bb2560&Prime;,\u00a0\u00bblink_margin\u00a0\u00bb:\u00a0\u00bbmedium\u00a0\u00bb,\u00a0\u00bblink_size\u00a0\u00bb:\u00a0\u00bblarge\u00a0\u00bb,\u00a0\u00bblink_style\u00a0\u00bb:\u00a0\u00bbprimary\u00a0\u00bb,\u00a0\u00bblink_text\u00a0\u00bb:\u00a0\u00bbRead more\u00a0\u00bb,\u00a0\u00bbmargin_bottom\u00a0\u00bb:\u00a0\u00bbremove\u00a0\u00bb,\u00a0\u00bbmargin_top\u00a0\u00bb:\u00a0\u00bbremove\u00a0\u00bb,\u00a0\u00bbmeta_align\u00a0\u00bb:\u00a0\u00bbabove-title\u00a0\u00bb,\u00a0\u00bbmeta_element\u00a0\u00bb:\u00a0\u00bbdiv\u00a0\u00bb,\u00a0\u00bbmeta_margin\u00a0\u00bb:\u00a0\u00bbsmall\u00a0\u00bb,\u00a0\u00bbmeta_style\u00a0\u00bb:\u00a0\u00bbh5&Prime;,\u00a0\u00bbnav\u00a0\u00bb:\u00a0\u00bbdotnav\u00a0\u00bb,\u00a0\u00bbnav_align\u00a0\u00bb:\u00a0\u00bbcenter\u00a0\u00bb,\u00a0\u00bbnav_below\u00a0\u00bb:false,\u00a0\u00bbnav_breakpoint\u00a0\u00bb:\u00a0\u00bb\u00a0\u00bb,\u00a0\u00bbnav_position\u00a0\u00bb:\u00a0\u00bbbottom-center\u00a0\u00bb,\u00a0\u00bbnav_position_margin\u00a0\u00bb:\u00a0\u00bbsmall\u00a0\u00bb,\u00a0\u00bbnav_vertical\u00a0\u00bb:false,\u00a0\u00bboverlay_animation\u00a0\u00bb:\u00a0\u00bbparallax\u00a0\u00bb,\u00a0\u00bboverlay_container\u00a0\u00bb:\u00a0\u00bbdefault\u00a0\u00bb,\u00a0\u00bboverlay_margin\u00a0\u00bb:\u00a0\u00bbnone\u00a0\u00bb,\u00a0\u00bboverlay_padding\u00a0\u00bb:\u00a0\u00bblarge\u00a0\u00bb,\u00a0\u00bboverlay_position\u00a0\u00bb:\u00a0\u00bbcenter\u00a0\u00bb,\u00a0\u00bbshow_content\u00a0\u00bb:true,\u00a0\u00bbshow_link\u00a0\u00bb:true,\u00a0\u00bbshow_meta\u00a0\u00bb:true,\u00a0\u00bbshow_thumbnail\u00a0\u00bb:true,\u00a0\u00bbshow_title\u00a0\u00bb:true,\u00a0\u00bbslidenav\u00a0\u00bb:\u00a0\u00bb\u00a0\u00bb,\u00a0\u00bbslidenav_breakpoint\u00a0\u00bb:\u00a0\u00bbm\u00a0\u00bb,\u00a0\u00bbslidenav_hover\u00a0\u00bb:false,\u00a0\u00bbslidenav_large\u00a0\u00bb:false,\u00a0\u00bbslidenav_margin\u00a0\u00bb:\u00a0\u00bblarge\u00a0\u00bb,\u00a0\u00bbslidenav_outside_breakpoint\u00a0\u00bb:\u00a0\u00bbxl\u00a0\u00bb,\u00a0\u00bbslideshow_animation\u00a0\u00bb:\u00a0\u00bbpull\u00a0\u00bb,\u00a0\u00bbslideshow_autoplay\u00a0\u00bb:true,\u00a0\u00bbslideshow_autoplay_interval\u00a0\u00bb:\u00a0\u00bb6&Prime;,\u00a0\u00bbslideshow_autoplay_pause\u00a0\u00bb:false,\u00a0\u00bbslideshow_min_height\u00a0\u00bb:\u00a0\u00bb600&Prime;,\u00a0\u00bbtext_align\u00a0\u00bb:\u00a0\u00bbcenter\u00a0\u00bb,\u00a0\u00bbtext_align_fallback\u00a0\u00bb:\u00a0\u00bbcenter\u00a0\u00bb,\u00a0\u00bbtext_color\u00a0\u00bb:\u00a0\u00bblight\u00a0\u00bb,\u00a0\u00bbthumbnav_height\u00a0\u00bb:\u00a0\u00bb75&Prime;,\u00a0\u00bbthumbnav_svg_color\u00a0\u00bb:\u00a0\u00bbemphasis\u00a0\u00bb,\u00a0\u00bbthumbnav_width\u00a0\u00bb:\u00a0\u00bb100&Prime;,\u00a0\u00bbtitle_element\u00a0\u00bb:\u00a0\u00bbh2&Prime;,\u00a0\u00bbtitle_hover_style\u00a0\u00bb:\u00a0\u00bbreset\u00a0\u00bb,\u00a0\u00bbtitle_margin\u00a0\u00bb:\u00a0\u00bbsmall\u00a0\u00bb,\u00a0\u00bbtitle_style\u00a0\u00bb:\u00a0\u00bbheading-large\u00a0\u00bb,\u00a0\u00bbvisibility\u00a0\u00bb:\u00a0\u00bbm\u00a0\u00bb}},{\u00ab\u00a0name\u00a0\u00bb:\u00a0\u00bbHome &#8211; Slideshow Mobile\u00a0\u00bb,\u00a0\u00bbtype\u00a0\u00bb:\u00a0\u00bbslideshow\u00a0\u00bb,\u00a0\u00bbchildren\u00a0\u00bb:[{\u00ab\u00a0type\u00a0\u00bb:\u00a0\u00bbslideshow_item\u00a0\u00bb,\u00a0\u00bbprops\u00a0\u00bb:{\u00ab\u00a0content\u00a0\u00bb:\u00a0\u00bbThank you for being with us at Salone del Mobile.Milano 2026.<br \/> Explore all the new products presented during the fair.\\n<!--\n\n<p><strong>Hall 14 Stand D47, 21\u201326 April 2026 <\/strong><\/p>\n\n-->\u00ab\u00a0,\u00a0\u00bbimage\u00a0\u00bb:\u00a0\u00bbwp-content\/uploads\/2026\/04\/salone-del-mobile-milano-2026-stand-foglie-doro.2026.jpg\u00a0\u00bb,\u00a0\u00bbimage_alt\u00a0\u00bb:\u00a0\u00bbFoglie d\u2019Oro e Arte Brotto stand at Salone del Mobile Milano featuring wood boiserie, geometric parquet flooring, 3D surfaces and interior design solutions\u00a0\u00bb,\u00a0\u00bblink\u00a0\u00bb:\u00a0\u00bben\/salone-del-mobile-2026&Prime;,\u00a0\u00bblink_text\u00a0\u00bb:\u00a0\u00bbEn savoir plus\u00a0\u00bb,\u00a0\u00bbmedia_overlay\u00a0\u00bb:\u00a0\u00bbrgba(0, 0, 0, 0.45)\u00a0\u00bb,\u00a0\u00bbmeta\u00a0\u00bb:\u00a0\u00bb<img src=\\\"\/wp-content\/uploads\/2025\/04\/logo-salone_2023.png\\\" width=\\\"170\\\" height=\\\"auto\\\" class=\\\"aligncenter\\\" \/>\u00ab\u00a0,\u00a0\u00bbthumbnail\u00a0\u00bb:\u00a0\u00bb\u00a0\u00bb,\u00a0\u00bbtitle\u00a0\u00bb:\u00a0\u00bbSHAPED <em>over <\/em>TIME\u00a0\u00bb}},{\u00ab\u00a0type\u00a0\u00bb:\u00a0\u00bbslideshow_item\u00a0\u00bb,\u00a0\u00bbprops\u00a0\u00bb:{\u00ab\u00a0media_overlay\u00a0\u00bb:\u00a0\u00bbrgba(0, 0, 0, 0.45)\u00a0\u00bb},\u00a0\u00bbsource\u00a0\u00bb:{\u00ab\u00a0query\u00a0\u00bb:{\u00ab\u00a0name\u00a0\u00bb:\u00a0\u00bbpages.singlePage\u00a0\u00bb,\u00a0\u00bbfield\u00a0\u00bb:{\u00ab\u00a0name\u00a0\u00bb:\u00a0\u00bbfield.slider_hero_homepage\u00a0\u00bb,\u00a0\u00bbdirectives\u00a0\u00bb:[{\u00ab\u00a0name\u00a0\u00bb:\u00a0\u00bbslice\u00a0\u00bb,\u00a0\u00bbarguments\u00a0\u00bb:{\u00ab\u00a0offset\u00a0\u00bb:0}}]}},\u00a0\u00bbprops\u00a0\u00bb:{\u00ab\u00a0link\u00a0\u00bb:{\u00ab\u00a0name\u00a0\u00bb:\u00a0\u00bburl_bottone_slider_homepage\u00a0\u00bb},\u00a0\u00bbimage\u00a0\u00bb:{\u00ab\u00a0name\u00a0\u00bb:\u00a0\u00bbimmagine_slider_homepage.url\u00a0\u00bb},\u00a0\u00bbimage_alt\u00a0\u00bb:{\u00ab\u00a0name\u00a0\u00bb:\u00a0\u00bbimmagine_slider_homepage.alt\u00a0\u00bb},\u00a0\u00bbtitle\u00a0\u00bb:{\u00ab\u00a0name\u00a0\u00bb:\u00a0\u00bbtitolo_slider_homepage\u00a0\u00bb},\u00a0\u00bbmeta\u00a0\u00bb:{\u00ab\u00a0name\u00a0\u00bb:\u00a0\u00bbsovratitolo_slider_homepage\u00a0\u00bb},\u00a0\u00bbcontent\u00a0\u00bb:{\u00ab\u00a0name\u00a0\u00bb:\u00a0\u00bbsottotitolo_slider_homepage\u00a0\u00bb},\u00a0\u00bblink_text\u00a0\u00bb:{\u00ab\u00a0name\u00a0\u00bb:\u00a0\u00bbtesto_bottone_slider_homepage\u00a0\u00bb}}}},{\u00ab\u00a0type\u00a0\u00bb:\u00a0\u00bbslideshow_item\u00a0\u00bb,\u00a0\u00bbprops\u00a0\u00bb:{\u00ab\u00a0content\u00a0\u00bb:\u00a0\u00bb\u00a0\u00bb,\u00a0\u00bbimage\u00a0\u00bb:\u00a0\u00bbwp-content\/uploads\/2025\/04\/AB-landingpage-mobile-1.webp\u00a0\u00bb,\u00a0\u00bblink\u00a0\u00bb:\u00a0\u00bbfr\/salone-del-mobile-2025\/\u00a0\u00bb,\u00a0\u00bblink_text\u00a0\u00bb:\u00a0\u00bbEn savoir plus\u00a0\u00bb,\u00a0\u00bbmedia_overlay\u00a0\u00bb:\u00a0\u00bbrgba(0, 0, 0, 0.45)\u00a0\u00bb,\u00a0\u00bbmeta\u00a0\u00bb:\u00a0\u00bb<img src=\\\"\/wp-content\/uploads\/2025\/04\/logo-salone_2023.png\\\" width=\\\"200\\\" height=\\\"auto\\\" class=\\\"aligncenter\\\" \/>\u00ab\u00a0,\u00a0\u00bbstatus\u00a0\u00bb:\u00a0\u00bbdisabled\u00a0\u00bb,\u00a0\u00bbthumbnail\u00a0\u00bb:\u00a0\u00bb\u00a0\u00bb,\u00a0\u00bbtitle\u00a0\u00bb:\u00a0\u00bb8-13 Avril 2025 <br \/>Hall 14, Stand D47&Prime;}},{\u00ab\u00a0type\u00a0\u00bb:\u00a0\u00bbslideshow_item\u00a0\u00bb,\u00a0\u00bbprops\u00a0\u00bb:{\u00ab\u00a0content\u00a0\u00bb:\u00a0\u00bbDes modules permettant de cr\u00e9er, \u00e0 travers des motifs g\u00e9om\u00e9triques, des parquets \u00e0 l\u2019esprit\u00a0\u00bb,\u00a0\u00bbimage\u00a0\u00bb:\u00a0\u00bb\/wp-content\/uploads\/2025\/05\/09_AMB_06-1.webp\u00a0\u00bb,\u00a0\u00bblink_text\u00a0\u00bb:\u00a0\u00bbD\u00e9couvrez\u00a0\u00bb,\u00a0\u00bbmedia_overlay\u00a0\u00bb:\u00a0\u00bbrgba(0, 0, 0, 0.3)\u00a0\u00bb,\u00a0\u00bbmeta\u00a0\u00bb:\u00a0\u00bbParquets modules Design\u00a0\u00bb,\u00a0\u00bbstatus\u00a0\u00bb:\u00a0\u00bbdisabled\u00a0\u00bb,\u00a0\u00bbtitle\u00a0\u00bb:\u00a0\u00bbLes modules Design\u00a0\u00bb},\u00a0\u00bbsource\u00a0\u00bb:{\u00ab\u00a0query\u00a0\u00bb:{\u00ab\u00a0name\u00a0\u00bb:\u00a0\u00bbcategorias.customCategoria\u00a0\u00bb,\u00a0\u00bbarguments\u00a0\u00bb:{\u00ab\u00a0id\u00a0\u00bb:532}},\u00a0\u00bbprops\u00a0\u00bb:{\u00ab\u00a0link\u00a0\u00bb:{\u00ab\u00a0name\u00a0\u00bb:\u00a0\u00bblink\u00a0\u00bb}}}},{\u00ab\u00a0type\u00a0\u00bb:\u00a0\u00bbslideshow_item\u00a0\u00bb,\u00a0\u00bbprops\u00a0\u00bb:{\u00ab\u00a0content\u00a0\u00bb:\u00a0\u00bbLes parquets, les boiseries et les solutions sur mesure r\u00e9alis\u00e9es par Foglie d\u2019Oro en collaboration avec les concepteurs et les clients pour des espaces exclusifs, dans le monde entier.\u00a0\u00bb,\u00a0\u00bbimage\u00a0\u00bb:\u00a0\u00bbhttps:\/\/fogliedoroparquet.com\/wp-content\/uploads\/2022\/05\/foglie_doro-progetto_eala_12.jpg\u00a0\u00bb,\u00a0\u00bblink\u00a0\u00bb:\u00a0\u00bb\/fr\/projects\/\u00a0\u00bb,\u00a0\u00bblink_text\u00a0\u00bb:\u00a0\u00bbD\u00e9couvrez les r\u00e9alisations\u00a0\u00bb,\u00a0\u00bbmedia_overlay\u00a0\u00bb:\u00a0\u00bbrgba(0, 0, 0, 0.45)\u00a0\u00bb,\u00a0\u00bbmeta\u00a0\u00bb:\u00a0\u00bbR\u00e9sidentiel, h\u00f4telier, commercial\u00a0\u00bb,\u00a0\u00bbstatus\u00a0\u00bb:\u00a0\u00bbdisabled\u00a0\u00bb,\u00a0\u00bbtitle\u00a0\u00bb:\u00a0\u00bbProjets\u00a0\u00bb}},{\u00ab\u00a0type\u00a0\u00bb:\u00a0\u00bbslideshow_item\u00a0\u00bb,\u00a0\u00bbprops\u00a0\u00bb:{\u00ab\u00a0content\u00a0\u00bb:\u00a0\u00bbUne cr\u00e9ation originale de Foglie d\u2019Oro, o\u00f9 le bois v\u00e9ritable rencontre d\u2019autres mat\u00e9riaux pr\u00e9cieux dans un design \u00e9l\u00e9gant et contemporain.\u00a0\u00bb,\u00a0\u00bbimage\u00a0\u00bb:\u00a0\u00bbhttps:\/\/fogliedoroparquet.com\/wp-content\/uploads\/2021\/02\/Woodinteriors-01-ingresso.jpg\u00a0\u00bb,\u00a0\u00bblink_text\u00a0\u00bb:\u00a0\u00bbD\u00e9couvrez Azalea\u00a0\u00bb,\u00a0\u00bbmedia_overlay\u00a0\u00bb:\u00a0\u00bbrgba(0, 0, 0, 0.45)\u00a0\u00bb,\u00a0\u00bbmeta\u00a0\u00bb:\u00a0\u00bbLe parquet modulaire le plus appr\u00e9ci\u00e9 <br \/>(et le plus copi\u00e9)\u00a0\u00bb,\u00a0\u00bbstatus\u00a0\u00bb:\u00a0\u00bbdisabled\u00a0\u00bb,\u00a0\u00bbtitle\u00a0\u00bb:\u00a0\u00bbAzalea\u00a0\u00bb},\u00a0\u00bbsource\u00a0\u00bb:{\u00ab\u00a0query\u00a0\u00bb:{\u00ab\u00a0name\u00a0\u00bb:\u00a0\u00bbpages.customPage\u00a0\u00bb,\u00a0\u00bbarguments\u00a0\u00bb:{\u00ab\u00a0users\u00a0\u00bb:[],\u00a0\u00bbusers_operator\u00a0\u00bb:\u00a0\u00bbIN\u00a0\u00bb,\u00a0\u00bboffset\u00a0\u00bb:0,\u00a0\u00bborder\u00a0\u00bb:\u00a0\u00bbdate\u00a0\u00bb,\u00a0\u00bborder_direction\u00a0\u00bb:\u00a0\u00bbDESC\u00a0\u00bb,\u00a0\u00bbid\u00a0\u00bb:25410}},\u00a0\u00bbprops\u00a0\u00bb:{\u00ab\u00a0link\u00a0\u00bb:{\u00ab\u00a0name\u00a0\u00bb:\u00a0\u00bblink\u00a0\u00bb}}}},{\u00ab\u00a0type\u00a0\u00bb:\u00a0\u00bbslideshow_item\u00a0\u00bb,\u00a0\u00bbprops\u00a0\u00bb:{\u00ab\u00a0content\u00a0\u00bb:\u00a0\u00bbD\u2019innombrables combinaisons possibles, une personnalisation avanc\u00e9e des finitions : le parquet modulaire Matita est une id\u00e9e forte, en constante \u00e9volution.\u00a0\u00bb,\u00a0\u00bbimage\u00a0\u00bb:\u00a0\u00bbwp-content\/uploads\/2024\/07\/Matita_3.jpeg\u00a0\u00bb,\u00a0\u00bblink_text\u00a0\u00bb:\u00a0\u00bbD\u00e9couvrez Azalea\u00a0\u00bb,\u00a0\u00bbmedia_overlay\u00a0\u00bb:\u00a0\u00bbrgba(0, 0, 0, 0.45)\u00a0\u00bb,\u00a0\u00bbmeta\u00a0\u00bb:\u00a0\u00bbLe syst\u00e8me modulaire innovant\u00a0\u00bb,\u00a0\u00bbstatus\u00a0\u00bb:\u00a0\u00bbdisabled\u00a0\u00bb,\u00a0\u00bbtitle\u00a0\u00bb:\u00a0\u00bbCollection Matita\u00a0\u00bb},\u00a0\u00bbsource\u00a0\u00bb:{\u00ab\u00a0query\u00a0\u00bb:{\u00ab\u00a0name\u00a0\u00bb:\u00a0\u00bbcategorias.customCategoria\u00a0\u00bb,\u00a0\u00bbarguments\u00a0\u00bb:{\u00ab\u00a0id\u00a0\u00bb:203}},\u00a0\u00bbprops\u00a0\u00bb:{\u00ab\u00a0link\u00a0\u00bb:{\u00ab\u00a0name\u00a0\u00bb:\u00a0\u00bblink\u00a0\u00bb}}}}],\u00a0\u00bbprops\u00a0\u00bb:{\u00ab\u00a0content_margin\u00a0\u00bb:\u00a0\u00bbsmall\u00a0\u00bb,\u00a0\u00bbcss\u00a0\u00bb:\u00a0\u00bb.el-content{max-width: 1000px;}\\n.el-item > .uk-position-cover{transform: scale(1)!important;}\\n\\n@media only screen and (max-width:640px){\\n\\t.el-content{max-width: 90%;\\n        color:white;\\n    text-align:center;\\n    margin-left:5%;\\n    font-size:20px}\\n}\\n\/* stile banner salone del mobile 25 \\n.el-item:nth-child(1) .uk-position-cover{    background-color: transparent!important;}\\n.el-item:nth-child(1) .el-overlay{position:absolute;bottom:10vh;height:auto;text-align:center;}\\n.el-item:nth-child(1) .el-title{font-size:1.5em;}\\n\\n@media screen and (max-width:767px){\\n    .el-item:nth-child(1) .el-title{font-size:0.9em;}\\n} *\/\u00a0\u00bb,\u00a0\u00bbheight_viewport\u00a0\u00bb:\u00a0\u00bbviewport\u00a0\u00bb,\u00a0\u00bblink_style\u00a0\u00bb:\u00a0\u00bbprimary\u00a0\u00bb,\u00a0\u00bblink_text\u00a0\u00bb:\u00a0\u00bbRead more\u00a0\u00bb,\u00a0\u00bbmargin_bottom\u00a0\u00bb:\u00a0\u00bbremove\u00a0\u00bb,\u00a0\u00bbmargin_top\u00a0\u00bb:\u00a0\u00bbremove\u00a0\u00bb,\u00a0\u00bbmeta_align\u00a0\u00bb:\u00a0\u00bbabove-title\u00a0\u00bb,\u00a0\u00bbmeta_element\u00a0\u00bb:\u00a0\u00bbdiv\u00a0\u00bb,\u00a0\u00bbmeta_margin\u00a0\u00bb:\u00a0\u00bbsmall\u00a0\u00bb,\u00a0\u00bbmeta_style\u00a0\u00bb:\u00a0\u00bbh5&Prime;,\u00a0\u00bbnav\u00a0\u00bb:\u00a0\u00bbdotnav\u00a0\u00bb,\u00a0\u00bbnav_align\u00a0\u00bb:\u00a0\u00bbcenter\u00a0\u00bb,\u00a0\u00bbnav_below\u00a0\u00bb:false,\u00a0\u00bbnav_breakpoint\u00a0\u00bb:\u00a0\u00bb\u00a0\u00bb,\u00a0\u00bbnav_position\u00a0\u00bb:\u00a0\u00bbbottom-center\u00a0\u00bb,\u00a0\u00bbnav_position_margin\u00a0\u00bb:\u00a0\u00bbmedium\u00a0\u00bb,\u00a0\u00bbnav_vertical\u00a0\u00bb:false,\u00a0\u00bboverlay_animation\u00a0\u00bb:\u00a0\u00bbparallax\u00a0\u00bb,\u00a0\u00bboverlay_container\u00a0\u00bb:\u00a0\u00bbdefault\u00a0\u00bb,\u00a0\u00bboverlay_container_padding\u00a0\u00bb:\u00a0\u00bbxsmall\u00a0\u00bb,\u00a0\u00bboverlay_margin\u00a0\u00bb:\u00a0\u00bbnone\u00a0\u00bb,\u00a0\u00bboverlay_padding\u00a0\u00bb:\u00a0\u00bblarge\u00a0\u00bb,\u00a0\u00bboverlay_position\u00a0\u00bb:\u00a0\u00bbcenter\u00a0\u00bb,\u00a0\u00bbshow_content\u00a0\u00bb:true,\u00a0\u00bbshow_link\u00a0\u00bb:true,\u00a0\u00bbshow_meta\u00a0\u00bb:true,\u00a0\u00bbshow_thumbnail\u00a0\u00bb:true,\u00a0\u00bbshow_title\u00a0\u00bb:true,\u00a0\u00bbslidenav\u00a0\u00bb:\u00a0\u00bbbottom-right\u00a0\u00bb,\u00a0\u00bbslidenav_breakpoint\u00a0\u00bb:\u00a0\u00bbm\u00a0\u00bb,\u00a0\u00bbslidenav_hover\u00a0\u00bb:false,\u00a0\u00bbslidenav_large\u00a0\u00bb:false,\u00a0\u00bbslidenav_margin\u00a0\u00bb:\u00a0\u00bblarge\u00a0\u00bb,\u00a0\u00bbslidenav_outside_breakpoint\u00a0\u00bb:\u00a0\u00bbxl\u00a0\u00bb,\u00a0\u00bbslideshow_animation\u00a0\u00bb:\u00a0\u00bbpush\u00a0\u00bb,\u00a0\u00bbslideshow_autoplay\u00a0\u00bb:true,\u00a0\u00bbslideshow_autoplay_interval\u00a0\u00bb:\u00a0\u00bb6&Prime;,\u00a0\u00bbslideshow_autoplay_pause\u00a0\u00bb:false,\u00a0\u00bbslideshow_min_height\u00a0\u00bb:\u00a0\u00bb\u00a0\u00bb,\u00a0\u00bbtext_align\u00a0\u00bb:\u00a0\u00bbcenter\u00a0\u00bb,\u00a0\u00bbtext_align_fallback\u00a0\u00bb:\u00a0\u00bbcenter\u00a0\u00bb,\u00a0\u00bbtext_color\u00a0\u00bb:\u00a0\u00bblight\u00a0\u00bb,\u00a0\u00bbthumbnav_height\u00a0\u00bb:\u00a0\u00bb75&Prime;,\u00a0\u00bbthumbnav_svg_color\u00a0\u00bb:\u00a0\u00bbemphasis\u00a0\u00bb,\u00a0\u00bbthumbnav_width\u00a0\u00bb:\u00a0\u00bb100&Prime;,\u00a0\u00bbtitle_element\u00a0\u00bb:\u00a0\u00bbh2&Prime;,\u00a0\u00bbtitle_hover_style\u00a0\u00bb:\u00a0\u00bbreset\u00a0\u00bb,\u00a0\u00bbtitle_margin\u00a0\u00bb:\u00a0\u00bbsmall\u00a0\u00bb,\u00a0\u00bbtitle_style\u00a0\u00bb:\u00a0\u00bbh1&Prime;,\u00a0\u00bbvisibility\u00a0\u00bb:\u00a0\u00bbhidden-m\u00a0\u00bb}}]}]}],\u00a0\u00bbname\u00a0\u00bb:\u00a0\u00bbHero\u00a0\u00bb},{\u00ab\u00a0type\u00a0\u00bb:\u00a0\u00bbsection\u00a0\u00bb,\u00a0\u00bbprops\u00a0\u00bb:{\u00ab\u00a0animation\u00a0\u00bb:\u00a0\u00bbslide-bottom-medium\u00a0\u00bb,\u00a0\u00bbanimation_delay\u00a0\u00bb:\u00a0\u00bb200&Prime;,\u00a0\u00bbimage_position\u00a0\u00bb:\u00a0\u00bbcenter-center\u00a0\u00bb,\u00a0\u00bbpadding_bottom\u00a0\u00bb:\u00a0\u00bblarge\u00a0\u00bb,\u00a0\u00bbpadding_top\u00a0\u00bb:\u00a0\u00bblarge\u00a0\u00bb,\u00a0\u00bbstyle\u00a0\u00bb:\u00a0\u00bbsecondary\u00a0\u00bb,\u00a0\u00bbtitle_breakpoint\u00a0\u00bb:\u00a0\u00bbxl\u00a0\u00bb,\u00a0\u00bbtitle_position\u00a0\u00bb:\u00a0\u00bbtop-left\u00a0\u00bb,\u00a0\u00bbtitle_rotation\u00a0\u00bb:\u00a0\u00bbleft\u00a0\u00bb,\u00a0\u00bbvertical_align\u00a0\u00bb:\u00a0\u00bb\u00a0\u00bb,\u00a0\u00bbwidth\u00a0\u00bb:\u00a0\u00bb\u00a0\u00bb},\u00a0\u00bbchildren\u00a0\u00bb:[{\u00ab\u00a0type\u00a0\u00bb:\u00a0\u00bbrow\u00a0\u00bb,\u00a0\u00bbprops\u00a0\u00bb:{\u00ab\u00a0margin_bottom\u00a0\u00bb:\u00a0\u00bbmedium\u00a0\u00bb,\u00a0\u00bbmargin_top\u00a0\u00bb:\u00a0\u00bbmedium\u00a0\u00bb,\u00a0\u00bbwidth\u00a0\u00bb:\u00a0\u00bbxlarge\u00a0\u00bb},\u00a0\u00bbchildren\u00a0\u00bb:[{\u00ab\u00a0type\u00a0\u00bb:\u00a0\u00bbcolumn\u00a0\u00bb,\u00a0\u00bbprops\u00a0\u00bb:{\u00ab\u00a0image_position\u00a0\u00bb:\u00a0\u00bbcenter-center\u00a0\u00bb,\u00a0\u00bbposition_sticky_breakpoint\u00a0\u00bb:\u00a0\u00bbm\u00a0\u00bb,\u00a0\u00bbvertical_align\u00a0\u00bb:\u00a0\u00bbmiddle\u00a0\u00bb},\u00a0\u00bbchildren\u00a0\u00bb:[{\u00ab\u00a0type\u00a0\u00bb:\u00a0\u00bbheadline\u00a0\u00bb,\u00a0\u00bbprops\u00a0\u00bb:{\u00ab\u00a0content\u00a0\u00bb:\u00a0\u00bbNos Parquets en Bois\u00a0\u00bb,\u00a0\u00bbimage_align\u00a0\u00bb:\u00a0\u00bbleft\u00a0\u00bb,\u00a0\u00bbimage_margin\u00a0\u00bb:\u00a0\u00bbxsmall\u00a0\u00bb,\u00a0\u00bbmargin_bottom\u00a0\u00bb:\u00a0\u00bbdefault\u00a0\u00bb,\u00a0\u00bbmargin_top\u00a0\u00bb:\u00a0\u00bbremove\u00a0\u00bb,\u00a0\u00bbtext_align\u00a0\u00bb:\u00a0\u00bbleft\u00a0\u00bb,\u00a0\u00bbtitle_element\u00a0\u00bb:\u00a0\u00bbh2&Prime;,\u00a0\u00bbtitle_style\u00a0\u00bb:\u00a0\u00bbheading-small\u00a0\u00bb}},{\u00ab\u00a0type\u00a0\u00bb:\u00a0\u00bbtext\u00a0\u00bb,\u00a0\u00bbprops\u00a0\u00bb:{\u00ab\u00a0animation\u00a0\u00bb:\u00a0\u00bbslide-bottom-medium\u00a0\u00bb,\u00a0\u00bbcolumn_breakpoint\u00a0\u00bb:\u00a0\u00bbm\u00a0\u00bb,\u00a0\u00bbcontent\u00a0\u00bb:\u00a0\u00bbFoglie d\u2019Oro con\u00e7oit et produit une large gamme de parquets en bois de Noyer et de Ch\u00eane &#8211; \u00e0 lames, en chevron, modulaires -, n\u00e9s de la cr\u00e9ativit\u00e9 du bureau technique interne ou en collaboration avec des architectes et des designers de renomm\u00e9e internationale. De plus, elle met \u00e0 disposition son savoir-faire pour r\u00e9aliser des parquets sur mesure, \u00e0 partir du dessin du concepteur, afin de satisfaire les moindres d\u00e9sirs du client.\u00a0\u00bb,\u00a0\u00bbmargin_bottom\u00a0\u00bb:\u00a0\u00bbdefault\u00a0\u00bb,\u00a0\u00bbmargin_top\u00a0\u00bb:\u00a0\u00bbdefault\u00a0\u00bb,\u00a0\u00bbtext_align\u00a0\u00bb:\u00a0\u00bbleft\u00a0\u00bb,\u00a0\u00bbtext_style\u00a0\u00bb:\u00a0\u00bblarge\u00a0\u00bb,\u00a0\u00bbvisibility\u00a0\u00bb:\u00a0\u00bbm\u00a0\u00bb}}]}]},{\u00ab\u00a0type\u00a0\u00bb:\u00a0\u00bbrow\u00a0\u00bb,\u00a0\u00bbprops\u00a0\u00bb:{\u00ab\u00a0height_viewport\u00a0\u00bb:50,\u00a0\u00bbmargin_bottom\u00a0\u00bb:\u00a0\u00bbmedium\u00a0\u00bb,\u00a0\u00bbmargin_top\u00a0\u00bb:\u00a0\u00bbmedium\u00a0\u00bb,\u00a0\u00bbwidth\u00a0\u00bb:\u00a0\u00bbxlarge\u00a0\u00bb},\u00a0\u00bbchildren\u00a0\u00bb:[{\u00ab\u00a0type\u00a0\u00bb:\u00a0\u00bbcolumn\u00a0\u00bb,\u00a0\u00bbprops\u00a0\u00bb:{\u00ab\u00a0image_position\u00a0\u00bb:\u00a0\u00bbcenter-center\u00a0\u00bb,\u00a0\u00bbposition_sticky_breakpoint\u00a0\u00bb:\u00a0\u00bbm\u00a0\u00bb},\u00a0\u00bbchildren\u00a0\u00bb:[{\u00ab\u00a0type\u00a0\u00bb:\u00a0\u00bbgallery\u00a0\u00bb,\u00a0\u00bbprops\u00a0\u00bb:{\u00ab\u00a0filter_align\u00a0\u00bb:\u00a0\u00bbleft\u00a0\u00bb,\u00a0\u00bbfilter_all\u00a0\u00bb:true,\u00a0\u00bbfilter_grid_breakpoint\u00a0\u00bb:\u00a0\u00bbm\u00a0\u00bb,\u00a0\u00bbfilter_grid_width\u00a0\u00bb:\u00a0\u00bbauto\u00a0\u00bb,\u00a0\u00bbfilter_position\u00a0\u00bb:\u00a0\u00bbtop\u00a0\u00bb,\u00a0\u00bbfilter_style\u00a0\u00bb:\u00a0\u00bbtab\u00a0\u00bb,\u00a0\u00bbgrid_column_gap\u00a0\u00bb:\u00a0\u00bbsmall\u00a0\u00bb,\u00a0\u00bbgrid_default\u00a0\u00bb:\u00a0\u00bb2&Prime;,\u00a0\u00bbgrid_medium\u00a0\u00bb:\u00a0\u00bb3&Prime;,\u00a0\u00bbgrid_row_gap\u00a0\u00bb:\u00a0\u00bbsmall\u00a0\u00bb,\u00a0\u00bbimage_height\u00a0\u00bb:1200,\u00a0\u00bbimage_width\u00a0\u00bb:1200,\u00a0\u00bbitem_animation\u00a0\u00bb:true,\u00a0\u00bblightbox_bg_close\u00a0\u00bb:true,\u00a0\u00bblink_margin\u00a0\u00bb:\u00a0\u00bbmedium\u00a0\u00bb,\u00a0\u00bblink_style\u00a0\u00bb:\u00a0\u00bbdefault\u00a0\u00bb,\u00a0\u00bblink_text\u00a0\u00bb:\u00a0\u00bb\u00a0\u00bb,\u00a0\u00bbmargin_bottom\u00a0\u00bb:\u00a0\u00bbdefault\u00a0\u00bb,\u00a0\u00bbmargin_top\u00a0\u00bb:\u00a0\u00bbdefault\u00a0\u00bb,\u00a0\u00bbmeta_align\u00a0\u00bb:\u00a0\u00bbabove-title\u00a0\u00bb,\u00a0\u00bbmeta_element\u00a0\u00bb:\u00a0\u00bbdiv\u00a0\u00bb,\u00a0\u00bbmeta_style\u00a0\u00bb:\u00a0\u00bbtext-small\u00a0\u00bb,\u00a0\u00bboverlay_hover\u00a0\u00bb:true,\u00a0\u00bboverlay_link\u00a0\u00bb:true,\u00a0\u00bboverlay_mode\u00a0\u00bb:\u00a0\u00bbcover\u00a0\u00bb,\u00a0\u00bboverlay_position\u00a0\u00bb:\u00a0\u00bbcenter\u00a0\u00bb,\u00a0\u00bboverlay_style\u00a0\u00bb:\u00a0\u00bboverlay-primary\u00a0\u00bb,\u00a0\u00bboverlay_transition\u00a0\u00bb:\u00a0\u00bbslide-bottom-medium\u00a0\u00bb,\u00a0\u00bboverlay_transition_background\u00a0\u00bb:true,\u00a0\u00bbshow_content\u00a0\u00bb:true,\u00a0\u00bbshow_hover_image\u00a0\u00bb:true,\u00a0\u00bbshow_hover_video\u00a0\u00bb:true,\u00a0\u00bbshow_link\u00a0\u00bb:true,\u00a0\u00bbshow_meta\u00a0\u00bb:true,\u00a0\u00bbshow_title\u00a0\u00bb:true,\u00a0\u00bbtext_align\u00a0\u00bb:\u00a0\u00bbcenter\u00a0\u00bb,\u00a0\u00bbtext_color\u00a0\u00bb:\u00a0\u00bblight\u00a0\u00bb,\u00a0\u00bbtitle_element\u00a0\u00bb:\u00a0\u00bbh3&Prime;,\u00a0\u00bbtitle_hover_style\u00a0\u00bb:\u00a0\u00bbreset\u00a0\u00bb,\u00a0\u00bbtitle_margin\u00a0\u00bb:\u00a0\u00bbremove\u00a0\u00bb,\u00a0\u00bbtitle_style\u00a0\u00bb:\u00a0\u00bbh3&Prime;},\u00a0\u00bbchildren\u00a0\u00bb:[{\u00ab\u00a0type\u00a0\u00bb:\u00a0\u00bbgallery_item\u00a0\u00bb,\u00a0\u00bbprops\u00a0\u00bb:{\u00ab\u00a0image\u00a0\u00bb:\u00a0\u00bbhttps:\/\/fogliedoroparquet.com\/wp-content\/uploads\/foto_dettaglio_prodotto_slide\/20\/1.jpg\u00a0\u00bb,\u00a0\u00bbmedia_overlay\u00a0\u00bb:\u00a0\u00bbrgba(0, 0, 0, 0.4)\u00a0\u00bb,\u00a0\u00bbmeta\u00a0\u00bb:\u00a0\u00bbLES LAMES\u00a0\u00bb,\u00a0\u00bbtitle\u00a0\u00bb:\u00a0\u00bbLames\u00a0\u00bb},\u00a0\u00bbsource\u00a0\u00bb:{\u00ab\u00a0query\u00a0\u00bb:{\u00ab\u00a0name\u00a0\u00bb:\u00a0\u00bbcategorias.customCategoria\u00a0\u00bb,\u00a0\u00bbarguments\u00a0\u00bb:{\u00ab\u00a0id\u00a0\u00bb:536}},\u00a0\u00bbprops\u00a0\u00bb:{\u00ab\u00a0link\u00a0\u00bb:{\u00ab\u00a0name\u00a0\u00bb:\u00a0\u00bblink\u00a0\u00bb}}}},{\u00ab\u00a0type\u00a0\u00bb:\u00a0\u00bbgallery_item\u00a0\u00bb,\u00a0\u00bbprops\u00a0\u00bb:{\u00ab\u00a0image\u00a0\u00bb:\u00a0\u00bbhttps:\/\/fogliedoroparquet.com\/wp-content\/uploads\/2020\/06\/doghe-antique-ca-pisani-ambient.jpg\u00a0\u00bb,\u00a0\u00bbmedia_overlay\u00a0\u00bb:\u00a0\u00bbrgba(0, 0, 0, 0.35)\u00a0\u00bb,\u00a0\u00bbmeta\u00a0\u00bb:\u00a0\u00bbLES LAMES\u00a0\u00bb,\u00a0\u00bbtitle\u00a0\u00bb:\u00a0\u00bbAntique\u00a0\u00bb},\u00a0\u00bbsource\u00a0\u00bb:{\u00ab\u00a0query\u00a0\u00bb:{\u00ab\u00a0name\u00a0\u00bb:\u00a0\u00bbcategorias.customCategoria\u00a0\u00bb,\u00a0\u00bbarguments\u00a0\u00bb:{\u00ab\u00a0id\u00a0\u00bb:524}},\u00a0\u00bbprops\u00a0\u00bb:{\u00ab\u00a0link\u00a0\u00bb:{\u00ab\u00a0name\u00a0\u00bb:\u00a0\u00bblink\u00a0\u00bb}}}},{\u00ab\u00a0type\u00a0\u00bb:\u00a0\u00bbgallery_item\u00a0\u00bb,\u00a0\u00bbprops\u00a0\u00bb:{\u00ab\u00a0image\u00a0\u00bb:\u00a0\u00bbhttps:\/\/fogliedoroparquet.com\/wp-content\/uploads\/foto_dettaglio_prodotto_slide\/97\/8.jpg\u00a0\u00bb,\u00a0\u00bbmedia_overlay\u00a0\u00bb:\u00a0\u00bbrgba(0, 0, 0, 0.35)\u00a0\u00bb,\u00a0\u00bbmeta\u00a0\u00bb:\u00a0\u00bbLES LAMES\u00a0\u00bb,\u00a0\u00bbtitle\u00a0\u00bb:\u00a0\u00bbJumbo Floor\u00a0\u00bb},\u00a0\u00bbsource\u00a0\u00bb:{\u00ab\u00a0query\u00a0\u00bb:{\u00ab\u00a0name\u00a0\u00bb:\u00a0\u00bbcategorias.customCategoria\u00a0\u00bb,\u00a0\u00bbarguments\u00a0\u00bb:{\u00ab\u00a0id\u00a0\u00bb:525}},\u00a0\u00bbprops\u00a0\u00bb:{\u00ab\u00a0link\u00a0\u00bb:{\u00ab\u00a0name\u00a0\u00bb:\u00a0\u00bblink\u00a0\u00bb}}}},{\u00ab\u00a0type\u00a0\u00bb:\u00a0\u00bbgallery_item\u00a0\u00bb,\u00a0\u00bbprops\u00a0\u00bb:{\u00ab\u00a0image\u00a0\u00bb:\u00a0\u00bbhttps:\/\/fogliedoroparquet.com\/wp-content\/uploads\/foto_dettaglio_prodotto_slide\/211\/1.jpg\u00a0\u00bb,\u00a0\u00bbmedia_overlay\u00a0\u00bb:\u00a0\u00bbrgba(0, 0, 0, 0.4)\u00a0\u00bb,\u00a0\u00bbmeta\u00a0\u00bb:\u00a0\u00bbCHEVRONS\u00a0\u00bb,\u00a0\u00bbtitle\u00a0\u00bb:\u00a0\u00bbHerringbone 90\u00b0\u00a0\u00bb},\u00a0\u00bbsource\u00a0\u00bb:{\u00ab\u00a0query\u00a0\u00bb:{\u00ab\u00a0name\u00a0\u00bb:\u00a0\u00bbcategorias.customCategoria\u00a0\u00bb,\u00a0\u00bbarguments\u00a0\u00bb:{\u00ab\u00a0id\u00a0\u00bb:528}},\u00a0\u00bbprops\u00a0\u00bb:{\u00ab\u00a0link\u00a0\u00bb:{\u00ab\u00a0name\u00a0\u00bb:\u00a0\u00bblink\u00a0\u00bb}}}},{\u00ab\u00a0type\u00a0\u00bb:\u00a0\u00bbgallery_item\u00a0\u00bb,\u00a0\u00bbprops\u00a0\u00bb:{\u00ab\u00a0image\u00a0\u00bb:\u00a0\u00bbhttps:\/\/fogliedoroparquet.com\/wp-content\/uploads\/2020\/06\/spine-chevron-ca-foscolo-dettaglio-ambient.jpg\u00a0\u00bb,\u00a0\u00bbmedia_overlay\u00a0\u00bb:\u00a0\u00bbrgba(0, 0, 0, 0.35)\u00a0\u00bb,\u00a0\u00bbmeta\u00a0\u00bb:\u00a0\u00bbCHEVRONS\u00a0\u00bb,\u00a0\u00bbtitle\u00a0\u00bb:\u00a0\u00bbChevron 45\u00b0\u00a0\u00bb},\u00a0\u00bbsource\u00a0\u00bb:{\u00ab\u00a0query\u00a0\u00bb:{\u00ab\u00a0name\u00a0\u00bb:\u00a0\u00bbcategorias.customCategoria\u00a0\u00bb,\u00a0\u00bbarguments\u00a0\u00bb:{\u00ab\u00a0id\u00a0\u00bb:527}},\u00a0\u00bbprops\u00a0\u00bb:{\u00ab\u00a0link\u00a0\u00bb:{\u00ab\u00a0name\u00a0\u00bb:\u00a0\u00bblink\u00a0\u00bb}}}},{\u00ab\u00a0type\u00a0\u00bb:\u00a0\u00bbgallery_item\u00a0\u00bb,\u00a0\u00bbprops\u00a0\u00bb:{\u00ab\u00a0image\u00a0\u00bb:\u00a0\u00bbhttps:\/\/fogliedoroparquet.com\/wp-content\/uploads\/2020\/06\/spine-speciali-maxi-chevron-ca-pisani-ambient.jpg\u00a0\u00bb,\u00a0\u00bbmedia_overlay\u00a0\u00bb:\u00a0\u00bbrgba(0, 0, 0, 0.25)\u00a0\u00bb,\u00a0\u00bbmeta\u00a0\u00bb:\u00a0\u00bbCHEVRONS\u00a0\u00bb,\u00a0\u00bbtitle\u00a0\u00bb:\u00a0\u00bbChevrons Speciaux\u00a0\u00bb},\u00a0\u00bbsource\u00a0\u00bb:{\u00ab\u00a0query\u00a0\u00bb:{\u00ab\u00a0name\u00a0\u00bb:\u00a0\u00bbcategorias.customCategoria\u00a0\u00bb,\u00a0\u00bbarguments\u00a0\u00bb:{\u00ab\u00a0id\u00a0\u00bb:529}},\u00a0\u00bbprops\u00a0\u00bb:{\u00ab\u00a0link\u00a0\u00bb:{\u00ab\u00a0name\u00a0\u00bb:\u00a0\u00bblink\u00a0\u00bb}}}},{\u00ab\u00a0type\u00a0\u00bb:\u00a0\u00bbgallery_item\u00a0\u00bb,\u00a0\u00bbprops\u00a0\u00bb:{\u00ab\u00a0image\u00a0\u00bb:\u00a0\u00bbwp-content\/uploads\/2024\/12\/01-INGRESSO.jpg\u00a0\u00bb,\u00a0\u00bbimage_focal_point\u00a0\u00bb:\u00a0\u00bbbottom-center\u00a0\u00bb,\u00a0\u00bbmedia_overlay\u00a0\u00bb:\u00a0\u00bbrgba(0, 0, 0, 0.45)\u00a0\u00bb,\u00a0\u00bbmeta\u00a0\u00bb:\u00a0\u00bbLES MODULES\u00a0\u00bb,\u00a0\u00bbtitle\u00a0\u00bb:\u00a0\u00bbLes module Azalea\u00a0\u00bb},\u00a0\u00bbsource\u00a0\u00bb:{\u00ab\u00a0query\u00a0\u00bb:{\u00ab\u00a0name\u00a0\u00bb:\u00a0\u00bbcategorias.customCategoria\u00a0\u00bb,\u00a0\u00bbarguments\u00a0\u00bb:{\u00ab\u00a0id\u00a0\u00bb:531}},\u00a0\u00bbprops\u00a0\u00bb:{\u00ab\u00a0link\u00a0\u00bb:{\u00ab\u00a0name\u00a0\u00bb:\u00a0\u00bblink\u00a0\u00bb}}}},{\u00ab\u00a0type\u00a0\u00bb:\u00a0\u00bbgallery_item\u00a0\u00bb,\u00a0\u00bbprops\u00a0\u00bb:{\u00ab\u00a0image\u00a0\u00bb:\u00a0\u00bbwp-content\/uploads\/2024\/11\/Modulo_design-SOUL-Ca_Magno-2.jpg\u00a0\u00bb,\u00a0\u00bbimage_focal_point\u00a0\u00bb:\u00a0\u00bbbottom-center\u00a0\u00bb,\u00a0\u00bbmedia_overlay\u00a0\u00bb:\u00a0\u00bbrgba(0, 0, 0, 0.45)\u00a0\u00bb,\u00a0\u00bbmeta\u00a0\u00bb:\u00a0\u00bbLES MODULES\u00a0\u00bb,\u00a0\u00bbtitle\u00a0\u00bb:\u00a0\u00bbLes modules Design\u00a0\u00bb},\u00a0\u00bbsource\u00a0\u00bb:{\u00ab\u00a0query\u00a0\u00bb:{\u00ab\u00a0name\u00a0\u00bb:\u00a0\u00bbcategorias.customCategoria\u00a0\u00bb,\u00a0\u00bbarguments\u00a0\u00bb:{\u00ab\u00a0id\u00a0\u00bb:532}},\u00a0\u00bbprops\u00a0\u00bb:{\u00ab\u00a0link\u00a0\u00bb:{\u00ab\u00a0name\u00a0\u00bb:\u00a0\u00bblink\u00a0\u00bb}}}},{\u00ab\u00a0type\u00a0\u00bb:\u00a0\u00bbgallery_item\u00a0\u00bb,\u00a0\u00bbprops\u00a0\u00bb:{\u00ab\u00a0image\u00a0\u00bb:\u00a0\u00bbhttps:\/\/fogliedoroparquet.com\/wp-content\/uploads\/2020\/08\/heritage-milano-ambient.jpg\u00a0\u00bb,\u00a0\u00bbimage_focal_point\u00a0\u00bb:\u00a0\u00bbbottom-center\u00a0\u00bb,\u00a0\u00bbmedia_overlay\u00a0\u00bb:\u00a0\u00bbrgba(0, 0, 0, 0.45)\u00a0\u00bb,\u00a0\u00bbmeta\u00a0\u00bb:\u00a0\u00bbLES MODULES\u00a0\u00bb,\u00a0\u00bbtitle\u00a0\u00bb:\u00a0\u00bbLes modules Heritage\u00a0\u00bb},\u00a0\u00bbsource\u00a0\u00bb:{\u00ab\u00a0query\u00a0\u00bb:{\u00ab\u00a0name\u00a0\u00bb:\u00a0\u00bbcategorias.customCategoria\u00a0\u00bb,\u00a0\u00bbarguments\u00a0\u00bb:{\u00ab\u00a0id\u00a0\u00bb:534}},\u00a0\u00bbprops\u00a0\u00bb:{\u00ab\u00a0link\u00a0\u00bb:{\u00ab\u00a0name\u00a0\u00bb:\u00a0\u00bblink\u00a0\u00bb}}}},{\u00ab\u00a0type\u00a0\u00bb:\u00a0\u00bbgallery_item\u00a0\u00bb,\u00a0\u00bbprops\u00a0\u00bb:{\u00ab\u00a0image\u00a0\u00bb:\u00a0\u00bbhttps:\/\/fogliedoroparquet.com\/wp-content\/uploads\/2022\/03\/Layout351-Ca-Bassano_acciaio.jpg\u00a0\u00bb,\u00a0\u00bbimage_focal_point\u00a0\u00bb:\u00a0\u00bbbottom-center\u00a0\u00bb,\u00a0\u00bbmedia_overlay\u00a0\u00bb:\u00a0\u00bbrgba(0, 0, 0, 0.45)\u00a0\u00bb,\u00a0\u00bbmeta\u00a0\u00bb:\u00a0\u00bbBY DESIGNERS\u00a0\u00bb,\u00a0\u00bbtitle\u00a0\u00bb:\u00a0\u00bbElementa, by Marco Piva\u00a0\u00bb},\u00a0\u00bbsource\u00a0\u00bb:{\u00ab\u00a0query\u00a0\u00bb:{\u00ab\u00a0name\u00a0\u00bb:\u00a0\u00bbcategorias.customCategoria\u00a0\u00bb,\u00a0\u00bbarguments\u00a0\u00bb:{\u00ab\u00a0id\u00a0\u00bb:533}},\u00a0\u00bbprops\u00a0\u00bb:{\u00ab\u00a0link\u00a0\u00bb:{\u00ab\u00a0name\u00a0\u00bb:\u00a0\u00bblink\u00a0\u00bb}}}},{\u00ab\u00a0type\u00a0\u00bb:\u00a0\u00bbgallery_item\u00a0\u00bb,\u00a0\u00bbprops\u00a0\u00bb:{\u00ab\u00a0image\u00a0\u00bb:\u00a0\u00bbhttps:\/\/fogliedoroparquet.com\/wp-content\/uploads\/2021\/09\/Matita-112_122-Ca-Nadal_Fior-di-Pesco-Marble_1.jpg\u00a0\u00bb,\u00a0\u00bbimage_focal_point\u00a0\u00bb:\u00a0\u00bbbottom-center\u00a0\u00bb,\u00a0\u00bbmedia_overlay\u00a0\u00bb:\u00a0\u00bbrgba(0, 0, 0, 0.45)\u00a0\u00bb,\u00a0\u00bbmeta\u00a0\u00bb:\u00a0\u00bbBY DESIGNERS\u00a0\u00bb,\u00a0\u00bbtitle\u00a0\u00bb:\u00a0\u00bbMatita, by Fabio Rotella\u00a0\u00bb},\u00a0\u00bbsource\u00a0\u00bb:{\u00ab\u00a0query\u00a0\u00bb:{\u00ab\u00a0name\u00a0\u00bb:\u00a0\u00bbcategorias.customCategoria\u00a0\u00bb,\u00a0\u00bbarguments\u00a0\u00bb:{\u00ab\u00a0id\u00a0\u00bb:535}},\u00a0\u00bbprops\u00a0\u00bb:{\u00ab\u00a0link\u00a0\u00bb:{\u00ab\u00a0name\u00a0\u00bb:\u00a0\u00bblink\u00a0\u00bb}}}},{\u00ab\u00a0type\u00a0\u00bb:\u00a0\u00bbgallery_item\u00a0\u00bb,\u00a0\u00bbprops\u00a0\u00bb:{\u00ab\u00a0image\u00a0\u00bb:\u00a0\u00bbwp-content\/uploads\/2024\/12\/2-I-Casa-Fonzone-I-Napoli-I-2023-I-\u252c\u00aeCarloOriente2023.jpg\u00a0\u00bb,\u00a0\u00bbimage_focal_point\u00a0\u00bb:\u00a0\u00bbbottom-center\u00a0\u00bb,\u00a0\u00bbmedia_overlay\u00a0\u00bb:\u00a0\u00bbrgba(0, 0, 0, 0.45)\u00a0\u00bb,\u00a0\u00bbmeta\u00a0\u00bb:\u00a0\u00bb\u00a0\u00bb,\u00a0\u00bbtitle\u00a0\u00bb:\u00a0\u00bbBespoke\u00a0\u00bb},\u00a0\u00bbsource\u00a0\u00bb:{\u00ab\u00a0query\u00a0\u00bb:{\u00ab\u00a0name\u00a0\u00bb:\u00a0\u00bbpages.customPage\u00a0\u00bb,\u00a0\u00bbarguments\u00a0\u00bb:{\u00ab\u00a0users\u00a0\u00bb:[],\u00a0\u00bbusers_operator\u00a0\u00bb:\u00a0\u00bbIN\u00a0\u00bb,\u00a0\u00bboffset\u00a0\u00bb:0,\u00a0\u00bborder\u00a0\u00bb:\u00a0\u00bbdate\u00a0\u00bb,\u00a0\u00bborder_direction\u00a0\u00bb:\u00a0\u00bbDESC\u00a0\u00bb,\u00a0\u00bbid\u00a0\u00bb:28649}},\u00a0\u00bbprops\u00a0\u00bb:{\u00ab\u00a0link\u00a0\u00bb:{\u00ab\u00a0name\u00a0\u00bb:\u00a0\u00bblink\u00a0\u00bb}}}}]},{\u00ab\u00a0type\u00a0\u00bb:\u00a0\u00bbbutton\u00a0\u00bb,\u00a0\u00bbprops\u00a0\u00bb:{\u00ab\u00a0button_size\u00a0\u00bb:\u00a0\u00bblarge\u00a0\u00bb,\u00a0\u00bbgrid_column_gap\u00a0\u00bb:\u00a0\u00bbsmall\u00a0\u00bb,\u00a0\u00bbgrid_row_gap\u00a0\u00bb:\u00a0\u00bbsmall\u00a0\u00bb,\u00a0\u00bbmargin_bottom\u00a0\u00bb:\u00a0\u00bbremove\u00a0\u00bb,\u00a0\u00bbmargin_top\u00a0\u00bb:\u00a0\u00bbdefault\u00a0\u00bb,\u00a0\u00bbtext_align\u00a0\u00bb:\u00a0\u00bbcenter\u00a0\u00bb},\u00a0\u00bbchildren\u00a0\u00bb:[{\u00ab\u00a0type\u00a0\u00bb:\u00a0\u00bbbutton_item\u00a0\u00bb,\u00a0\u00bbprops\u00a0\u00bb:{\u00ab\u00a0button_style\u00a0\u00bb:\u00a0\u00bbtext\u00a0\u00bb,\u00a0\u00bbcontent\u00a0\u00bb:\u00a0\u00bbD\u00e9couvrez tous les parquets\u00a0\u00bb,\u00a0\u00bbdialog_layout\u00a0\u00bb:\u00a0\u00bbmodal\u00a0\u00bb,\u00a0\u00bbdialog_offcanvas_flip\u00a0\u00bb:true,\u00a0\u00bbicon_align\u00a0\u00bb:\u00a0\u00bbleft\u00a0\u00bb},\u00a0\u00bbsource\u00a0\u00bb:{\u00ab\u00a0query\u00a0\u00bb:{\u00ab\u00a0name\u00a0\u00bb:\u00a0\u00bbpages.customPage\u00a0\u00bb,\u00a0\u00bbarguments\u00a0\u00bb:{\u00ab\u00a0users\u00a0\u00bb:[],\u00a0\u00bbusers_operator\u00a0\u00bb:\u00a0\u00bbIN\u00a0\u00bb,\u00a0\u00bboffset\u00a0\u00bb:0,\u00a0\u00bborder\u00a0\u00bb:\u00a0\u00bbdate\u00a0\u00bb,\u00a0\u00bborder_direction\u00a0\u00bb:\u00a0\u00bbDESC\u00a0\u00bb,\u00a0\u00bbid\u00a0\u00bb:28593}},\u00a0\u00bbprops\u00a0\u00bb:{\u00ab\u00a0link\u00a0\u00bb:{\u00ab\u00a0name\u00a0\u00bb:\u00a0\u00bblink\u00a0\u00bb}}}}]}]}]}],\u00a0\u00bbname\u00a0\u00bb:\u00a0\u00bbPavimenti\u00a0\u00bb},{\u00ab\u00a0type\u00a0\u00bb:\u00a0\u00bbsection\u00a0\u00bb,\u00a0\u00bbprops\u00a0\u00bb:{\u00ab\u00a0animation\u00a0\u00bb:\u00a0\u00bbfade\u00a0\u00bb,\u00a0\u00bbanimation_delay\u00a0\u00bb:\u00a0\u00bb200&Prime;,\u00a0\u00bbheader_transparent\u00a0\u00bb:false,\u00a0\u00bbheader_transparent_noplaceholder\u00a0\u00bb:false,\u00a0\u00bbimage\u00a0\u00bb:\u00a0\u00bb\/wp-content\/uploads\/2025\/05\/2024_NEW_YORK_SCALA.webp\u00a0\u00bb,\u00a0\u00bbimage_effect\u00a0\u00bb:\u00a0\u00bbparallax\u00a0\u00bb,\u00a0\u00bbimage_loading\u00a0\u00bb:true,\u00a0\u00bbimage_parallax_bgy\u00a0\u00bb:\u00a0\u00bb40vh\u00a0\u00bb,\u00a0\u00bbimage_position\u00a0\u00bb:\u00a0\u00bbtop-center\u00a0\u00bb,\u00a0\u00bbimage_size\u00a0\u00bb:\u00a0\u00bbcover\u00a0\u00bb,\u00a0\u00bbimage_width\u00a0\u00bb:\u00a0\u00bb2560&Prime;,\u00a0\u00bbmedia_overlay\u00a0\u00bb:\u00a0\u00bbrgba(0, 0, 0, 0.75)\u00a0\u00bb,\u00a0\u00bbmedia_overlay_parallax_opacity\u00a0\u00bb:\u00a0\u00bb0,1&Prime;,\u00a0\u00bbpadding_bottom\u00a0\u00bb:\u00a0\u00bbxlarge\u00a0\u00bb,\u00a0\u00bbpadding_top\u00a0\u00bb:\u00a0\u00bbxlarge\u00a0\u00bb,\u00a0\u00bbpreserve_color\u00a0\u00bb:false,\u00a0\u00bbstyle\u00a0\u00bb:\u00a0\u00bbdefault\u00a0\u00bb,\u00a0\u00bbtext_color\u00a0\u00bb:\u00a0\u00bblight\u00a0\u00bb,\u00a0\u00bbtitle_breakpoint\u00a0\u00bb:\u00a0\u00bbxl\u00a0\u00bb,\u00a0\u00bbtitle_position\u00a0\u00bb:\u00a0\u00bbtop-left\u00a0\u00bb,\u00a0\u00bbtitle_rotation\u00a0\u00bb:\u00a0\u00bbleft\u00a0\u00bb,\u00a0\u00bbvertical_align\u00a0\u00bb:\u00a0\u00bb\u00a0\u00bb,\u00a0\u00bbwidth\u00a0\u00bb:\u00a0\u00bbexpand\u00a0\u00bb},\u00a0\u00bbchildren\u00a0\u00bb:[{\u00ab\u00a0type\u00a0\u00bb:\u00a0\u00bbrow\u00a0\u00bb,\u00a0\u00bbchildren\u00a0\u00bb:[{\u00ab\u00a0type\u00a0\u00bb:\u00a0\u00bbcolumn\u00a0\u00bb,\u00a0\u00bbprops\u00a0\u00bb:{\u00ab\u00a0image_position\u00a0\u00bb:\u00a0\u00bbcenter-center\u00a0\u00bb,\u00a0\u00bbposition_sticky_breakpoint\u00a0\u00bb:\u00a0\u00bbm\u00a0\u00bb,\u00a0\u00bbvertical_align\u00a0\u00bb:\u00a0\u00bbmiddle\u00a0\u00bb},\u00a0\u00bbchildren\u00a0\u00bb:[{\u00ab\u00a0type\u00a0\u00bb:\u00a0\u00bbheadline\u00a0\u00bb,\u00a0\u00bbprops\u00a0\u00bb:{\u00ab\u00a0animation\u00a0\u00bb:\u00a0\u00bbslide-left-medium\u00a0\u00bb,\u00a0\u00bbcontent\u00a0\u00bb:\u00a0\u00bbDes espaces <br \/>Complets <br \/>Et sur mesure\\n\\n\u00a0\u00bb,\u00a0\u00bbimage_align\u00a0\u00bb:\u00a0\u00bbleft\u00a0\u00bb,\u00a0\u00bbimage_margin\u00a0\u00bb:\u00a0\u00bbxsmall\u00a0\u00bb,\u00a0\u00bbtitle_element\u00a0\u00bb:\u00a0\u00bbh2&Prime;,\u00a0\u00bbtitle_style\u00a0\u00bb:\u00a0\u00bbheading-medium\u00a0\u00bb,\u00a0\u00bbvisibility\u00a0\u00bb:\u00a0\u00bbs\u00a0\u00bb}},{\u00ab\u00a0type\u00a0\u00bb:\u00a0\u00bbheadline\u00a0\u00bb,\u00a0\u00bbprops\u00a0\u00bb:{\u00ab\u00a0animation\u00a0\u00bb:\u00a0\u00bbnone\u00a0\u00bb,\u00a0\u00bbcontent\u00a0\u00bb:\u00a0\u00bbDes espaces <br \/>Complets <br \/>Et sur mesure\u00a0\u00bb,\u00a0\u00bbcss\u00a0\u00bb:\u00a0\u00bb@media screen and (max-width: 768px) {\\n  .el-element{padding: 50px 0px;}\\n}\u00a0\u00bb,\u00a0\u00bbimage_align\u00a0\u00bb:\u00a0\u00bbleft\u00a0\u00bb,\u00a0\u00bbimage_margin\u00a0\u00bb:\u00a0\u00bbxsmall\u00a0\u00bb,\u00a0\u00bbmargin_bottom\u00a0\u00bb:\u00a0\u00bblarge\u00a0\u00bb,\u00a0\u00bbmargin_top\u00a0\u00bb:\u00a0\u00bblarge\u00a0\u00bb,\u00a0\u00bbtitle_element\u00a0\u00bb:\u00a0\u00bbh1&Prime;,\u00a0\u00bbtitle_style\u00a0\u00bb:\u00a0\u00bbheading-large\u00a0\u00bb,\u00a0\u00bbvisibility\u00a0\u00bb:\u00a0\u00bbhidden-s\u00a0\u00bb}}]}],\u00a0\u00bbprops\u00a0\u00bb:{\u00ab\u00a0css\u00a0\u00bb:\u00a0\u00bb@media screen and (max-width: 900px) {\\n  .el-row .uk-panel{min-height: unset !important;}\\n}\u00a0\u00bb,\u00a0\u00bbheight_viewport_offset\u00a0\u00bb:true,\u00a0\u00bbmargin_bottom\u00a0\u00bb:\u00a0\u00bbremove\u00a0\u00bb,\u00a0\u00bbmargin_top\u00a0\u00bb:\u00a0\u00bbremove\u00a0\u00bb}},{\u00ab\u00a0type\u00a0\u00bb:\u00a0\u00bbrow\u00a0\u00bb,\u00a0\u00bbprops\u00a0\u00bb:{\u00ab\u00a0margin_bottom\u00a0\u00bb:\u00a0\u00bbremove\u00a0\u00bb,\u00a0\u00bbmargin_top\u00a0\u00bb:\u00a0\u00bbremove\u00a0\u00bb},\u00a0\u00bbchildren\u00a0\u00bb:[{\u00ab\u00a0type\u00a0\u00bb:\u00a0\u00bbcolumn\u00a0\u00bb,\u00a0\u00bbprops\u00a0\u00bb:{\u00ab\u00a0image_position\u00a0\u00bb:\u00a0\u00bbcenter-center\u00a0\u00bb,\u00a0\u00bbposition_sticky_breakpoint\u00a0\u00bb:\u00a0\u00bbm\u00a0\u00bb},\u00a0\u00bbchildren\u00a0\u00bb:[{\u00ab\u00a0type\u00a0\u00bb:\u00a0\u00bbheadline\u00a0\u00bb,\u00a0\u00bbprops\u00a0\u00bb:{\u00ab\u00a0animation\u00a0\u00bb:\u00a0\u00bbslide-left-medium\u00a0\u00bb,\u00a0\u00bbcontent\u00a0\u00bb:\u00a0\u00bb<\/p>\n<p style=\\\"font-weight: 400;\\\"><span>Du projet \u00e0 la pose. Gr\u00e2ce \u00e0 plus de 50 ans d\u2019exp\u00e9rience, \u00e0 la comp\u00e9tence de notre \u00e9quipe et au contr\u00f4le complet de la fili\u00e8re bois, nous sommes en mesure d\u2019accompagner les architectes et les d\u00e9corateurs d\u2019int\u00e9rieur dans la r\u00e9alisation d\u2019espaces sur mesure, \u00e0 la fois \u00e9l\u00e9gants, personnalis\u00e9s et durables.<\/span><\/p>\n<p>\u00ab\u00a0,\u00a0\u00bbimage_align\u00a0\u00bb:\u00a0\u00bbleft\u00a0\u00bb,\u00a0\u00bbimage_margin\u00a0\u00bb:\u00a0\u00bbxsmall\u00a0\u00bb,\u00a0\u00bbmargin_bottom\u00a0\u00bb:\u00a0\u00bbremove\u00a0\u00bb,\u00a0\u00bbmargin_top\u00a0\u00bb:\u00a0\u00bbxlarge\u00a0\u00bb,\u00a0\u00bbmaxwidth\u00a0\u00bb:\u00a0\u00bbxlarge\u00a0\u00bb,\u00a0\u00bbtitle_element\u00a0\u00bb:\u00a0\u00bbdiv\u00a0\u00bb,\u00a0\u00bbtitle_style\u00a0\u00bb:\u00a0\u00bbtext-large\u00a0\u00bb}},{\u00ab\u00a0type\u00a0\u00bb:\u00a0\u00bbbutton\u00a0\u00bb,\u00a0\u00bbprops\u00a0\u00bb:{\u00ab\u00a0animation\u00a0\u00bb:\u00a0\u00bbslide-bottom-small\u00a0\u00bb,\u00a0\u00bbbutton_size\u00a0\u00bb:\u00a0\u00bblarge\u00a0\u00bb,\u00a0\u00bbgrid_column_gap\u00a0\u00bb:\u00a0\u00bbsmall\u00a0\u00bb,\u00a0\u00bbgrid_row_gap\u00a0\u00bb:\u00a0\u00bbsmall\u00a0\u00bb,\u00a0\u00bbmargin_bottom\u00a0\u00bb:\u00a0\u00bb\u00a0\u00bb,\u00a0\u00bbmargin_top\u00a0\u00bb:\u00a0\u00bb\u00a0\u00bb},\u00a0\u00bbchildren\u00a0\u00bb:[{\u00ab\u00a0type\u00a0\u00bb:\u00a0\u00bbbutton_item\u00a0\u00bb,\u00a0\u00bbprops\u00a0\u00bb:{\u00ab\u00a0button_style\u00a0\u00bb:\u00a0\u00bbtext\u00a0\u00bb,\u00a0\u00bbcontent\u00a0\u00bb:\u00a0\u00bbD\u00e9couvrez comment\u00a0\u00bb,\u00a0\u00bbdialog_layout\u00a0\u00bb:\u00a0\u00bbmodal\u00a0\u00bb,\u00a0\u00bbdialog_offcanvas_flip\u00a0\u00bb:true,\u00a0\u00bbicon_align\u00a0\u00bb:\u00a0\u00bbleft\u00a0\u00bb},\u00a0\u00bbsource\u00a0\u00bb:{\u00ab\u00a0query\u00a0\u00bb:{\u00ab\u00a0name\u00a0\u00bb:\u00a0\u00bbpages.customPage\u00a0\u00bb,\u00a0\u00bbarguments\u00a0\u00bb:{\u00ab\u00a0users\u00a0\u00bb:[],\u00a0\u00bbusers_operator\u00a0\u00bb:\u00a0\u00bbIN\u00a0\u00bb,\u00a0\u00bboffset\u00a0\u00bb:0,\u00a0\u00bborder\u00a0\u00bb:\u00a0\u00bbdate\u00a0\u00bb,\u00a0\u00bborder_direction\u00a0\u00bb:\u00a0\u00bbDESC\u00a0\u00bb,\u00a0\u00bbid\u00a0\u00bb:28655}},\u00a0\u00bbprops\u00a0\u00bb:{\u00ab\u00a0link\u00a0\u00bb:{\u00ab\u00a0name\u00a0\u00bb:\u00a0\u00bblink\u00a0\u00bb}}}}]}]}]},{\u00ab\u00a0type\u00a0\u00bb:\u00a0\u00bbrow\u00a0\u00bb,\u00a0\u00bbprops\u00a0\u00bb:{\u00ab\u00a0css\u00a0\u00bb:\u00a0\u00bb@media(min-width: 1200px) {\\n    .el-row > * { margin-top: 30vh!important; }\\n}\u00a0\u00bb,\u00a0\u00bblayout\u00a0\u00bb:\u00a0\u00bb3-5,2-5&Prime;,\u00a0\u00bbmargin_bottom\u00a0\u00bb:\u00a0\u00bbxlarge\u00a0\u00bb,\u00a0\u00bbmargin_top\u00a0\u00bb:\u00a0\u00bbxlarge\u00a0\u00bb,\u00a0\u00bbrow_gap\u00a0\u00bb:\u00a0\u00bblarge\u00a0\u00bb,\u00a0\u00bbwidth\u00a0\u00bb:\u00a0\u00bbexpand\u00a0\u00bb},\u00a0\u00bbchildren\u00a0\u00bb:[{\u00ab\u00a0type\u00a0\u00bb:\u00a0\u00bbcolumn\u00a0\u00bb,\u00a0\u00bbprops\u00a0\u00bb:{\u00ab\u00a0image_position\u00a0\u00bb:\u00a0\u00bbcenter-center\u00a0\u00bb,\u00a0\u00bbposition_sticky_breakpoint\u00a0\u00bb:\u00a0\u00bbm\u00a0\u00bb,\u00a0\u00bbwidth_medium\u00a0\u00bb:\u00a0\u00bb3-5&Prime;}},{\u00ab\u00a0type\u00a0\u00bb:\u00a0\u00bbcolumn\u00a0\u00bb,\u00a0\u00bbprops\u00a0\u00bb:{\u00ab\u00a0image_position\u00a0\u00bb:\u00a0\u00bbcenter-center\u00a0\u00bb,\u00a0\u00bbposition_sticky_breakpoint\u00a0\u00bb:\u00a0\u00bbm\u00a0\u00bb,\u00a0\u00bbwidth_medium\u00a0\u00bb:\u00a0\u00bb2-5&Prime;},\u00a0\u00bbchildren\u00a0\u00bb:[{\u00ab\u00a0type\u00a0\u00bb:\u00a0\u00bbgrid\u00a0\u00bb,\u00a0\u00bbprops\u00a0\u00bb:{\u00ab\u00a0animation\u00a0\u00bb:\u00a0\u00bbslide-bottom-small\u00a0\u00bb,\u00a0\u00bbcontent_column_breakpoint\u00a0\u00bb:\u00a0\u00bbm\u00a0\u00bb,\u00a0\u00bbfilter_align\u00a0\u00bb:\u00a0\u00bbleft\u00a0\u00bb,\u00a0\u00bbfilter_all\u00a0\u00bb:true,\u00a0\u00bbfilter_grid_breakpoint\u00a0\u00bb:\u00a0\u00bbm\u00a0\u00bb,\u00a0\u00bbfilter_grid_width\u00a0\u00bb:\u00a0\u00bbauto\u00a0\u00bb,\u00a0\u00bbfilter_position\u00a0\u00bb:\u00a0\u00bbtop\u00a0\u00bb,\u00a0\u00bbfilter_style\u00a0\u00bb:\u00a0\u00bbtab\u00a0\u00bb,\u00a0\u00bbgrid_default\u00a0\u00bb:\u00a0\u00bb3&Prime;,\u00a0\u00bbgrid_medium\u00a0\u00bb:\u00a0\u00bb3&Prime;,\u00a0\u00bbimage_align\u00a0\u00bb:\u00a0\u00bbtop\u00a0\u00bb,\u00a0\u00bbimage_grid_breakpoint\u00a0\u00bb:\u00a0\u00bbm\u00a0\u00bb,\u00a0\u00bbimage_grid_width\u00a0\u00bb:\u00a0\u00bb1-2&Prime;,\u00a0\u00bbimage_height\u00a0\u00bb:\u00a0\u00bb50&Prime;,\u00a0\u00bbimage_svg_color\u00a0\u00bb:\u00a0\u00bbemphasis\u00a0\u00bb,\u00a0\u00bbimage_width\u00a0\u00bb:\u00a0\u00bb50&Prime;,\u00a0\u00bbitem_animation\u00a0\u00bb:true,\u00a0\u00bblightbox_bg_close\u00a0\u00bb:true,\u00a0\u00bblink_style\u00a0\u00bb:\u00a0\u00bbdefault\u00a0\u00bb,\u00a0\u00bblink_text\u00a0\u00bb:\u00a0\u00bbRead more\u00a0\u00bb,\u00a0\u00bbmargin_bottom\u00a0\u00bb:\u00a0\u00bbdefault\u00a0\u00bb,\u00a0\u00bbmargin_top\u00a0\u00bb:\u00a0\u00bbdefault\u00a0\u00bb,\u00a0\u00bbmeta_align\u00a0\u00bb:\u00a0\u00bbbelow-title\u00a0\u00bb,\u00a0\u00bbmeta_element\u00a0\u00bb:\u00a0\u00bbdiv\u00a0\u00bb,\u00a0\u00bbmeta_style\u00a0\u00bb:\u00a0\u00bbtext-meta\u00a0\u00bb,\u00a0\u00bbshow_content\u00a0\u00bb:true,\u00a0\u00bbshow_hover_image\u00a0\u00bb:true,\u00a0\u00bbshow_hover_video\u00a0\u00bb:true,\u00a0\u00bbshow_image\u00a0\u00bb:true,\u00a0\u00bbshow_link\u00a0\u00bb:true,\u00a0\u00bbshow_meta\u00a0\u00bb:true,\u00a0\u00bbshow_title\u00a0\u00bb:true,\u00a0\u00bbshow_video\u00a0\u00bb:true,\u00a0\u00bbstatus\u00a0\u00bb:\u00a0\u00bbdisabled\u00a0\u00bb,\u00a0\u00bbtitle_align\u00a0\u00bb:\u00a0\u00bbtop\u00a0\u00bb,\u00a0\u00bbtitle_element\u00a0\u00bb:\u00a0\u00bbh3&Prime;,\u00a0\u00bbtitle_grid_breakpoint\u00a0\u00bb:\u00a0\u00bbm\u00a0\u00bb,\u00a0\u00bbtitle_grid_width\u00a0\u00bb:\u00a0\u00bb1-2&Prime;,\u00a0\u00bbtitle_hover_style\u00a0\u00bb:\u00a0\u00bbreset\u00a0\u00bb,\u00a0\u00bbtitle_style\u00a0\u00bb:\u00a0\u00bbtext-meta\u00a0\u00bb},\u00a0\u00bbchildren\u00a0\u00bb:[{\u00ab\u00a0type\u00a0\u00bb:\u00a0\u00bbgrid_item\u00a0\u00bb,\u00a0\u00bbprops\u00a0\u00bb:{\u00ab\u00a0image\u00a0\u00bb:\u00a0\u00bbhttps:\/\/fogliedoroparquet.com\/wp-content\/uploads\/2020\/04\/color_icon.png\u00a0\u00bb,\u00a0\u00bbtitle\u00a0\u00bb:\u00a0\u00bbToutes les couleurs\u00a0\u00bb}},{\u00ab\u00a0type\u00a0\u00bb:\u00a0\u00bbgrid_item\u00a0\u00bb,\u00a0\u00bbprops\u00a0\u00bb:{\u00ab\u00a0image\u00a0\u00bb:\u00a0\u00bbhttps:\/\/fogliedoroparquet.com\/wp-content\/uploads\/2020\/04\/dimension_icon.png\u00a0\u00bb,\u00a0\u00bbtitle\u00a0\u00bb:\u00a0\u00bbToutes les dimensions\u00a0\u00bb}},{\u00ab\u00a0type\u00a0\u00bb:\u00a0\u00bbgrid_item\u00a0\u00bb,\u00a0\u00bbprops\u00a0\u00bb:{\u00ab\u00a0image\u00a0\u00bb:\u00a0\u00bbhttps:\/\/fogliedoroparquet.com\/wp-content\/uploads\/2020\/04\/custom_icon.png\u00a0\u00bb,\u00a0\u00bbtitle\u00a0\u00bb:\u00a0\u00bbHautement <br \/> personnalisable\u00a0\u00bb}}]}]}]}],\u00a0\u00bbname\u00a0\u00bb:\u00a0\u00bbPosizionamento\u00a0\u00bb},{\u00ab\u00a0type\u00a0\u00bb:\u00a0\u00bbsection\u00a0\u00bb,\u00a0\u00bbprops\u00a0\u00bb:{\u00ab\u00a0animation\u00a0\u00bb:\u00a0\u00bbslide-bottom-small\u00a0\u00bb,\u00a0\u00bbanimation_delay\u00a0\u00bb:\u00a0\u00bb200&Prime;,\u00a0\u00bbheight_viewport\u00a0\u00bb:200,\u00a0\u00bbimage_position\u00a0\u00bb:\u00a0\u00bbcenter-center\u00a0\u00bb,\u00a0\u00bbpadding_bottom\u00a0\u00bb:\u00a0\u00bblarge\u00a0\u00bb,\u00a0\u00bbpadding_top\u00a0\u00bb:\u00a0\u00bblarge\u00a0\u00bb,\u00a0\u00bbstyle\u00a0\u00bb:\u00a0\u00bbdefault\u00a0\u00bb,\u00a0\u00bbtitle_breakpoint\u00a0\u00bb:\u00a0\u00bbxl\u00a0\u00bb,\u00a0\u00bbtitle_position\u00a0\u00bb:\u00a0\u00bbtop-left\u00a0\u00bb,\u00a0\u00bbtitle_rotation\u00a0\u00bb:\u00a0\u00bbleft\u00a0\u00bb,\u00a0\u00bbvertical_align\u00a0\u00bb:\u00a0\u00bb\u00a0\u00bb,\u00a0\u00bbwidth\u00a0\u00bb:\u00a0\u00bbxlarge\u00a0\u00bb},\u00a0\u00bbchildren\u00a0\u00bb:[{\u00ab\u00a0type\u00a0\u00bb:\u00a0\u00bbrow\u00a0\u00bb,\u00a0\u00bbprops\u00a0\u00bb:{\u00ab\u00a0margin_bottom\u00a0\u00bb:\u00a0\u00bbxlarge\u00a0\u00bb,\u00a0\u00bbmargin_top\u00a0\u00bb:\u00a0\u00bbxlarge\u00a0\u00bb,\u00a0\u00bbwidth\u00a0\u00bb:\u00a0\u00bbexpand\u00a0\u00bb},\u00a0\u00bbchildren\u00a0\u00bb:[{\u00ab\u00a0type\u00a0\u00bb:\u00a0\u00bbcolumn\u00a0\u00bb,\u00a0\u00bbprops\u00a0\u00bb:{\u00ab\u00a0image_position\u00a0\u00bb:\u00a0\u00bbcenter-center\u00a0\u00bb,\u00a0\u00bbposition_sticky_breakpoint\u00a0\u00bb:\u00a0\u00bb\u00a0\u00bb,\u00a0\u00bbposition_sticky_offset\u00a0\u00bb:\u00a0\u00bb50vh &#8211; 50%\u00a0\u00bb},\u00a0\u00bbchildren\u00a0\u00bb:[{\u00ab\u00a0type\u00a0\u00bb:\u00a0\u00bbheadline\u00a0\u00bb,\u00a0\u00bbprops\u00a0\u00bb:{\u00ab\u00a0content\u00a0\u00bb:\u00a0\u00bbLe bois, <br \/>un chef-d\u2019\u0153uvre pour des r\u00e9alisations exclusives\u00a0\u00bb,\u00a0\u00bbimage_align\u00a0\u00bb:\u00a0\u00bbleft\u00a0\u00bb,\u00a0\u00bbimage_margin\u00a0\u00bb:\u00a0\u00bbxsmall\u00a0\u00bb,\u00a0\u00bbmargin_bottom\u00a0\u00bb:\u00a0\u00bblarge\u00a0\u00bb,\u00a0\u00bbmargin_top\u00a0\u00bb:\u00a0\u00bblarge\u00a0\u00bb,\u00a0\u00bbtitle_color\u00a0\u00bb:\u00a0\u00bbemphasis\u00a0\u00bb,\u00a0\u00bbtitle_element\u00a0\u00bb:\u00a0\u00bbh2&Prime;,\u00a0\u00bbtitle_style\u00a0\u00bb:\u00a0\u00bbheading-medium\u00a0\u00bb,\u00a0\u00bbvisibility\u00a0\u00bb:\u00a0\u00bbxl\u00a0\u00bb}},{\u00ab\u00a0type\u00a0\u00bb:\u00a0\u00bbheadline\u00a0\u00bb,\u00a0\u00bbprops\u00a0\u00bb:{\u00ab\u00a0content\u00a0\u00bb:\u00a0\u00bbLe bois, un chef-d\u2019\u0153uvre<br class=\\\"uk-visible@m\\\">  pour des r\u00e9alisations exclusives\u00a0\u00bb,\u00a0\u00bbimage_align\u00a0\u00bb:\u00a0\u00bbleft\u00a0\u00bb,\u00a0\u00bbimage_margin\u00a0\u00bb:\u00a0\u00bbxsmall\u00a0\u00bb,\u00a0\u00bbmargin_bottom\u00a0\u00bb:\u00a0\u00bblarge\u00a0\u00bb,\u00a0\u00bbmargin_top\u00a0\u00bb:\u00a0\u00bblarge\u00a0\u00bb,\u00a0\u00bbtitle_color\u00a0\u00bb:\u00a0\u00bbprimary\u00a0\u00bb,\u00a0\u00bbtitle_element\u00a0\u00bb:\u00a0\u00bbdiv\u00a0\u00bb,\u00a0\u00bbtitle_style\u00a0\u00bb:\u00a0\u00bbheading-small\u00a0\u00bb,\u00a0\u00bbvisibility\u00a0\u00bb:\u00a0\u00bbhidden-xl\u00a0\u00bb}},{\u00ab\u00a0type\u00a0\u00bb:\u00a0\u00bboverlay-slider\u00a0\u00bb,\u00a0\u00bbprops\u00a0\u00bb:{\u00ab\u00a0animation\u00a0\u00bb:\u00a0\u00bbscale-up\u00a0\u00bb,\u00a0\u00bbcontent_margin\u00a0\u00bb:\u00a0\u00bbsmall\u00a0\u00bb,\u00a0\u00bbcss\u00a0\u00bb:\u00a0\u00bb.el-title{max-width: 360px;}\\n.el-item .uk-overlay-default{backdrop-filter: blur(3px);-webkit-backdrop-filter: blur(3px);}\u00a0\u00bb,\u00a0\u00bbimage_height\u00a0\u00bb:\u00a0\u00bb1500&Prime;,\u00a0\u00bbimage_width\u00a0\u00bb:\u00a0\u00bb1125&Prime;,\u00a0\u00bblink_margin\u00a0\u00bb:\u00a0\u00bbmedium\u00a0\u00bb,\u00a0\u00bblink_style\u00a0\u00bb:\u00a0\u00bbtext\u00a0\u00bb,\u00a0\u00bblink_text\u00a0\u00bb:\u00a0\u00bbEn savoir plus\u00a0\u00bb,\u00a0\u00bblink_transition\u00a0\u00bb:\u00a0\u00bbslide-bottom-medium\u00a0\u00bb,\u00a0\u00bbmargin_bottom\u00a0\u00bb:\u00a0\u00bbdefault\u00a0\u00bb,\u00a0\u00bbmargin_top\u00a0\u00bb:\u00a0\u00bbdefault\u00a0\u00bb,\u00a0\u00bbmeta_align\u00a0\u00bb:\u00a0\u00bbabove-title\u00a0\u00bb,\u00a0\u00bbmeta_element\u00a0\u00bb:\u00a0\u00bbdiv\u00a0\u00bb,\u00a0\u00bbmeta_style\u00a0\u00bb:\u00a0\u00bb\u00a0\u00bb,\u00a0\u00bbnav\u00a0\u00bb:\u00a0\u00bbdotnav\u00a0\u00bb,\u00a0\u00bbnav_align\u00a0\u00bb:\u00a0\u00bbcenter\u00a0\u00bb,\u00a0\u00bbnav_below\u00a0\u00bb:true,\u00a0\u00bbnav_breakpoint\u00a0\u00bb:\u00a0\u00bb\u00a0\u00bb,\u00a0\u00bbnav_position\u00a0\u00bb:\u00a0\u00bbbottom-center\u00a0\u00bb,\u00a0\u00bbnav_position_margin\u00a0\u00bb:\u00a0\u00bbmedium\u00a0\u00bb,\u00a0\u00bboverlay_active_first\u00a0\u00bb:true,\u00a0\u00bboverlay_display\u00a0\u00bb:\u00a0\u00bbactive\u00a0\u00bb,\u00a0\u00bboverlay_link\u00a0\u00bb:false,\u00a0\u00bboverlay_mode\u00a0\u00bb:\u00a0\u00bbcover\u00a0\u00bb,\u00a0\u00bboverlay_position\u00a0\u00bb:\u00a0\u00bbcenter\u00a0\u00bb,\u00a0\u00bboverlay_style\u00a0\u00bb:\u00a0\u00bboverlay-default\u00a0\u00bb,\u00a0\u00bboverlay_transition\u00a0\u00bb:\u00a0\u00bbfade\u00a0\u00bb,\u00a0\u00bboverlay_transition_background\u00a0\u00bb:false,\u00a0\u00bbshow_content\u00a0\u00bb:true,\u00a0\u00bbshow_hover_image\u00a0\u00bb:true,\u00a0\u00bbshow_hover_video\u00a0\u00bb:true,\u00a0\u00bbshow_link\u00a0\u00bb:true,\u00a0\u00bbshow_meta\u00a0\u00bb:true,\u00a0\u00bbshow_title\u00a0\u00bb:true,\u00a0\u00bbslidenav\u00a0\u00bb:\u00a0\u00bb\u00a0\u00bb,\u00a0\u00bbslidenav_breakpoint\u00a0\u00bb:\u00a0\u00bbs\u00a0\u00bb,\u00a0\u00bbslidenav_hover\u00a0\u00bb:false,\u00a0\u00bbslidenav_margin\u00a0\u00bb:\u00a0\u00bbmedium\u00a0\u00bb,\u00a0\u00bbslidenav_outside_breakpoint\u00a0\u00bb:\u00a0\u00bbxl\u00a0\u00bb,\u00a0\u00bbslider_autoplay\u00a0\u00bb:false,\u00a0\u00bbslider_autoplay_interval\u00a0\u00bb:\u00a0\u00bb4&Prime;,\u00a0\u00bbslider_autoplay_pause\u00a0\u00bb:true,\u00a0\u00bbslider_center\u00a0\u00bb:false,\u00a0\u00bbslider_divider\u00a0\u00bb:false,\u00a0\u00bbslider_finite\u00a0\u00bb:false,\u00a0\u00bbslider_gap\u00a0\u00bb:\u00a0\u00bbsmall\u00a0\u00bb,\u00a0\u00bbslider_parallax\u00a0\u00bb:false,\u00a0\u00bbslider_parallax_end\u00a0\u00bb:\u00a0\u00bb100vh\u00a0\u00bb,\u00a0\u00bbslider_parallax_start\u00a0\u00bb:\u00a0\u00bb100vh\u00a0\u00bb,\u00a0\u00bbslider_parallax_target\u00a0\u00bb:\u00a0\u00bb!.uk-section\u00a0\u00bb,\u00a0\u00bbslider_sets\u00a0\u00bb:false,\u00a0\u00bbslider_width\u00a0\u00bb:\u00a0\u00bbfixed\u00a0\u00bb,\u00a0\u00bbslider_width_default\u00a0\u00bb:\u00a0\u00bb5-6&Prime;,\u00a0\u00bbslider_width_medium\u00a0\u00bb:\u00a0\u00bb1-3&Prime;,\u00a0\u00bbslider_width_small\u00a0\u00bb:\u00a0\u00bb3-5&Prime;,\u00a0\u00bbtext_align\u00a0\u00bb:\u00a0\u00bbcenter\u00a0\u00bb,\u00a0\u00bbtitle_element\u00a0\u00bb:\u00a0\u00bbh2&Prime;,\u00a0\u00bbtitle_hover_style\u00a0\u00bb:\u00a0\u00bbreset\u00a0\u00bb,\u00a0\u00bbtitle_link\u00a0\u00bb:false,\u00a0\u00bbtitle_style\u00a0\u00bb:\u00a0\u00bbh2&Prime;,\u00a0\u00bbtitle_transition\u00a0\u00bb:\u00a0\u00bbslide-bottom-medium\u00a0\u00bb},\u00a0\u00bbchildren\u00a0\u00bb:[{\u00ab\u00a0type\u00a0\u00bb:\u00a0\u00bboverlay-slider_item\u00a0\u00bb,\u00a0\u00bbsource\u00a0\u00bb:{\u00ab\u00a0query\u00a0\u00bb:{\u00ab\u00a0name\u00a0\u00bb:\u00a0\u00bbprogettos.customProgettos\u00a0\u00bb,\u00a0\u00bbarguments\u00a0\u00bb:{\u00ab\u00a0terms\u00a0\u00bb:[609,611,610],\u00a0\u00bbcat_progetti_operator\u00a0\u00bb:\u00a0\u00bbNOT IN\u00a0\u00bb,\u00a0\u00bbusers\u00a0\u00bb:[],\u00a0\u00bbusers_operator\u00a0\u00bb:\u00a0\u00bbIN\u00a0\u00bb,\u00a0\u00bboffset\u00a0\u00bb:0,\u00a0\u00bblimit\u00a0\u00bb:5,\u00a0\u00bborder\u00a0\u00bb:\u00a0\u00bbdate\u00a0\u00bb,\u00a0\u00bborder_direction\u00a0\u00bb:\u00a0\u00bbDESC\u00a0\u00bb}},\u00a0\u00bbprops\u00a0\u00bb:{\u00ab\u00a0image\u00a0\u00bb:{\u00ab\u00a0name\u00a0\u00bb:\u00a0\u00bbfeaturedImage.url\u00a0\u00bb},\u00a0\u00bbtitle\u00a0\u00bb:{\u00ab\u00a0name\u00a0\u00bb:\u00a0\u00bbtitle\u00a0\u00bb},\u00a0\u00bbimage_alt\u00a0\u00bb:{\u00ab\u00a0name\u00a0\u00bb:\u00a0\u00bbtitle\u00a0\u00bb},\u00a0\u00bbmeta\u00a0\u00bb:{\u00ab\u00a0arguments\u00a0\u00bb:{\u00ab\u00a0separator\u00a0\u00bb:\u00a0\u00bb, \u00ab\u00a0,\u00a0\u00bbshow_link\u00a0\u00bb:false,\u00a0\u00bblink_style\u00a0\u00bb:\u00a0\u00bb\u00a0\u00bb},\u00a0\u00bbname\u00a0\u00bb:\u00a0\u00bbcat_progettiString\u00a0\u00bb},\u00a0\u00bblink\u00a0\u00bb:{\u00ab\u00a0name\u00a0\u00bb:\u00a0\u00bblink\u00a0\u00bb}}}},{\u00ab\u00a0type\u00a0\u00bb:\u00a0\u00bboverlay-slider_item\u00a0\u00bb,\u00a0\u00bbsource\u00a0\u00bb:{\u00ab\u00a0query\u00a0\u00bb:{\u00ab\u00a0name\u00a0\u00bb:\u00a0\u00bbprogettos.customProgettos\u00a0\u00bb,\u00a0\u00bbarguments\u00a0\u00bb:{\u00ab\u00a0terms\u00a0\u00bb:[46],\u00a0\u00bbcat_progetti_operator\u00a0\u00bb:\u00a0\u00bbNOT IN\u00a0\u00bb,\u00a0\u00bbusers\u00a0\u00bb:[],\u00a0\u00bbusers_operator\u00a0\u00bb:\u00a0\u00bbIN\u00a0\u00bb,\u00a0\u00bboffset\u00a0\u00bb:0,\u00a0\u00bblimit\u00a0\u00bb:10,\u00a0\u00bborder\u00a0\u00bb:\u00a0\u00bbdate\u00a0\u00bb,\u00a0\u00bborder_direction\u00a0\u00bb:\u00a0\u00bbDESC\u00a0\u00bb}},\u00a0\u00bbprops\u00a0\u00bb:{\u00ab\u00a0image\u00a0\u00bb:{\u00ab\u00a0name\u00a0\u00bb:\u00a0\u00bbfeaturedImage.url\u00a0\u00bb},\u00a0\u00bbtitle\u00a0\u00bb:{\u00ab\u00a0name\u00a0\u00bb:\u00a0\u00bbtitle\u00a0\u00bb},\u00a0\u00bbimage_alt\u00a0\u00bb:{\u00ab\u00a0name\u00a0\u00bb:\u00a0\u00bbtitle\u00a0\u00bb},\u00a0\u00bbmeta\u00a0\u00bb:{\u00ab\u00a0arguments\u00a0\u00bb:{\u00ab\u00a0separator\u00a0\u00bb:\u00a0\u00bb, \u00ab\u00a0,\u00a0\u00bbshow_link\u00a0\u00bb:false,\u00a0\u00bblink_style\u00a0\u00bb:\u00a0\u00bb\u00a0\u00bb},\u00a0\u00bbname\u00a0\u00bb:\u00a0\u00bbcat_progettiString\u00a0\u00bb},\u00a0\u00bblink\u00a0\u00bb:{\u00ab\u00a0name\u00a0\u00bb:\u00a0\u00bblink\u00a0\u00bb}}},\u00a0\u00bbprops\u00a0\u00bb:{\u00ab\u00a0status\u00a0\u00bb:\u00a0\u00bbdisabled\u00a0\u00bb}}]},{\u00ab\u00a0type\u00a0\u00bb:\u00a0\u00bbbutton\u00a0\u00bb,\u00a0\u00bbprops\u00a0\u00bb:{\u00ab\u00a0button_size\u00a0\u00bb:\u00a0\u00bblarge\u00a0\u00bb,\u00a0\u00bbgrid_column_gap\u00a0\u00bb:\u00a0\u00bbsmall\u00a0\u00bb,\u00a0\u00bbgrid_row_gap\u00a0\u00bb:\u00a0\u00bbsmall\u00a0\u00bb,\u00a0\u00bbmargin_bottom\u00a0\u00bb:\u00a0\u00bbremove\u00a0\u00bb,\u00a0\u00bbmargin_top\u00a0\u00bb:\u00a0\u00bblarge\u00a0\u00bb,\u00a0\u00bbtext_align\u00a0\u00bb:\u00a0\u00bbcenter\u00a0\u00bb},\u00a0\u00bbchildren\u00a0\u00bb:[{\u00ab\u00a0type\u00a0\u00bb:\u00a0\u00bbbutton_item\u00a0\u00bb,\u00a0\u00bbprops\u00a0\u00bb:{\u00ab\u00a0button_style\u00a0\u00bb:\u00a0\u00bbtext\u00a0\u00bb,\u00a0\u00bbcontent\u00a0\u00bb:\u00a0\u00bbD\u00e9couvrez tous les projets\u00a0\u00bb,\u00a0\u00bbdialog_layout\u00a0\u00bb:\u00a0\u00bbmodal\u00a0\u00bb,\u00a0\u00bbdialog_offcanvas_flip\u00a0\u00bb:true,\u00a0\u00bbicon_align\u00a0\u00bb:\u00a0\u00bbleft\u00a0\u00bb,\u00a0\u00bblink\u00a0\u00bb:\u00a0\u00bbfr\/projects\/\u00a0\u00bb}}]}]}]}],\u00a0\u00bbname\u00a0\u00bb:\u00a0\u00bbProgetti\u00a0\u00bb},{\u00ab\u00a0type\u00a0\u00bb:\u00a0\u00bbsection\u00a0\u00bb,\u00a0\u00bbprops\u00a0\u00bb:{\u00ab\u00a0animation\u00a0\u00bb:\u00a0\u00bbslide-bottom\u00a0\u00bb,\u00a0\u00bbanimation_delay\u00a0\u00bb:\u00a0\u00bb200&Prime;,\u00a0\u00bbheight\u00a0\u00bb:\u00a0\u00bbviewport\u00a0\u00bb,\u00a0\u00bbheight_viewport\u00a0\u00bb:80,\u00a0\u00bbimage_position\u00a0\u00bb:\u00a0\u00bbcenter-center\u00a0\u00bb,\u00a0\u00bbpadding_bottom\u00a0\u00bb:\u00a0\u00bbxlarge\u00a0\u00bb,\u00a0\u00bbpadding_top\u00a0\u00bb:\u00a0\u00bbxlarge\u00a0\u00bb,\u00a0\u00bbstyle\u00a0\u00bb:\u00a0\u00bbprimary\u00a0\u00bb,\u00a0\u00bbtitle_breakpoint\u00a0\u00bb:\u00a0\u00bbxl\u00a0\u00bb,\u00a0\u00bbtitle_position\u00a0\u00bb:\u00a0\u00bbtop-left\u00a0\u00bb,\u00a0\u00bbtitle_rotation\u00a0\u00bb:\u00a0\u00bbleft\u00a0\u00bb,\u00a0\u00bbvertical_align\u00a0\u00bb:\u00a0\u00bbmiddle\u00a0\u00bb,\u00a0\u00bbwidth\u00a0\u00bb:\u00a0\u00bbexpand\u00a0\u00bb},\u00a0\u00bbchildren\u00a0\u00bb:[{\u00ab\u00a0type\u00a0\u00bb:\u00a0\u00bbrow\u00a0\u00bb,\u00a0\u00bbchildren\u00a0\u00bb:[{\u00ab\u00a0type\u00a0\u00bb:\u00a0\u00bbcolumn\u00a0\u00bb,\u00a0\u00bbprops\u00a0\u00bb:{\u00ab\u00a0image_position\u00a0\u00bb:\u00a0\u00bbcenter-center\u00a0\u00bb,\u00a0\u00bbposition_sticky_breakpoint\u00a0\u00bb:\u00a0\u00bbm\u00a0\u00bb},\u00a0\u00bbchildren\u00a0\u00bb:[{\u00ab\u00a0type\u00a0\u00bb:\u00a0\u00bbheadline\u00a0\u00bb,\u00a0\u00bbprops\u00a0\u00bb:{\u00ab\u00a0block_align\u00a0\u00bb:\u00a0\u00bbcenter\u00a0\u00bb,\u00a0\u00bbcontent\u00a0\u00bb:\u00a0\u00bbBoiseries <br \/>Modulaires 3D\\n\\n\\n\u00a0\u00bb,\u00a0\u00bbimage_align\u00a0\u00bb:\u00a0\u00bbleft\u00a0\u00bb,\u00a0\u00bbimage_margin\u00a0\u00bb:\u00a0\u00bbxsmall\u00a0\u00bb,\u00a0\u00bbmaxwidth\u00a0\u00bb:\u00a0\u00bb2xlarge\u00a0\u00bb,\u00a0\u00bbtext_align\u00a0\u00bb:\u00a0\u00bbleft\u00a0\u00bb,\u00a0\u00bbtitle_element\u00a0\u00bb:\u00a0\u00bbdiv\u00a0\u00bb,\u00a0\u00bbtitle_style\u00a0\u00bb:\u00a0\u00bbheading-small\u00a0\u00bb}},{\u00ab\u00a0type\u00a0\u00bb:\u00a0\u00bbheadline\u00a0\u00bb,\u00a0\u00bbprops\u00a0\u00bb:{\u00ab\u00a0block_align\u00a0\u00bb:\u00a0\u00bbcenter\u00a0\u00bb,\u00a0\u00bbcontent\u00a0\u00bb:\u00a0\u00bb<\/p>\n<p>La <a href=\\\"fr\/boiserie-3d\\\">collection Relevo<\/a> rassemble une extraordinaire gamme de panneaux modulaires en Noyer ou en Ch\u00eane, con\u00e7us pour rev\u00eatir les murs et les \u00e9l\u00e9ments d\u2019ameublement d\u2019effets tridimensionnels extraordinaires. Ces solutions au design contemporain permettent de cr\u00e9er des compositions verticales originales et sur mesure, en bois seul ou en association avec d\u2019autres mat\u00e9riaux pr\u00e9cieux tels que le m\u00e9tal et le marbre. Elles donnent vie \u00e0 une collection facile \u00e0 poser qui se distingue par sa polyvalence esth\u00e9tique et fonctionnelle et qui assure une grande libert\u00e9 conceptuelle.\\n\u00a0\u00bb,\u00a0\u00bbimage_align\u00a0\u00bb:\u00a0\u00bbleft\u00a0\u00bb,\u00a0\u00bbimage_margin\u00a0\u00bb:\u00a0\u00bbxsmall\u00a0\u00bb,\u00a0\u00bbmaxwidth\u00a0\u00bb:\u00a0\u00bb2xlarge\u00a0\u00bb,\u00a0\u00bbtitle_element\u00a0\u00bb:\u00a0\u00bbdiv\u00a0\u00bb,\u00a0\u00bbtitle_style\u00a0\u00bb:\u00a0\u00bbtext-lead\u00a0\u00bb,\u00a0\u00bbvisibility\u00a0\u00bb:\u00a0\u00bbm\u00a0\u00bb}},{\u00ab\u00a0type\u00a0\u00bb:\u00a0\u00bbtext\u00a0\u00bb,\u00a0\u00bbprops\u00a0\u00bb:{\u00ab\u00a0block_align\u00a0\u00bb:\u00a0\u00bbcenter\u00a0\u00bb,\u00a0\u00bbcolumn_breakpoint\u00a0\u00bb:\u00a0\u00bbm\u00a0\u00bb,\u00a0\u00bbcontent\u00a0\u00bb:\u00a0\u00bb<\/p>\n<p>La <a href=\\\"fr\/boiserie-3d\\\">collection Relevo<\/a> rassemble une extraordinaire gamme de panneaux modulaires en Noyer ou en Ch\u00eane, con\u00e7us pour rev\u00eatir les murs et les \u00e9l\u00e9ments d\u2019ameublement d\u2019effets tridimensionnels extraordinaires. Ces solutions au design contemporain permettent de cr\u00e9er des compositions verticales originales et sur mesure, en bois seul ou en association avec d\u2019autres mat\u00e9riaux pr\u00e9cieux tels que le m\u00e9tal et le marbre. Elles donnent vie \u00e0 une collection facile \u00e0 poser qui se distingue par sa polyvalence esth\u00e9tique et fonctionnelle et qui assure une grande libert\u00e9 conceptuelle.\u00a0\u00bb,\u00a0\u00bbmargin_bottom\u00a0\u00bb:\u00a0\u00bbdefault\u00a0\u00bb,\u00a0\u00bbmargin_top\u00a0\u00bb:\u00a0\u00bbdefault\u00a0\u00bb,\u00a0\u00bbmaxwidth\u00a0\u00bb:\u00a0\u00bb2xlarge\u00a0\u00bb,\u00a0\u00bbvisibility\u00a0\u00bb:\u00a0\u00bbhidden-m\u00a0\u00bb}}]}],\u00a0\u00bbprops\u00a0\u00bb:{\u00ab\u00a0row_gap\u00a0\u00bb:\u00a0\u00bblarge\u00a0\u00bb}},{\u00ab\u00a0type\u00a0\u00bb:\u00a0\u00bbrow\u00a0\u00bb,\u00a0\u00bbprops\u00a0\u00bb:{\u00ab\u00a0column_gap\u00a0\u00bb:\u00a0\u00bbmedium\u00a0\u00bb,\u00a0\u00bblayout\u00a0\u00bb:\u00a0\u00bb1-4,1-2,1-4&Prime;,\u00a0\u00bbmargin_bottom\u00a0\u00bb:\u00a0\u00bbxlarge\u00a0\u00bb,\u00a0\u00bbmargin_top\u00a0\u00bb:\u00a0\u00bbxlarge\u00a0\u00bb},\u00a0\u00bbchildren\u00a0\u00bb:[{\u00ab\u00a0type\u00a0\u00bb:\u00a0\u00bbcolumn\u00a0\u00bb,\u00a0\u00bbprops\u00a0\u00bb:{\u00ab\u00a0image_position\u00a0\u00bb:\u00a0\u00bbcenter-center\u00a0\u00bb,\u00a0\u00bborder_first\u00a0\u00bb:\u00a0\u00bbxs\u00a0\u00bb,\u00a0\u00bbposition_sticky_breakpoint\u00a0\u00bb:\u00a0\u00bbm\u00a0\u00bb,\u00a0\u00bbwidth_large\u00a0\u00bb:\u00a0\u00bb1-4&Prime;,\u00a0\u00bbwidth_medium\u00a0\u00bb:\u00a0\u00bb1-2&Prime;},\u00a0\u00bbchildren\u00a0\u00bb:[{\u00ab\u00a0type\u00a0\u00bb:\u00a0\u00bbimage\u00a0\u00bb,\u00a0\u00bbprops\u00a0\u00bb:{\u00ab\u00a0animation\u00a0\u00bb:\u00a0\u00bbparallax\u00a0\u00bb,\u00a0\u00bbimage\u00a0\u00bb:\u00a0\u00bbwp-content\/uploads\/2024\/09\/FDO-moduli-relevo.jpg\u00a0\u00bb,\u00a0\u00bbimage_svg_color\u00a0\u00bb:\u00a0\u00bbemphasis\u00a0\u00bb,\u00a0\u00bbimage_width\u00a0\u00bb:\u00a0\u00bb710&Prime;,\u00a0\u00bblink\u00a0\u00bb:\u00a0\u00bbfr\/boiserie-3d\/\u00a0\u00bb,\u00a0\u00bbmargin_bottom\u00a0\u00bb:\u00a0\u00bbdefault\u00a0\u00bb,\u00a0\u00bbmargin_top\u00a0\u00bb:\u00a0\u00bbremove\u00a0\u00bb,\u00a0\u00bbparallax_breakpoint\u00a0\u00bb:\u00a0\u00bbm\u00a0\u00bb,\u00a0\u00bbparallax_end\u00a0\u00bb:\u00a0\u00bb50vh + 50%\u00a0\u00bb,\u00a0\u00bbparallax_opacity\u00a0\u00bb:\u00a0\u00bb0,1&Prime;,\u00a0\u00bbparallax_target\u00a0\u00bb:\u00a0\u00bb!.uk-section\u00a0\u00bb,\u00a0\u00bbparallax_x\u00a0\u00bb:\u00a0\u00bb-20vw,0&Prime;}},{\u00ab\u00a0type\u00a0\u00bb:\u00a0\u00bbheadline\u00a0\u00bb,\u00a0\u00bbprops\u00a0\u00bb:{\u00ab\u00a0content\u00a0\u00bb:\u00a0\u00bbLa polyvalence d\u2019une logique modulaire\u2026\u00a0\u00bb,\u00a0\u00bbimage_align\u00a0\u00bb:\u00a0\u00bbleft\u00a0\u00bb,\u00a0\u00bbimage_margin\u00a0\u00bb:\u00a0\u00bbxsmall\u00a0\u00bb,\u00a0\u00bblink\u00a0\u00bb:\u00a0\u00bb#\u00a0\u00bb,\u00a0\u00bbmargin_bottom\u00a0\u00bb:\u00a0\u00bbremove\u00a0\u00bb,\u00a0\u00bbmargin_top\u00a0\u00bb:\u00a0\u00bbremove\u00a0\u00bb,\u00a0\u00bbtitle_color\u00a0\u00bb:\u00a0\u00bbemphasis\u00a0\u00bb,\u00a0\u00bbtitle_element\u00a0\u00bb:\u00a0\u00bbh2&Prime;,\u00a0\u00bbtitle_style\u00a0\u00bb:\u00a0\u00bbh2&Prime;}}]},{\u00ab\u00a0type\u00a0\u00bb:\u00a0\u00bbcolumn\u00a0\u00bb,\u00a0\u00bbprops\u00a0\u00bb:{\u00ab\u00a0image_position\u00a0\u00bb:\u00a0\u00bbcenter-center\u00a0\u00bb,\u00a0\u00bborder_first\u00a0\u00bb:\u00a0\u00bbxs\u00a0\u00bb,\u00a0\u00bbposition_sticky_breakpoint\u00a0\u00bb:\u00a0\u00bbm\u00a0\u00bb,\u00a0\u00bbwidth_large\u00a0\u00bb:\u00a0\u00bb1-2&Prime;},\u00a0\u00bbchildren\u00a0\u00bb:[{\u00ab\u00a0type\u00a0\u00bb:\u00a0\u00bbslideshow\u00a0\u00bb,\u00a0\u00bbprops\u00a0\u00bb:{\u00ab\u00a0blend\u00a0\u00bb:false,\u00a0\u00bblink_style\u00a0\u00bb:\u00a0\u00bbdefault\u00a0\u00bb,\u00a0\u00bblink_text\u00a0\u00bb:\u00a0\u00bbEn savoir plus\u00a0\u00bb,\u00a0\u00bbmargin_bottom\u00a0\u00bb:\u00a0\u00bbdefault\u00a0\u00bb,\u00a0\u00bbmargin_top\u00a0\u00bb:\u00a0\u00bbdefault\u00a0\u00bb,\u00a0\u00bbmeta_align\u00a0\u00bb:\u00a0\u00bbbelow-title\u00a0\u00bb,\u00a0\u00bbmeta_element\u00a0\u00bb:\u00a0\u00bbdiv\u00a0\u00bb,\u00a0\u00bbmeta_style\u00a0\u00bb:\u00a0\u00bbtext-meta\u00a0\u00bb,\u00a0\u00bbnav\u00a0\u00bb:\u00a0\u00bbdotnav\u00a0\u00bb,\u00a0\u00bbnav_align\u00a0\u00bb:\u00a0\u00bbcenter\u00a0\u00bb,\u00a0\u00bbnav_breakpoint\u00a0\u00bb:\u00a0\u00bb\u00a0\u00bb,\u00a0\u00bbnav_position\u00a0\u00bb:\u00a0\u00bbbottom-center\u00a0\u00bb,\u00a0\u00bbnav_position_margin\u00a0\u00bb:\u00a0\u00bbmedium\u00a0\u00bb,\u00a0\u00bboverlay_animation\u00a0\u00bb:\u00a0\u00bbparallax\u00a0\u00bb,\u00a0\u00bboverlay_position\u00a0\u00bb:\u00a0\u00bbcenter\u00a0\u00bb,\u00a0\u00bbshow_content\u00a0\u00bb:true,\u00a0\u00bbshow_link\u00a0\u00bb:true,\u00a0\u00bbshow_meta\u00a0\u00bb:true,\u00a0\u00bbshow_thumbnail\u00a0\u00bb:true,\u00a0\u00bbshow_title\u00a0\u00bb:true,\u00a0\u00bbslidenav\u00a0\u00bb:\u00a0\u00bb\u00a0\u00bb,\u00a0\u00bbslidenav_breakpoint\u00a0\u00bb:\u00a0\u00bbs\u00a0\u00bb,\u00a0\u00bbslidenav_margin\u00a0\u00bb:\u00a0\u00bbmedium\u00a0\u00bb,\u00a0\u00bbslidenav_outside_breakpoint\u00a0\u00bb:\u00a0\u00bbxl\u00a0\u00bb,\u00a0\u00bbslideshow_animation\u00a0\u00bb:\u00a0\u00bbpull\u00a0\u00bb,\u00a0\u00bbslideshow_autoplay\u00a0\u00bb:true,\u00a0\u00bbslideshow_autoplay_interval\u00a0\u00bb:\u00a0\u00bb3&Prime;,\u00a0\u00bbslideshow_autoplay_pause\u00a0\u00bb:true,\u00a0\u00bbslideshow_min_height\u00a0\u00bb:300,\u00a0\u00bbslideshow_ratio\u00a0\u00bb:\u00a0\u00bb1:1&Prime;,\u00a0\u00bbtext_align\u00a0\u00bb:\u00a0\u00bbcenter\u00a0\u00bb,\u00a0\u00bbthumbnav_height\u00a0\u00bb:\u00a0\u00bb75&Prime;,\u00a0\u00bbthumbnav_svg_color\u00a0\u00bb:\u00a0\u00bbemphasis\u00a0\u00bb,\u00a0\u00bbthumbnav_width\u00a0\u00bb:\u00a0\u00bb100&Prime;,\u00a0\u00bbtitle_element\u00a0\u00bb:\u00a0\u00bbh3&Prime;,\u00a0\u00bbtitle_hover_style\u00a0\u00bb:\u00a0\u00bbreset\u00a0\u00bb},\u00a0\u00bbchildren\u00a0\u00bb:[{\u00ab\u00a0type\u00a0\u00bb:\u00a0\u00bbslideshow_item\u00a0\u00bb,\u00a0\u00bbsource\u00a0\u00bb:{\u00ab\u00a0query\u00a0\u00bb:{\u00ab\u00a0name\u00a0\u00bb:\u00a0\u00bbboiseries.customBoiseries\u00a0\u00bb,\u00a0\u00bbarguments\u00a0\u00bb:{\u00ab\u00a0terms\u00a0\u00bb:[],\u00a0\u00bbessenze_operator\u00a0\u00bb:\u00a0\u00bbIN\u00a0\u00bb,\u00a0\u00bbfinitura_operator\u00a0\u00bb:\u00a0\u00bbIN\u00a0\u00bb,\u00a0\u00bbusers\u00a0\u00bb:[],\u00a0\u00bbusers_operator\u00a0\u00bb:\u00a0\u00bbIN\u00a0\u00bb,\u00a0\u00bboffset\u00a0\u00bb:0,\u00a0\u00bblimit\u00a0\u00bb:10,\u00a0\u00bborder\u00a0\u00bb:\u00a0\u00bbdate\u00a0\u00bb,\u00a0\u00bborder_direction\u00a0\u00bb:\u00a0\u00bbDESC\u00a0\u00bb}},\u00a0\u00bbprops\u00a0\u00bb:{\u00ab\u00a0image\u00a0\u00bb:{\u00ab\u00a0name\u00a0\u00bb:\u00a0\u00bbfeaturedImage.url\u00a0\u00bb},\u00a0\u00bbtitle\u00a0\u00bb:{\u00ab\u00a0name\u00a0\u00bb:\u00a0\u00bbtitle\u00a0\u00bb},\u00a0\u00bblink\u00a0\u00bb:{\u00ab\u00a0name\u00a0\u00bb:\u00a0\u00bblink\u00a0\u00bb}}}}]}]},{\u00ab\u00a0type\u00a0\u00bb:\u00a0\u00bbcolumn\u00a0\u00bb,\u00a0\u00bbprops\u00a0\u00bb:{\u00ab\u00a0image_position\u00a0\u00bb:\u00a0\u00bbcenter-center\u00a0\u00bb,\u00a0\u00bborder_first\u00a0\u00bb:\u00a0\u00bbl\u00a0\u00bb,\u00a0\u00bbposition_sticky_breakpoint\u00a0\u00bb:\u00a0\u00bbm\u00a0\u00bb,\u00a0\u00bbvertical_align\u00a0\u00bb:\u00a0\u00bbbottom\u00a0\u00bb,\u00a0\u00bbwidth_large\u00a0\u00bb:\u00a0\u00bb1-4&Prime;,\u00a0\u00bbwidth_medium\u00a0\u00bb:\u00a0\u00bb1-2&Prime;},\u00a0\u00bbchildren\u00a0\u00bb:[{\u00ab\u00a0type\u00a0\u00bb:\u00a0\u00bbheadline\u00a0\u00bb,\u00a0\u00bbprops\u00a0\u00bb:{\u00ab\u00a0animation\u00a0\u00bb:\u00a0\u00bbparallax\u00a0\u00bb,\u00a0\u00bbcontent\u00a0\u00bb:\u00a0\u00bb\u2026pour rev\u00eatir chaque espace sur mesure.\u00a0\u00bb,\u00a0\u00bbimage_align\u00a0\u00bb:\u00a0\u00bbleft\u00a0\u00bb,\u00a0\u00bbimage_margin\u00a0\u00bb:\u00a0\u00bbxsmall\u00a0\u00bb,\u00a0\u00bblink\u00a0\u00bb:\u00a0\u00bb#\u00a0\u00bb,\u00a0\u00bbmargin_bottom\u00a0\u00bb:\u00a0\u00bbremove\u00a0\u00bb,\u00a0\u00bbmargin_top\u00a0\u00bb:\u00a0\u00bbremove\u00a0\u00bb,\u00a0\u00bbparallax_end\u00a0\u00bb:\u00a0\u00bb50vh + 50%\u00a0\u00bb,\u00a0\u00bbparallax_opacity\u00a0\u00bb:\u00a0\u00bb0,1&Prime;,\u00a0\u00bbparallax_target\u00a0\u00bb:\u00a0\u00bb!.uk-section\u00a0\u00bb,\u00a0\u00bbtitle_element\u00a0\u00bb:\u00a0\u00bbh2&Prime;,\u00a0\u00bbtitle_style\u00a0\u00bb:\u00a0\u00bbh2&Prime;}},{\u00ab\u00a0type\u00a0\u00bb:\u00a0\u00bbimage\u00a0\u00bb,\u00a0\u00bbprops\u00a0\u00bb:{\u00ab\u00a0animation\u00a0\u00bb:\u00a0\u00bbparallax\u00a0\u00bb,\u00a0\u00bbimage\u00a0\u00bb:\u00a0\u00bbhttps:\/\/fogliedoroparquet.com\/wp-content\/uploads\/2023\/01\/22-CAMERA-GEN.jpg\u00a0\u00bb,\u00a0\u00bbimage_svg_color\u00a0\u00bb:\u00a0\u00bbemphasis\u00a0\u00bb,\u00a0\u00bbimage_width\u00a0\u00bb:\u00a0\u00bb710&Prime;,\u00a0\u00bblink\u00a0\u00bb:\u00a0\u00bbfr\/boiserie-3d\/\u00a0\u00bb,\u00a0\u00bbmargin_bottom\u00a0\u00bb:\u00a0\u00bbdefault\u00a0\u00bb,\u00a0\u00bbmargin_top\u00a0\u00bb:\u00a0\u00bbdefault\u00a0\u00bb,\u00a0\u00bbparallax_breakpoint\u00a0\u00bb:\u00a0\u00bbm\u00a0\u00bb,\u00a0\u00bbparallax_end\u00a0\u00bb:\u00a0\u00bb50vh + 50%\u00a0\u00bb,\u00a0\u00bbparallax_opacity\u00a0\u00bb:\u00a0\u00bb0,1&Prime;,\u00a0\u00bbparallax_target\u00a0\u00bb:\u00a0\u00bb!.uk-section\u00a0\u00bb,\u00a0\u00bbparallax_x\u00a0\u00bb:\u00a0\u00bb20vw,0&Prime;}}]}]}],\u00a0\u00bbname\u00a0\u00bb:\u00a0\u00bbProgettazione modulare\u00a0\u00bb},{\u00ab\u00a0type\u00a0\u00bb:\u00a0\u00bbsection\u00a0\u00bb,\u00a0\u00bbprops\u00a0\u00bb:{\u00ab\u00a0animation\u00a0\u00bb:\u00a0\u00bbscale-down\u00a0\u00bb,\u00a0\u00bbanimation_delay\u00a0\u00bb:\u00a0\u00bb200&Prime;,\u00a0\u00bbheader_transparent\u00a0\u00bb:false,\u00a0\u00bbheader_transparent_noplaceholder\u00a0\u00bb:false,\u00a0\u00bbheight\u00a0\u00bb:\u00a0\u00bbviewport\u00a0\u00bb,\u00a0\u00bbheight_viewport_offset\u00a0\u00bb:false,\u00a0\u00bbimage\u00a0\u00bb:\u00a0\u00bbhttps:\/\/fogliedoroparquet.com\/wp-content\/uploads\/2023\/09\/Colorsense-Ocean_blu-4.jpg\u00a0\u00bb,\u00a0\u00bbimage_effect\u00a0\u00bb:\u00a0\u00bbparallax\u00a0\u00bb,\u00a0\u00bbimage_loading\u00a0\u00bb:true,\u00a0\u00bbimage_parallax_bgy\u00a0\u00bb:\u00a0\u00bb-150&Prime;,\u00a0\u00bbimage_position\u00a0\u00bb:\u00a0\u00bbcenter-center\u00a0\u00bb,\u00a0\u00bbimage_size\u00a0\u00bb:\u00a0\u00bbcover\u00a0\u00bb,\u00a0\u00bbimage_width\u00a0\u00bb:\u00a0\u00bb2560&Prime;,\u00a0\u00bbmedia_overlay\u00a0\u00bb:\u00a0\u00bbrgba(0, 0, 0, 0.75)\u00a0\u00bb,\u00a0\u00bbmedia_overlay_parallax_opacity\u00a0\u00bb:\u00a0\u00bb0,1&Prime;,\u00a0\u00bbmedia_overlay_parallax_start\u00a0\u00bb:\u00a0\u00bb25%\u00a0\u00bb,\u00a0\u00bbpadding_bottom\u00a0\u00bb:\u00a0\u00bbxlarge\u00a0\u00bb,\u00a0\u00bbpadding_top\u00a0\u00bb:\u00a0\u00bbxlarge\u00a0\u00bb,\u00a0\u00bbstyle\u00a0\u00bb:\u00a0\u00bbdefault\u00a0\u00bb,\u00a0\u00bbtext_color\u00a0\u00bb:\u00a0\u00bblight\u00a0\u00bb,\u00a0\u00bbtitle_breakpoint\u00a0\u00bb:\u00a0\u00bbxl\u00a0\u00bb,\u00a0\u00bbtitle_position\u00a0\u00bb:\u00a0\u00bbtop-left\u00a0\u00bb,\u00a0\u00bbtitle_rotation\u00a0\u00bb:\u00a0\u00bbleft\u00a0\u00bb,\u00a0\u00bbvertical_align\u00a0\u00bb:\u00a0\u00bbmiddle\u00a0\u00bb,\u00a0\u00bbwidth\u00a0\u00bb:\u00a0\u00bbexpand\u00a0\u00bb},\u00a0\u00bbchildren\u00a0\u00bb:[{\u00ab\u00a0type\u00a0\u00bb:\u00a0\u00bbrow\u00a0\u00bb,\u00a0\u00bbchildren\u00a0\u00bb:[{\u00ab\u00a0type\u00a0\u00bb:\u00a0\u00bbcolumn\u00a0\u00bb,\u00a0\u00bbprops\u00a0\u00bb:{\u00ab\u00a0image_position\u00a0\u00bb:\u00a0\u00bbcenter-center\u00a0\u00bb,\u00a0\u00bbposition_sticky_breakpoint\u00a0\u00bb:\u00a0\u00bbm\u00a0\u00bb,\u00a0\u00bbvertical_align\u00a0\u00bb:\u00a0\u00bbmiddle\u00a0\u00bb,\u00a0\u00bbwidth_large\u00a0\u00bb:\u00a0\u00bb1-2&Prime;},\u00a0\u00bbchildren\u00a0\u00bb:[{\u00ab\u00a0type\u00a0\u00bb:\u00a0\u00bbimage\u00a0\u00bb,\u00a0\u00bbprops\u00a0\u00bb:{\u00ab\u00a0image\u00a0\u00bb:\u00a0\u00bbhttps:\/\/fogliedoroparquet.com\/wp-content\/uploads\/2023\/09\/Colorsense-logo-negativo.png\u00a0\u00bb,\u00a0\u00bbimage_svg_color\u00a0\u00bb:\u00a0\u00bbemphasis\u00a0\u00bb,\u00a0\u00bbimage_width\u00a0\u00bb:500,\u00a0\u00bbmargin_bottom\u00a0\u00bb:\u00a0\u00bbmedium\u00a0\u00bb,\u00a0\u00bbmargin_top\u00a0\u00bb:\u00a0\u00bbmedium\u00a0\u00bb}},{\u00ab\u00a0type\u00a0\u00bb:\u00a0\u00bbheadline\u00a0\u00bb,\u00a0\u00bbprops\u00a0\u00bb:{\u00ab\u00a0content\u00a0\u00bb:\u00a0\u00bbLaissez-vous inspirer par Colorsense, le nouveau programme de couleurs qui permet de mettre en valeur la beaut\u00e9 naturelle du bois de Noyer am\u00e9ricain et de personnaliser les parquets, les boiseries et les solutions sur mesure dans un esprit contemporain.\u00a0\u00bb,\u00a0\u00bbimage_align\u00a0\u00bb:\u00a0\u00bbleft\u00a0\u00bb,\u00a0\u00bbimage_margin\u00a0\u00bb:\u00a0\u00bbxsmall\u00a0\u00bb,\u00a0\u00bbmaxwidth\u00a0\u00bb:\u00a0\u00bb2xlarge\u00a0\u00bb,\u00a0\u00bbtitle_element\u00a0\u00bb:\u00a0\u00bbdiv\u00a0\u00bb,\u00a0\u00bbtitle_style\u00a0\u00bb:\u00a0\u00bbtext-lead\u00a0\u00bb,\u00a0\u00bbvisibility\u00a0\u00bb:\u00a0\u00bbm\u00a0\u00bb}},{\u00ab\u00a0type\u00a0\u00bb:\u00a0\u00bbheadline\u00a0\u00bb,\u00a0\u00bbprops\u00a0\u00bb:{\u00ab\u00a0content\u00a0\u00bb:\u00a0\u00bbLaissez-vous inspirer par Colorsense, le nouveau programme de couleurs qui permet de mettre en valeur la beaut\u00e9 naturelle du bois de Noyer am\u00e9ricain et de personnaliser les parquets, les boiseries et les solutions sur mesure dans un esprit contemporain.\u00a0\u00bb,\u00a0\u00bbimage_align\u00a0\u00bb:\u00a0\u00bbleft\u00a0\u00bb,\u00a0\u00bbimage_margin\u00a0\u00bb:\u00a0\u00bbxsmall\u00a0\u00bb,\u00a0\u00bbtitle_element\u00a0\u00bb:\u00a0\u00bbdiv\u00a0\u00bb,\u00a0\u00bbtitle_style\u00a0\u00bb:\u00a0\u00bbh4&Prime;,\u00a0\u00bbvisibility\u00a0\u00bb:\u00a0\u00bbhidden-m\u00a0\u00bb}},{\u00ab\u00a0type\u00a0\u00bb:\u00a0\u00bbbutton\u00a0\u00bb,\u00a0\u00bbprops\u00a0\u00bb:{\u00ab\u00a0grid_column_gap\u00a0\u00bb:\u00a0\u00bbsmall\u00a0\u00bb,\u00a0\u00bbgrid_row_gap\u00a0\u00bb:\u00a0\u00bbsmall\u00a0\u00bb,\u00a0\u00bbmargin_bottom\u00a0\u00bb:\u00a0\u00bbdefault\u00a0\u00bb,\u00a0\u00bbmargin_top\u00a0\u00bb:\u00a0\u00bbdefault\u00a0\u00bb},\u00a0\u00bbchildren\u00a0\u00bb:[{\u00ab\u00a0type\u00a0\u00bb:\u00a0\u00bbbutton_item\u00a0\u00bb,\u00a0\u00bbprops\u00a0\u00bb:{\u00ab\u00a0button_style\u00a0\u00bb:\u00a0\u00bbdefault\u00a0\u00bb,\u00a0\u00bbcontent\u00a0\u00bb:\u00a0\u00bbD\u00e9couvrez Colorsense\u00a0\u00bb,\u00a0\u00bbdialog_layout\u00a0\u00bb:\u00a0\u00bbmodal\u00a0\u00bb,\u00a0\u00bbdialog_offcanvas_flip\u00a0\u00bb:true,\u00a0\u00bbicon_align\u00a0\u00bb:\u00a0\u00bbleft\u00a0\u00bb},\u00a0\u00bbsource\u00a0\u00bb:{\u00ab\u00a0query\u00a0\u00bb:{\u00ab\u00a0name\u00a0\u00bb:\u00a0\u00bbpages.customPage\u00a0\u00bb,\u00a0\u00bbarguments\u00a0\u00bb:{\u00ab\u00a0users\u00a0\u00bb:[],\u00a0\u00bbusers_operator\u00a0\u00bb:\u00a0\u00bbIN\u00a0\u00bb,\u00a0\u00bboffset\u00a0\u00bb:0,\u00a0\u00bborder\u00a0\u00bb:\u00a0\u00bbdate\u00a0\u00bb,\u00a0\u00bborder_direction\u00a0\u00bb:\u00a0\u00bbDESC\u00a0\u00bb,\u00a0\u00bbid\u00a0\u00bb:28606}},\u00a0\u00bbprops\u00a0\u00bb:{\u00ab\u00a0link\u00a0\u00bb:{\u00ab\u00a0name\u00a0\u00bb:\u00a0\u00bblink\u00a0\u00bb}}}}]}]},{\u00ab\u00a0type\u00a0\u00bb:\u00a0\u00bbcolumn\u00a0\u00bb,\u00a0\u00bbprops\u00a0\u00bb:{\u00ab\u00a0image_position\u00a0\u00bb:\u00a0\u00bbcenter-center\u00a0\u00bb,\u00a0\u00bbposition_sticky_breakpoint\u00a0\u00bb:\u00a0\u00bbm\u00a0\u00bb,\u00a0\u00bbvertical_align\u00a0\u00bb:\u00a0\u00bbmiddle\u00a0\u00bb,\u00a0\u00bbwidth_large\u00a0\u00bb:\u00a0\u00bb1-2&Prime;}}],\u00a0\u00bbprops\u00a0\u00bb:{\u00ab\u00a0layout\u00a0\u00bb:\u00a0\u00bb1-2,1-2&Prime;,\u00a0\u00bbrow_gap\u00a0\u00bb:\u00a0\u00bblarge\u00a0\u00bb}}],\u00a0\u00bbname\u00a0\u00bb:\u00a0\u00bbColorsense\u00a0\u00bb},{\u00ab\u00a0type\u00a0\u00bb:\u00a0\u00bbsection\u00a0\u00bb,\u00a0\u00bbprops\u00a0\u00bb:{\u00ab\u00a0animation_delay\u00a0\u00bb:\u00a0\u00bb200&Prime;,\u00a0\u00bbclass\u00a0\u00bb:\u00a0\u00bbuk-visible@m\u00a0\u00bb,\u00a0\u00bbheight\u00a0\u00bb:\u00a0\u00bbviewport\u00a0\u00bb,\u00a0\u00bbid\u00a0\u00bb:\u00a0\u00bbpermanent-makeup\u00a0\u00bb,\u00a0\u00bbimage\u00a0\u00bb:\u00a0\u00bbwp-content\/uploads\/2025\/05\/03_ASIA_SEC_11zon.webp\u00a0\u00bb,\u00a0\u00bbimage_effect\u00a0\u00bb:\u00a0\u00bbparallax\u00a0\u00bb,\u00a0\u00bbimage_parallax_bgy\u00a0\u00bb:\u00a0\u00bb-30vh\u00a0\u00bb,\u00a0\u00bbimage_parallax_end\u00a0\u00bb:\u00a0\u00bb100%\u00a0\u00bb,\u00a0\u00bbimage_parallax_start\u00a0\u00bb:\u00a0\u00bb-100vh\u00a0\u00bb,\u00a0\u00bbimage_parallax_target\u00a0\u00bb:\u00a0\u00bb![class*=&rsquo;uk-section-&lsquo;] ~ [class*=&rsquo;uk-section-&lsquo;]\u00a0\u00bb,\u00a0\u00bbimage_position\u00a0\u00bb:\u00a0\u00bbcenter-left\u00a0\u00bb,\u00a0\u00bbimage_size\u00a0\u00bb:\u00a0\u00bbcover\u00a0\u00bb,\u00a0\u00bbimage_width\u00a0\u00bb:\u00a0\u00bb2560&Prime;,\u00a0\u00bbmedia_overlay\u00a0\u00bb:\u00a0\u00bbrgba(0, 0, 0, 0.62)\u00a0\u00bb,\u00a0\u00bbmedia_overlay_parallax_opacity\u00a0\u00bb:\u00a0\u00bb0,1&Prime;,\u00a0\u00bbstyle\u00a0\u00bb:\u00a0\u00bbprimary\u00a0\u00bb,\u00a0\u00bbtext_color\u00a0\u00bb:\u00a0\u00bblight\u00a0\u00bb,\u00a0\u00bbtitle_breakpoint\u00a0\u00bb:\u00a0\u00bbxl\u00a0\u00bb,\u00a0\u00bbtitle_position\u00a0\u00bb:\u00a0\u00bbtop-left\u00a0\u00bb,\u00a0\u00bbtitle_rotation\u00a0\u00bb:\u00a0\u00bbleft\u00a0\u00bb,\u00a0\u00bbvertical_align\u00a0\u00bb:\u00a0\u00bb\u00a0\u00bb,\u00a0\u00bbwidth\u00a0\u00bb:\u00a0\u00bbexpand\u00a0\u00bb},\u00a0\u00bbchildren\u00a0\u00bb:[{\u00ab\u00a0type\u00a0\u00bb:\u00a0\u00bbrow\u00a0\u00bb,\u00a0\u00bbchildren\u00a0\u00bb:[{\u00ab\u00a0type\u00a0\u00bb:\u00a0\u00bbcolumn\u00a0\u00bb,\u00a0\u00bbprops\u00a0\u00bb:{\u00ab\u00a0image_position\u00a0\u00bb:\u00a0\u00bbcenter-center\u00a0\u00bb,\u00a0\u00bbposition_sticky_breakpoint\u00a0\u00bb:\u00a0\u00bbm\u00a0\u00bb},\u00a0\u00bbchildren\u00a0\u00bb:[{\u00ab\u00a0type\u00a0\u00bb:\u00a0\u00bbimage\u00a0\u00bb,\u00a0\u00bbprops\u00a0\u00bb:{\u00ab\u00a0animation\u00a0\u00bb:\u00a0\u00bbparallax\u00a0\u00bb,\u00a0\u00bbimage\u00a0\u00bb:\u00a0\u00bbwp-content\/uploads\/2024\/09\/AB-logo-definitivo2020.png\u00a0\u00bb,\u00a0\u00bbimage_height\u00a0\u00bb:80,\u00a0\u00bbimage_svg_color\u00a0\u00bb:\u00a0\u00bbemphasis\u00a0\u00bb,\u00a0\u00bbmargin_bottom\u00a0\u00bb:\u00a0\u00bblarge\u00a0\u00bb,\u00a0\u00bbmargin_top\u00a0\u00bb:\u00a0\u00bbremove\u00a0\u00bb,\u00a0\u00bbparallax_end\u00a0\u00bb:\u00a0\u00bb100%+10vh\u00a0\u00bb,\u00a0\u00bbparallax_start\u00a0\u00bb:\u00a0\u00bb-100vh\u00a0\u00bb,\u00a0\u00bbparallax_target\u00a0\u00bb:\u00a0\u00bb![class*=&rsquo;uk-section-&lsquo;] ~ [class*=&rsquo;uk-section-&lsquo;]\u00a0\u00bb,\u00a0\u00bbparallax_y\u00a0\u00bb:\u00a0\u00bb15vh,-12vh\u00a0\u00bb}},{\u00ab\u00a0type\u00a0\u00bb:\u00a0\u00bbheadline\u00a0\u00bb,\u00a0\u00bbprops\u00a0\u00bb:{\u00ab\u00a0animation\u00a0\u00bb:\u00a0\u00bbparallax\u00a0\u00bb,\u00a0\u00bbcontent\u00a0\u00bb:\u00a0\u00bbMobilier en<br class=\\\"uk-visible@m\\\">\\nboishaut de gamme, depuis 1966.\\n\u00a0\u00bb,\u00a0\u00bbimage_align\u00a0\u00bb:\u00a0\u00bbleft\u00a0\u00bb,\u00a0\u00bbimage_margin\u00a0\u00bb:\u00a0\u00bbxsmall\u00a0\u00bb,\u00a0\u00bbmargin_bottom\u00a0\u00bb:\u00a0\u00bbmedium\u00a0\u00bb,\u00a0\u00bbmargin_top\u00a0\u00bb:\u00a0\u00bbmedium\u00a0\u00bb,\u00a0\u00bbparallax_end\u00a0\u00bb:\u00a0\u00bb100%+10vh\u00a0\u00bb,\u00a0\u00bbparallax_start\u00a0\u00bb:\u00a0\u00bb-100vh\u00a0\u00bb,\u00a0\u00bbparallax_target\u00a0\u00bb:\u00a0\u00bb![class*=&rsquo;uk-section-&lsquo;] ~ [class*=&rsquo;uk-section-&lsquo;]\u00a0\u00bb,\u00a0\u00bbparallax_y\u00a0\u00bb:\u00a0\u00bb15vh,-15vh\u00a0\u00bb,\u00a0\u00bbtitle_element\u00a0\u00bb:\u00a0\u00bbh2&Prime;,\u00a0\u00bbtitle_style\u00a0\u00bb:\u00a0\u00bbheading-small\u00a0\u00bb}},{\u00ab\u00a0type\u00a0\u00bb:\u00a0\u00bbheadline\u00a0\u00bb,\u00a0\u00bbprops\u00a0\u00bb:{\u00ab\u00a0animation\u00a0\u00bb:\u00a0\u00bbparallax\u00a0\u00bb,\u00a0\u00bbcontent\u00a0\u00bb:\u00a0\u00bbArte Brotto est l\u2019entreprise d\u2019ameublement de la famille Brotto : depuis pr\u00e8s de 60 ans, elle con\u00e7oit et r\u00e9alise des collections de meubles et d\u2019accessoires en bois ainsi que des programmes modulaires pour la d\u00e9coration d\u2019int\u00e9rieur, de tr\u00e8s haute qualit\u00e9 et rigoureusement Made in Italy. Son ic\u00f4ne est la table one-off Vero, r\u00e9alis\u00e9e en combinant deux planches jumelles en Noyer ou en Ch\u00eane massif issues du c\u0153ur du m\u00eame tronc.\u00a0\u00bb,\u00a0\u00bbimage_align\u00a0\u00bb:\u00a0\u00bbleft\u00a0\u00bb,\u00a0\u00bbimage_margin\u00a0\u00bb:\u00a0\u00bbxsmall\u00a0\u00bb,\u00a0\u00bbmargin_bottom\u00a0\u00bb:\u00a0\u00bbdefault\u00a0\u00bb,\u00a0\u00bbmargin_top\u00a0\u00bb:\u00a0\u00bbdefault\u00a0\u00bb,\u00a0\u00bbmaxwidth\u00a0\u00bb:\u00a0\u00bb2xlarge\u00a0\u00bb,\u00a0\u00bbparallax_end\u00a0\u00bb:\u00a0\u00bb100%+10vh\u00a0\u00bb,\u00a0\u00bbparallax_start\u00a0\u00bb:\u00a0\u00bb-100vh\u00a0\u00bb,\u00a0\u00bbparallax_target\u00a0\u00bb:\u00a0\u00bb![class*=&rsquo;uk-section-&lsquo;] ~ [class*=&rsquo;uk-section-&lsquo;]\u00a0\u00bb,\u00a0\u00bbparallax_y\u00a0\u00bb:\u00a0\u00bb15vh,-18vh\u00a0\u00bb,\u00a0\u00bbtitle_element\u00a0\u00bb:\u00a0\u00bbdiv\u00a0\u00bb,\u00a0\u00bbtitle_style\u00a0\u00bb:\u00a0\u00bbtext-lead\u00a0\u00bb}},{\u00ab\u00a0type\u00a0\u00bb:\u00a0\u00bbbutton\u00a0\u00bb,\u00a0\u00bbprops\u00a0\u00bb:{\u00ab\u00a0animation\u00a0\u00bb:\u00a0\u00bbparallax\u00a0\u00bb,\u00a0\u00bbbutton_size\u00a0\u00bb:\u00a0\u00bblarge\u00a0\u00bb,\u00a0\u00bbgrid_column_gap\u00a0\u00bb:\u00a0\u00bbsmall\u00a0\u00bb,\u00a0\u00bbgrid_row_gap\u00a0\u00bb:\u00a0\u00bbsmall\u00a0\u00bb,\u00a0\u00bbmargin_bottom\u00a0\u00bb:\u00a0\u00bbdefault\u00a0\u00bb,\u00a0\u00bbmargin_top\u00a0\u00bb:\u00a0\u00bbdefault\u00a0\u00bb,\u00a0\u00bbparallax_end\u00a0\u00bb:\u00a0\u00bb100%+10vh\u00a0\u00bb,\u00a0\u00bbparallax_start\u00a0\u00bb:\u00a0\u00bb-100vh\u00a0\u00bb,\u00a0\u00bbparallax_target\u00a0\u00bb:\u00a0\u00bb![class*=&rsquo;uk-section-&lsquo;] ~ [class*=&rsquo;uk-section-&lsquo;]\u00a0\u00bb,\u00a0\u00bbparallax_y\u00a0\u00bb:\u00a0\u00bb20vh,-20vh\u00a0\u00bb,\u00a0\u00bbtext_align\u00a0\u00bb:\u00a0\u00bbleft\u00a0\u00bb},\u00a0\u00bbchildren\u00a0\u00bb:[{\u00ab\u00a0type\u00a0\u00bb:\u00a0\u00bbbutton_item\u00a0\u00bb,\u00a0\u00bbprops\u00a0\u00bb:{\u00ab\u00a0button_style\u00a0\u00bb:\u00a0\u00bbtext\u00a0\u00bb,\u00a0\u00bbcontent\u00a0\u00bb:\u00a0\u00bbEn savoir plus\u00a0\u00bb,\u00a0\u00bbdialog_layout\u00a0\u00bb:\u00a0\u00bbmodal\u00a0\u00bb,\u00a0\u00bbdialog_offcanvas_flip\u00a0\u00bb:true,\u00a0\u00bbicon_align\u00a0\u00bb:\u00a0\u00bbleft\u00a0\u00bb,\u00a0\u00bblink\u00a0\u00bb:\u00a0\u00bbhttps:\/\/www.artebrotto.it\/en\/\u00a0\u00bb,\u00a0\u00bblink_target\u00a0\u00bb:true}},{\u00ab\u00a0type\u00a0\u00bb:\u00a0\u00bbbutton_item\u00a0\u00bb,\u00a0\u00bbprops\u00a0\u00bb:{\u00ab\u00a0button_style\u00a0\u00bb:\u00a0\u00bbtext\u00a0\u00bb,\u00a0\u00bbcontent\u00a0\u00bb:\u00a0\u00bbScopri come Arte Brotto completa la proposta di Foglie d&rsquo;Oro\u00a0\u00bb,\u00a0\u00bbdialog_layout\u00a0\u00bb:\u00a0\u00bbmodal\u00a0\u00bb,\u00a0\u00bbdialog_offcanvas_flip\u00a0\u00bb:true,\u00a0\u00bbicon_align\u00a0\u00bb:\u00a0\u00bbleft\u00a0\u00bb,\u00a0\u00bblink\u00a0\u00bb:\u00a0\u00bb#\u00a0\u00bb,\u00a0\u00bbstatus\u00a0\u00bb:\u00a0\u00bbdisabled\u00a0\u00bb}}],\u00a0\u00bbname\u00a0\u00bb:\u00a0\u00bbButton\u00a0\u00bb}]}]}],\u00a0\u00bbname\u00a0\u00bb:\u00a0\u00bbArte Brotto\u00a0\u00bb},{\u00ab\u00a0type\u00a0\u00bb:\u00a0\u00bbsection\u00a0\u00bb,\u00a0\u00bbprops\u00a0\u00bb:{\u00ab\u00a0class\u00a0\u00bb:\u00a0\u00bbuk-hidden@m\u00a0\u00bb,\u00a0\u00bbheight\u00a0\u00bb:\u00a0\u00bbviewport\u00a0\u00bb,\u00a0\u00bbheight_viewport\u00a0\u00bb:80,\u00a0\u00bbid\u00a0\u00bb:\u00a0\u00bbpermanent-makeup\u00a0\u00bb,\u00a0\u00bbimage\u00a0\u00bb:\u00a0\u00bbwp-content\/uploads\/2025\/05\/03_ASIA_SEC_11zon.webp\u00a0\u00bb,\u00a0\u00bbimage_parallax_bgy\u00a0\u00bb:\u00a0\u00bb-30vh\u00a0\u00bb,\u00a0\u00bbimage_parallax_end\u00a0\u00bb:\u00a0\u00bb100%\u00a0\u00bb,\u00a0\u00bbimage_parallax_start\u00a0\u00bb:\u00a0\u00bb-100vh\u00a0\u00bb,\u00a0\u00bbimage_parallax_target\u00a0\u00bb:\u00a0\u00bb![class*=&rsquo;uk-section-&lsquo;] ~ [class*=&rsquo;uk-section-&lsquo;]\u00a0\u00bb,\u00a0\u00bbimage_position\u00a0\u00bb:\u00a0\u00bbcenter-center\u00a0\u00bb,\u00a0\u00bbimage_size\u00a0\u00bb:\u00a0\u00bbcover\u00a0\u00bb,\u00a0\u00bbimage_width\u00a0\u00bb:\u00a0\u00bb2560&Prime;,\u00a0\u00bbmedia_focal_point\u00a0\u00bb:\u00a0\u00bbcenter-left\u00a0\u00bb,\u00a0\u00bbmedia_overlay\u00a0\u00bb:\u00a0\u00bbrgba(0, 0, 0, 0.4)\u00a0\u00bb,\u00a0\u00bbmedia_overlay_parallax_opacity\u00a0\u00bb:\u00a0\u00bb0&Prime;,\u00a0\u00bbmedia_overlay_parallax_target\u00a0\u00bb:\u00a0\u00bb![class*=&rsquo;uk-section-&lsquo;] ~ [class*=&rsquo;uk-section-&lsquo;]\u00a0\u00bb,\u00a0\u00bbpadding_bottom\u00a0\u00bb:\u00a0\u00bblarge\u00a0\u00bb,\u00a0\u00bbpadding_top\u00a0\u00bb:\u00a0\u00bblarge\u00a0\u00bb,\u00a0\u00bbstyle\u00a0\u00bb:\u00a0\u00bbmuted\u00a0\u00bb,\u00a0\u00bbtext_color\u00a0\u00bb:\u00a0\u00bblight\u00a0\u00bb,\u00a0\u00bbtitle_breakpoint\u00a0\u00bb:\u00a0\u00bbxl\u00a0\u00bb,\u00a0\u00bbtitle_position\u00a0\u00bb:\u00a0\u00bbtop-left\u00a0\u00bb,\u00a0\u00bbtitle_rotation\u00a0\u00bb:\u00a0\u00bbleft\u00a0\u00bb,\u00a0\u00bbvertical_align\u00a0\u00bb:\u00a0\u00bbmiddle\u00a0\u00bb,\u00a0\u00bbwidth\u00a0\u00bb:\u00a0\u00bbxlarge\u00a0\u00bb},\u00a0\u00bbchildren\u00a0\u00bb:[{\u00ab\u00a0type\u00a0\u00bb:\u00a0\u00bbrow\u00a0\u00bb,\u00a0\u00bbchildren\u00a0\u00bb:[{\u00ab\u00a0type\u00a0\u00bb:\u00a0\u00bbcolumn\u00a0\u00bb,\u00a0\u00bbprops\u00a0\u00bb:{\u00ab\u00a0image_position\u00a0\u00bb:\u00a0\u00bbcenter-center\u00a0\u00bb,\u00a0\u00bbposition_sticky_breakpoint\u00a0\u00bb:\u00a0\u00bbm\u00a0\u00bb},\u00a0\u00bbchildren\u00a0\u00bb:[{\u00ab\u00a0type\u00a0\u00bb:\u00a0\u00bbimage\u00a0\u00bb,\u00a0\u00bbprops\u00a0\u00bb:{\u00ab\u00a0animation\u00a0\u00bb:\u00a0\u00bbnone\u00a0\u00bb,\u00a0\u00bbimage\u00a0\u00bb:\u00a0\u00bbwp-content\/uploads\/2024\/09\/AB-logo-definitivo2020.png\u00a0\u00bb,\u00a0\u00bbimage_height\u00a0\u00bb:80,\u00a0\u00bbimage_svg_color\u00a0\u00bb:\u00a0\u00bbemphasis\u00a0\u00bb,\u00a0\u00bbmargin_bottom\u00a0\u00bb:\u00a0\u00bblarge\u00a0\u00bb,\u00a0\u00bbmargin_top\u00a0\u00bb:\u00a0\u00bbremove\u00a0\u00bb,\u00a0\u00bbparallax_end\u00a0\u00bb:\u00a0\u00bb100%+10vh\u00a0\u00bb,\u00a0\u00bbparallax_start\u00a0\u00bb:\u00a0\u00bb-100vh\u00a0\u00bb,\u00a0\u00bbparallax_target\u00a0\u00bb:\u00a0\u00bb![class*=&rsquo;uk-section-&lsquo;] ~ [class*=&rsquo;uk-section-&lsquo;]\u00a0\u00bb,\u00a0\u00bbparallax_y\u00a0\u00bb:\u00a0\u00bb15vh,-12vh\u00a0\u00bb}},{\u00ab\u00a0type\u00a0\u00bb:\u00a0\u00bbheadline\u00a0\u00bb,\u00a0\u00bbprops\u00a0\u00bb:{\u00ab\u00a0animation\u00a0\u00bb:\u00a0\u00bbnone\u00a0\u00bb,\u00a0\u00bbcontent\u00a0\u00bb:\u00a0\u00bbMobilier en boishaut de gamme, <br class=\\\"uk-visible@m\\\">\\ndepuis 1966.\u00a0\u00bb,\u00a0\u00bbimage_align\u00a0\u00bb:\u00a0\u00bbleft\u00a0\u00bb,\u00a0\u00bbimage_margin\u00a0\u00bb:\u00a0\u00bbxsmall\u00a0\u00bb,\u00a0\u00bbmargin_bottom\u00a0\u00bb:\u00a0\u00bbsmall\u00a0\u00bb,\u00a0\u00bbmargin_top\u00a0\u00bb:\u00a0\u00bbsmall\u00a0\u00bb,\u00a0\u00bbparallax_end\u00a0\u00bb:\u00a0\u00bb100%+10vh\u00a0\u00bb,\u00a0\u00bbparallax_start\u00a0\u00bb:\u00a0\u00bb-100vh\u00a0\u00bb,\u00a0\u00bbparallax_target\u00a0\u00bb:\u00a0\u00bb![class*=&rsquo;uk-section-&lsquo;] ~ [class*=&rsquo;uk-section-&lsquo;]\u00a0\u00bb,\u00a0\u00bbparallax_y\u00a0\u00bb:\u00a0\u00bb15vh,-15vh\u00a0\u00bb,\u00a0\u00bbtitle_element\u00a0\u00bb:\u00a0\u00bbh2&Prime;,\u00a0\u00bbtitle_style\u00a0\u00bb:\u00a0\u00bbheading-small\u00a0\u00bb}},{\u00ab\u00a0type\u00a0\u00bb:\u00a0\u00bbheadline\u00a0\u00bb,\u00a0\u00bbprops\u00a0\u00bb:{\u00ab\u00a0animation\u00a0\u00bb:\u00a0\u00bbnone\u00a0\u00bb,\u00a0\u00bbcontent\u00a0\u00bb:\u00a0\u00bbArte Brotto est l\u2019entreprise d\u2019ameublement de la famille Brotto : depuis pr\u00e8s de 60 ans, elle con\u00e7oit et r\u00e9alise des collections de meubles et d\u2019accessoires en bois ainsi que des programmes modulaires pour la d\u00e9coration d\u2019int\u00e9rieur, de tr\u00e8s haute qualit\u00e9 et rigoureusement Made in Italy. Son ic\u00f4ne est la table one-off Vero, r\u00e9alis\u00e9e en combinant deux planches jumelles en Noyer ou en Ch\u00eane massif issues du c\u0153ur du m\u00eame tronc.\u00a0\u00bb,\u00a0\u00bbimage_align\u00a0\u00bb:\u00a0\u00bbleft\u00a0\u00bb,\u00a0\u00bbimage_margin\u00a0\u00bb:\u00a0\u00bbxsmall\u00a0\u00bb,\u00a0\u00bbmargin_bottom\u00a0\u00bb:\u00a0\u00bbdefault\u00a0\u00bb,\u00a0\u00bbmargin_top\u00a0\u00bb:\u00a0\u00bbdefault\u00a0\u00bb,\u00a0\u00bbparallax_end\u00a0\u00bb:\u00a0\u00bb100%+10vh\u00a0\u00bb,\u00a0\u00bbparallax_start\u00a0\u00bb:\u00a0\u00bb-100vh\u00a0\u00bb,\u00a0\u00bbparallax_target\u00a0\u00bb:\u00a0\u00bb![class*=&rsquo;uk-section-&lsquo;] ~ [class*=&rsquo;uk-section-&lsquo;]\u00a0\u00bb,\u00a0\u00bbparallax_y\u00a0\u00bb:\u00a0\u00bb15vh,-18vh\u00a0\u00bb,\u00a0\u00bbtitle_element\u00a0\u00bb:\u00a0\u00bbdiv\u00a0\u00bb,\u00a0\u00bbtitle_style\u00a0\u00bb:\u00a0\u00bbtext-large\u00a0\u00bb}},{\u00ab\u00a0type\u00a0\u00bb:\u00a0\u00bbbutton\u00a0\u00bb,\u00a0\u00bbprops\u00a0\u00bb:{\u00ab\u00a0animation\u00a0\u00bb:\u00a0\u00bbnone\u00a0\u00bb,\u00a0\u00bbgrid_column_gap\u00a0\u00bb:\u00a0\u00bbsmall\u00a0\u00bb,\u00a0\u00bbgrid_row_gap\u00a0\u00bb:\u00a0\u00bbsmall\u00a0\u00bb,\u00a0\u00bbmargin_bottom\u00a0\u00bb:\u00a0\u00bblarge\u00a0\u00bb,\u00a0\u00bbmargin_top\u00a0\u00bb:\u00a0\u00bblarge\u00a0\u00bb,\u00a0\u00bbparallax_end\u00a0\u00bb:\u00a0\u00bb100%+10vh\u00a0\u00bb,\u00a0\u00bbparallax_start\u00a0\u00bb:\u00a0\u00bb-100vh\u00a0\u00bb,\u00a0\u00bbparallax_target\u00a0\u00bb:\u00a0\u00bb![class*=&rsquo;uk-section-&lsquo;] ~ [class*=&rsquo;uk-section-&lsquo;]\u00a0\u00bb,\u00a0\u00bbparallax_y\u00a0\u00bb:\u00a0\u00bb20vh,-20vh\u00a0\u00bb,\u00a0\u00bbtext_align\u00a0\u00bb:\u00a0\u00bbleft\u00a0\u00bb},\u00a0\u00bbchildren\u00a0\u00bb:[{\u00ab\u00a0type\u00a0\u00bb:\u00a0\u00bbbutton_item\u00a0\u00bb,\u00a0\u00bbprops\u00a0\u00bb:{\u00ab\u00a0button_style\u00a0\u00bb:\u00a0\u00bbprimary\u00a0\u00bb,\u00a0\u00bbcontent\u00a0\u00bb:\u00a0\u00bbEn savoir plus\u00a0\u00bb,\u00a0\u00bbdialog_layout\u00a0\u00bb:\u00a0\u00bbmodal\u00a0\u00bb,\u00a0\u00bbdialog_offcanvas_flip\u00a0\u00bb:true,\u00a0\u00bbicon_align\u00a0\u00bb:\u00a0\u00bbleft\u00a0\u00bb,\u00a0\u00bblink\u00a0\u00bb:\u00a0\u00bbhttps:\/\/www.artebrotto.it\/en\/\u00a0\u00bb,\u00a0\u00bblink_target\u00a0\u00bb:true}},{\u00ab\u00a0type\u00a0\u00bb:\u00a0\u00bbbutton_item\u00a0\u00bb,\u00a0\u00bbprops\u00a0\u00bb:{\u00ab\u00a0button_style\u00a0\u00bb:\u00a0\u00bbtext\u00a0\u00bb,\u00a0\u00bbcontent\u00a0\u00bb:\u00a0\u00bbScopri come Arte Brotto completa la proposta di Foglie d&rsquo;Oro\u00a0\u00bb,\u00a0\u00bbdialog_layout\u00a0\u00bb:\u00a0\u00bbmodal\u00a0\u00bb,\u00a0\u00bbdialog_offcanvas_flip\u00a0\u00bb:true,\u00a0\u00bbicon_align\u00a0\u00bb:\u00a0\u00bbleft\u00a0\u00bb,\u00a0\u00bblink\u00a0\u00bb:\u00a0\u00bb#\u00a0\u00bb,\u00a0\u00bbstatus\u00a0\u00bb:\u00a0\u00bbdisabled\u00a0\u00bb}}],\u00a0\u00bbname\u00a0\u00bb:\u00a0\u00bbButton\u00a0\u00bb}]}]}],\u00a0\u00bbname\u00a0\u00bb:\u00a0\u00bbArte Brotto mobile\u00a0\u00bb},{\u00ab\u00a0type\u00a0\u00bb:\u00a0\u00bbsection\u00a0\u00bb,\u00a0\u00bbprops\u00a0\u00bb:{\u00ab\u00a0animation\u00a0\u00bb:\u00a0\u00bbslide-bottom-small\u00a0\u00bb,\u00a0\u00bbanimation_delay\u00a0\u00bb:\u00a0\u00bb200&Prime;,\u00a0\u00bbimage_position\u00a0\u00bb:\u00a0\u00bbcenter-center\u00a0\u00bb,\u00a0\u00bbpadding_bottom\u00a0\u00bb:\u00a0\u00bbxlarge\u00a0\u00bb,\u00a0\u00bbpadding_top\u00a0\u00bb:\u00a0\u00bbxlarge\u00a0\u00bb,\u00a0\u00bbstyle\u00a0\u00bb:\u00a0\u00bbdefault\u00a0\u00bb,\u00a0\u00bbtitle_breakpoint\u00a0\u00bb:\u00a0\u00bbxl\u00a0\u00bb,\u00a0\u00bbtitle_position\u00a0\u00bb:\u00a0\u00bbtop-left\u00a0\u00bb,\u00a0\u00bbtitle_rotation\u00a0\u00bb:\u00a0\u00bbleft\u00a0\u00bb,\u00a0\u00bbvertical_align\u00a0\u00bb:\u00a0\u00bb\u00a0\u00bb,\u00a0\u00bbwidth\u00a0\u00bb:\u00a0\u00bbexpand\u00a0\u00bb},\u00a0\u00bbchildren\u00a0\u00bb:[{\u00ab\u00a0type\u00a0\u00bb:\u00a0\u00bbrow\u00a0\u00bb,\u00a0\u00bbprops\u00a0\u00bb:{\u00ab\u00a0layout\u00a0\u00bb:\u00a0\u00bb1-3,2-3&Prime;,\u00a0\u00bbmargin_bottom\u00a0\u00bb:\u00a0\u00bbxlarge\u00a0\u00bb,\u00a0\u00bbmargin_top\u00a0\u00bb:\u00a0\u00bbxlarge\u00a0\u00bb},\u00a0\u00bbchildren\u00a0\u00bb:[{\u00ab\u00a0type\u00a0\u00bb:\u00a0\u00bbcolumn\u00a0\u00bb,\u00a0\u00bbprops\u00a0\u00bb:{\u00ab\u00a0image_position\u00a0\u00bb:\u00a0\u00bbcenter-center\u00a0\u00bb,\u00a0\u00bborder_first\u00a0\u00bb:\u00a0\u00bbm\u00a0\u00bb,\u00a0\u00bbposition_sticky_breakpoint\u00a0\u00bb:\u00a0\u00bbm\u00a0\u00bb,\u00a0\u00bbvertical_align\u00a0\u00bb:\u00a0\u00bbbottom\u00a0\u00bb,\u00a0\u00bbwidth_medium\u00a0\u00bb:\u00a0\u00bb1-3&Prime;},\u00a0\u00bbchildren\u00a0\u00bb:[{\u00ab\u00a0type\u00a0\u00bb:\u00a0\u00bblist\u00a0\u00bb,\u00a0\u00bbprops\u00a0\u00bb:{\u00ab\u00a0block_align\u00a0\u00bb:\u00a0\u00bbright\u00a0\u00bb,\u00a0\u00bbcolumn_breakpoint\u00a0\u00bb:\u00a0\u00bbm\u00a0\u00bb,\u00a0\u00bbimage_align\u00a0\u00bb:\u00a0\u00bbleft\u00a0\u00bb,\u00a0\u00bbimage_svg_color\u00a0\u00bb:\u00a0\u00bbemphasis\u00a0\u00bb,\u00a0\u00bbimage_vertical_align\u00a0\u00bb:true,\u00a0\u00bblink_style\u00a0\u00bb:\u00a0\u00bbheading\u00a0\u00bb,\u00a0\u00bblist_element\u00a0\u00bb:\u00a0\u00bbul\u00a0\u00bb,\u00a0\u00bblist_horizontal_separator\u00a0\u00bb:\u00a0\u00bb, \u00ab\u00a0,\u00a0\u00bblist_size\u00a0\u00bb:\u00a0\u00bbcollapse\u00a0\u00bb,\u00a0\u00bblist_type\u00a0\u00bb:\u00a0\u00bbvertical\u00a0\u00bb,\u00a0\u00bbmargin_bottom\u00a0\u00bb:\u00a0\u00bbdefault\u00a0\u00bb,\u00a0\u00bbmargin_top\u00a0\u00bb:\u00a0\u00bbdefault\u00a0\u00bb,\u00a0\u00bbmaxwidth\u00a0\u00bb:\u00a0\u00bblarge\u00a0\u00bb,\u00a0\u00bbmaxwidth_breakpoint\u00a0\u00bb:\u00a0\u00bbm\u00a0\u00bb,\u00a0\u00bbshow_image\u00a0\u00bb:true,\u00a0\u00bbshow_link\u00a0\u00bb:true},\u00a0\u00bbchildren\u00a0\u00bb:[{\u00ab\u00a0type\u00a0\u00bb:\u00a0\u00bblist_item\u00a0\u00bb,\u00a0\u00bbsource\u00a0\u00bb:{\u00ab\u00a0query\u00a0\u00bb:{\u00ab\u00a0name\u00a0\u00bb:\u00a0\u00bbcategories.customCategory\u00a0\u00bb,\u00a0\u00bbarguments\u00a0\u00bb:{\u00ab\u00a0id\u00a0\u00bb:186}},\u00a0\u00bbprops\u00a0\u00bb:{\u00ab\u00a0link\u00a0\u00bb:{\u00ab\u00a0name\u00a0\u00bb:\u00a0\u00bblink\u00a0\u00bb}}},\u00a0\u00bbprops\u00a0\u00bb:{\u00ab\u00a0content\u00a0\u00bb:\u00a0\u00bbActualit\u00e9s\u00a0\u00bb}},{\u00ab\u00a0type\u00a0\u00bb:\u00a0\u00bblist_item\u00a0\u00bb,\u00a0\u00bbsource\u00a0\u00bb:{\u00ab\u00a0query\u00a0\u00bb:{\u00ab\u00a0name\u00a0\u00bb:\u00a0\u00bbcategories.customCategory\u00a0\u00bb,\u00a0\u00bbarguments\u00a0\u00bb:{\u00ab\u00a0id\u00a0\u00bb:188}},\u00a0\u00bbprops\u00a0\u00bb:{\u00ab\u00a0content\u00a0\u00bb:{\u00ab\u00a0name\u00a0\u00bb:\u00a0\u00bbname\u00a0\u00bb},\u00a0\u00bblink\u00a0\u00bb:{\u00ab\u00a0name\u00a0\u00bb:\u00a0\u00bblink\u00a0\u00bb}}}},{\u00ab\u00a0type\u00a0\u00bb:\u00a0\u00bblist_item\u00a0\u00bb,\u00a0\u00bbprops\u00a0\u00bb:{\u00ab\u00a0content\u00a0\u00bb:\u00a0\u00bbEtichettatura ambientale\u00a0\u00bb,\u00a0\u00bblink\u00a0\u00bb:\u00a0\u00bb#\u00a0\u00bb,\u00a0\u00bbstatus\u00a0\u00bb:\u00a0\u00bbdisabled\u00a0\u00bb}},{\u00ab\u00a0type\u00a0\u00bb:\u00a0\u00bblist_item\u00a0\u00bb,\u00a0\u00bbprops\u00a0\u00bb:{\u00ab\u00a0content\u00a0\u00bb:\u00a0\u00bbNettoyage et entretien\u00a0\u00bb},\u00a0\u00bbsource\u00a0\u00bb:{\u00ab\u00a0query\u00a0\u00bb:{\u00ab\u00a0name\u00a0\u00bb:\u00a0\u00bbpages.customPage\u00a0\u00bb,\u00a0\u00bbarguments\u00a0\u00bb:{\u00ab\u00a0users\u00a0\u00bb:[],\u00a0\u00bbusers_operator\u00a0\u00bb:\u00a0\u00bbIN\u00a0\u00bb,\u00a0\u00bboffset\u00a0\u00bb:0,\u00a0\u00bborder\u00a0\u00bb:\u00a0\u00bbdate\u00a0\u00bb,\u00a0\u00bborder_direction\u00a0\u00bb:\u00a0\u00bbDESC\u00a0\u00bb,\u00a0\u00bbid\u00a0\u00bb:525}},\u00a0\u00bbprops\u00a0\u00bb:{\u00ab\u00a0link\u00a0\u00bb:{\u00ab\u00a0name\u00a0\u00bb:\u00a0\u00bblink\u00a0\u00bb}}}}]}]},{\u00ab\u00a0type\u00a0\u00bb:\u00a0\u00bbcolumn\u00a0\u00bb,\u00a0\u00bbprops\u00a0\u00bb:{\u00ab\u00a0image_position\u00a0\u00bb:\u00a0\u00bbcenter-center\u00a0\u00bb,\u00a0\u00bborder_first\u00a0\u00bb:\u00a0\u00bbxs\u00a0\u00bb,\u00a0\u00bbposition_sticky_breakpoint\u00a0\u00bb:\u00a0\u00bbm\u00a0\u00bb,\u00a0\u00bbwidth_medium\u00a0\u00bb:\u00a0\u00bb2-3&Prime;},\u00a0\u00bbchildren\u00a0\u00bb:[{\u00ab\u00a0type\u00a0\u00bb:\u00a0\u00bbheadline\u00a0\u00bb,\u00a0\u00bbprops\u00a0\u00bb:{\u00ab\u00a0block_align\u00a0\u00bb:\u00a0\u00bbright\u00a0\u00bb,\u00a0\u00bbcontent\u00a0\u00bb:\u00a0\u00bbActualit\u00e9s <br \/>et nouveaut\u00e9s\u00a0\u00bb,\u00a0\u00bbimage_align\u00a0\u00bb:\u00a0\u00bbleft\u00a0\u00bb,\u00a0\u00bbimage_margin\u00a0\u00bb:\u00a0\u00bbxsmall\u00a0\u00bb,\u00a0\u00bbmargin_bottom\u00a0\u00bb:\u00a0\u00bblarge\u00a0\u00bb,\u00a0\u00bbmargin_top\u00a0\u00bb:\u00a0\u00bblarge\u00a0\u00bb,\u00a0\u00bbtitle_color\u00a0\u00bb:\u00a0\u00bbprimary\u00a0\u00bb,\u00a0\u00bbtitle_element\u00a0\u00bb:\u00a0\u00bbh2&Prime;,\u00a0\u00bbtitle_style\u00a0\u00bb:\u00a0\u00bbheading-small\u00a0\u00bb}},{\u00ab\u00a0type\u00a0\u00bb:\u00a0\u00bbheadline\u00a0\u00bb,\u00a0\u00bbprops\u00a0\u00bb:{\u00ab\u00a0content\u00a0\u00bb:\u00a0\u00bbConsultez les derni\u00e8res nouveaut\u00e9s de l\u2019univers de Foglie d\u2019Oro.\u00a0\u00bb,\u00a0\u00bbimage_align\u00a0\u00bb:\u00a0\u00bbleft\u00a0\u00bb,\u00a0\u00bbimage_margin\u00a0\u00bb:\u00a0\u00bbxsmall\u00a0\u00bb,\u00a0\u00bbmaxwidth\u00a0\u00bb:\u00a0\u00bb2xlarge\u00a0\u00bb,\u00a0\u00bbtitle_element\u00a0\u00bb:\u00a0\u00bbdiv\u00a0\u00bb,\u00a0\u00bbtitle_style\u00a0\u00bb:\u00a0\u00bbh3&Prime;}}]}]},{\u00ab\u00a0type\u00a0\u00bb:\u00a0\u00bbrow\u00a0\u00bb,\u00a0\u00bbchildren\u00a0\u00bb:[{\u00ab\u00a0type\u00a0\u00bb:\u00a0\u00bbcolumn\u00a0\u00bb,\u00a0\u00bbprops\u00a0\u00bb:{\u00ab\u00a0image_position\u00a0\u00bb:\u00a0\u00bbcenter-center\u00a0\u00bb,\u00a0\u00bbposition_sticky_breakpoint\u00a0\u00bb:\u00a0\u00bbm\u00a0\u00bb},\u00a0\u00bbchildren\u00a0\u00bb:[{\u00ab\u00a0type\u00a0\u00bb:\u00a0\u00bbpanel-slider\u00a0\u00bb,\u00a0\u00bbprops\u00a0\u00bb:{\u00ab\u00a0animation\u00a0\u00bb:\u00a0\u00bbslide-bottom-small\u00a0\u00bb,\u00a0\u00bbcontent_column_breakpoint\u00a0\u00bb:\u00a0\u00bbm\u00a0\u00bb,\u00a0\u00bbimage_align\u00a0\u00bb:\u00a0\u00bbtop\u00a0\u00bb,\u00a0\u00bbimage_grid_breakpoint\u00a0\u00bb:\u00a0\u00bbm\u00a0\u00bb,\u00a0\u00bbimage_grid_width\u00a0\u00bb:\u00a0\u00bb1-2&Prime;,\u00a0\u00bbimage_height\u00a0\u00bb:600,\u00a0\u00bbimage_svg_color\u00a0\u00bb:\u00a0\u00bbemphasis\u00a0\u00bb,\u00a0\u00bbimage_width\u00a0\u00bb:\u00a0\u00bb600&Prime;,\u00a0\u00bblink_margin\u00a0\u00bb:\u00a0\u00bbsmall\u00a0\u00bb,\u00a0\u00bblink_style\u00a0\u00bb:\u00a0\u00bblink-text\u00a0\u00bb,\u00a0\u00bblink_text\u00a0\u00bb:\u00a0\u00bb\u00a0\u00bb,\u00a0\u00bbmargin_bottom\u00a0\u00bb:\u00a0\u00bbdefault\u00a0\u00bb,\u00a0\u00bbmargin_top\u00a0\u00bb:\u00a0\u00bbdefault\u00a0\u00bb,\u00a0\u00bbmeta_align\u00a0\u00bb:\u00a0\u00bbabove-content\u00a0\u00bb,\u00a0\u00bbmeta_element\u00a0\u00bb:\u00a0\u00bbdiv\u00a0\u00bb,\u00a0\u00bbmeta_style\u00a0\u00bb:\u00a0\u00bbh6&Prime;,\u00a0\u00bbnav\u00a0\u00bb:\u00a0\u00bb\u00a0\u00bb,\u00a0\u00bbnav_align\u00a0\u00bb:\u00a0\u00bbcenter\u00a0\u00bb,\u00a0\u00bbnav_breakpoint\u00a0\u00bb:\u00a0\u00bbs\u00a0\u00bb,\u00a0\u00bbpanel_link\u00a0\u00bb:true,\u00a0\u00bbpanel_match\u00a0\u00bb:true,\u00a0\u00bbshow_content\u00a0\u00bb:true,\u00a0\u00bbshow_hover_image\u00a0\u00bb:true,\u00a0\u00bbshow_hover_video\u00a0\u00bb:true,\u00a0\u00bbshow_image\u00a0\u00bb:true,\u00a0\u00bbshow_link\u00a0\u00bb:true,\u00a0\u00bbshow_meta\u00a0\u00bb:true,\u00a0\u00bbshow_title\u00a0\u00bb:true,\u00a0\u00bbshow_video\u00a0\u00bb:true,\u00a0\u00bbslidenav\u00a0\u00bb:\u00a0\u00bbbottom-right\u00a0\u00bb,\u00a0\u00bbslidenav_breakpoint\u00a0\u00bb:\u00a0\u00bbm\u00a0\u00bb,\u00a0\u00bbslidenav_hover\u00a0\u00bb:false,\u00a0\u00bbslidenav_large\u00a0\u00bb:false,\u00a0\u00bbslidenav_margin\u00a0\u00bb:\u00a0\u00bbmedium\u00a0\u00bb,\u00a0\u00bbslidenav_outside_breakpoint\u00a0\u00bb:\u00a0\u00bbxl\u00a0\u00bb,\u00a0\u00bbslider_autoplay\u00a0\u00bb:false,\u00a0\u00bbslider_autoplay_interval\u00a0\u00bb:\u00a0\u00bb11&Prime;,\u00a0\u00bbslider_autoplay_pause\u00a0\u00bb:true,\u00a0\u00bbslider_center\u00a0\u00bb:false,\u00a0\u00bbslider_finite\u00a0\u00bb:true,\u00a0\u00bbslider_gap\u00a0\u00bb:\u00a0\u00bbdefault\u00a0\u00bb,\u00a0\u00bbslider_width\u00a0\u00bb:\u00a0\u00bbfixed\u00a0\u00bb,\u00a0\u00bbslider_width_default\u00a0\u00bb:\u00a0\u00bb4-5&Prime;,\u00a0\u00bbslider_width_large\u00a0\u00bb:\u00a0\u00bb1-3&Prime;,\u00a0\u00bbslider_width_medium\u00a0\u00bb:\u00a0\u00bb1-2&Prime;,\u00a0\u00bbslider_width_small\u00a0\u00bb:\u00a0\u00bb3-5&Prime;,\u00a0\u00bbslider_width_xlarge\u00a0\u00bb:\u00a0\u00bb1-4&Prime;,\u00a0\u00bbtitle_align\u00a0\u00bb:\u00a0\u00bbleft\u00a0\u00bb,\u00a0\u00bbtitle_element\u00a0\u00bb:\u00a0\u00bbh3&Prime;,\u00a0\u00bbtitle_grid_breakpoint\u00a0\u00bb:\u00a0\u00bb\u00a0\u00bb,\u00a0\u00bbtitle_grid_width\u00a0\u00bb:\u00a0\u00bbauto\u00a0\u00bb,\u00a0\u00bbtitle_hover_style\u00a0\u00bb:\u00a0\u00bbreset\u00a0\u00bb,\u00a0\u00bbtitle_style\u00a0\u00bb:\u00a0\u00bbtext-large\u00a0\u00bb},\u00a0\u00bbchildren\u00a0\u00bb:[{\u00ab\u00a0type\u00a0\u00bb:\u00a0\u00bbpanel-slider_item\u00a0\u00bb,\u00a0\u00bbprops\u00a0\u00bb:{\u00ab\u00a0item_element\u00a0\u00bb:\u00a0\u00bbarticle\u00a0\u00bb,\u00a0\u00bbmeta\u00a0\u00bb:\u00a0\u00bb\u00a0\u00bb},\u00a0\u00bbsource\u00a0\u00bb:{\u00ab\u00a0query\u00a0\u00bb:{\u00ab\u00a0name\u00a0\u00bb:\u00a0\u00bbposts.customPosts\u00a0\u00bb,\u00a0\u00bbarguments\u00a0\u00bb:{\u00ab\u00a0terms\u00a0\u00bb:[189,186,7],\u00a0\u00bbcategory_operator\u00a0\u00bb:\u00a0\u00bbIN\u00a0\u00bb,\u00a0\u00bbpost_tag_operator\u00a0\u00bb:\u00a0\u00bbIN\u00a0\u00bb,\u00a0\u00bbusers\u00a0\u00bb:[],\u00a0\u00bbusers_operator\u00a0\u00bb:\u00a0\u00bbIN\u00a0\u00bb,\u00a0\u00bboffset\u00a0\u00bb:0,\u00a0\u00bblimit\u00a0\u00bb:5,\u00a0\u00bborder\u00a0\u00bb:\u00a0\u00bbdate\u00a0\u00bb,\u00a0\u00bborder_direction\u00a0\u00bb:\u00a0\u00bbDESC\u00a0\u00bb}},\u00a0\u00bbprops\u00a0\u00bb:{\u00ab\u00a0title\u00a0\u00bb:{\u00ab\u00a0name\u00a0\u00bb:\u00a0\u00bbtitle\u00a0\u00bb},\u00a0\u00bbimage\u00a0\u00bb:{\u00ab\u00a0name\u00a0\u00bb:\u00a0\u00bbfeaturedImage.url\u00a0\u00bb},\u00a0\u00bblink\u00a0\u00bb:{\u00ab\u00a0name\u00a0\u00bb:\u00a0\u00bblink\u00a0\u00bb}}}},{\u00ab\u00a0type\u00a0\u00bb:\u00a0\u00bbpanel-slider_item\u00a0\u00bb,\u00a0\u00bbprops\u00a0\u00bb:{\u00ab\u00a0image\u00a0\u00bb:\u00a0\u00bbhttps:\/\/fogliedoroparquet.com\/wp-content\/uploads\/2024\/01\/HPMK-febbraio-2024-1.jpg\u00a0\u00bb,\u00a0\u00bbitem_element\u00a0\u00bb:\u00a0\u00bbarticle\u00a0\u00bb,\u00a0\u00bblink\u00a0\u00bb:\u00a0\u00bb#\u00a0\u00bb,\u00a0\u00bbmeta\u00a0\u00bb:\u00a0\u00bb\u00a0\u00bb,\u00a0\u00bbstatus\u00a0\u00bb:\u00a0\u00bbdisabled\u00a0\u00bb,\u00a0\u00bbtitle\u00a0\u00bb:\u00a0\u00bbFoglie d\u2019Oro e Arte Brotto con Artitalia Group ad High Point MKT Spring\u00a0\u00bb}},{\u00ab\u00a0type\u00a0\u00bb:\u00a0\u00bbpanel-slider_item\u00a0\u00bb,\u00a0\u00bbprops\u00a0\u00bb:{\u00ab\u00a0image\u00a0\u00bb:\u00a0\u00bbhttps:\/\/fogliedoroparquet.com\/wp-content\/uploads\/2023\/04\/HPMK-ottobre-2023_FDO.jpg\u00a0\u00bb,\u00a0\u00bbitem_element\u00a0\u00bb:\u00a0\u00bbarticle\u00a0\u00bb,\u00a0\u00bblink\u00a0\u00bb:\u00a0\u00bb#\u00a0\u00bb,\u00a0\u00bbmeta\u00a0\u00bb:\u00a0\u00bb\u00a0\u00bb,\u00a0\u00bbstatus\u00a0\u00bb:\u00a0\u00bbdisabled\u00a0\u00bb,\u00a0\u00bbtitle\u00a0\u00bb:\u00a0\u00bbHigh Point MKT Fall 2023. Foglie d\u2019Oro ospite di Artitalia Group con Arte Brotto\u00a0\u00bb}},{\u00ab\u00a0type\u00a0\u00bb:\u00a0\u00bbpanel-slider_item\u00a0\u00bb,\u00a0\u00bbprops\u00a0\u00bb:{\u00ab\u00a0image\u00a0\u00bb:\u00a0\u00bbhttps:\/\/fogliedoroparquet.com\/wp-content\/uploads\/2023\/10\/FDO-Architect-Work-Colorsense-NEWS.jpg\u00a0\u00bb,\u00a0\u00bbitem_element\u00a0\u00bb:\u00a0\u00bbarticle\u00a0\u00bb,\u00a0\u00bblink\u00a0\u00bb:\u00a0\u00bb#\u00a0\u00bb,\u00a0\u00bbmeta\u00a0\u00bb:\u00a0\u00bb\u00a0\u00bb,\u00a0\u00bbstatus\u00a0\u00bb:\u00a0\u00bbdisabled\u00a0\u00bb,\u00a0\u00bbtitle\u00a0\u00bb:\u00a0\u00bbFoglie d\u2019Oro presenta Colorsense ad Architect@Work Paris 2023&Prime;}}]}]}]},{\u00ab\u00a0type\u00a0\u00bb:\u00a0\u00bbrow\u00a0\u00bb,\u00a0\u00bbprops\u00a0\u00bb:{\u00ab\u00a0margin_bottom\u00a0\u00bb:\u00a0\u00bblarge\u00a0\u00bb,\u00a0\u00bbmargin_top\u00a0\u00bb:\u00a0\u00bblarge\u00a0\u00bb,\u00a0\u00bbstatus\u00a0\u00bb:\u00a0\u00bbdisabled\u00a0\u00bb},\u00a0\u00bbchildren\u00a0\u00bb:[{\u00ab\u00a0type\u00a0\u00bb:\u00a0\u00bbcolumn\u00a0\u00bb,\u00a0\u00bbprops\u00a0\u00bb:{\u00ab\u00a0image_position\u00a0\u00bb:\u00a0\u00bbcenter-center\u00a0\u00bb,\u00a0\u00bbposition_sticky_breakpoint\u00a0\u00bb:\u00a0\u00bbm\u00a0\u00bb},\u00a0\u00bbchildren\u00a0\u00bb:[{\u00ab\u00a0type\u00a0\u00bb:\u00a0\u00bbheadline\u00a0\u00bb,\u00a0\u00bbprops\u00a0\u00bb:{\u00ab\u00a0content\u00a0\u00bb:\u00a0\u00bbFollow us on <span uk-icon=\\\"icon: instagram; ratio: 2\\\"><\/span>\u00ab\u00a0,\u00a0\u00bbimage_align\u00a0\u00bb:\u00a0\u00bbleft\u00a0\u00bb,\u00a0\u00bbimage_margin\u00a0\u00bb:\u00a0\u00bbxsmall\u00a0\u00bb,\u00a0\u00bbtitle_element\u00a0\u00bb:\u00a0\u00bbh4&Prime;,\u00a0\u00bbtitle_style\u00a0\u00bb:\u00a0\u00bbh3&Prime;}},{\u00ab\u00a0name\u00a0\u00bb:\u00a0\u00bbOverlay Slider Overlay Primary Cover Hover\u00a0\u00bb,\u00a0\u00bbtype\u00a0\u00bb:\u00a0\u00bboverlay-slider\u00a0\u00bb,\u00a0\u00bbchildren\u00a0\u00bb:[{\u00ab\u00a0type\u00a0\u00bb:\u00a0\u00bboverlay-slider_item\u00a0\u00bb,\u00a0\u00bbprops\u00a0\u00bb:{\u00ab\u00a0content\u00a0\u00bb:\u00a0\u00bb\u00a0\u00bb,\u00a0\u00bbimage\u00a0\u00bb:\u00a0\u00bbhttps:\/\/fogliedoroparquet.com\/wp-content\/uploads\/sb-instagram-feed-images\/448915346_996599019133085_5879342272118269153_nlow.jpg\u00a0\u00bb,\u00a0\u00bblink\u00a0\u00bb:\u00a0\u00bb#\u00a0\u00bb,\u00a0\u00bbmeta\u00a0\u00bb:\u00a0\u00bb<span uk-icon=\\\"icon: instagram\\\"><\/span>\u00ab\u00a0,\u00a0\u00bbtitle\u00a0\u00bb:\u00a0\u00bbView on Instagram\u00a0\u00bb}},{\u00ab\u00a0type\u00a0\u00bb:\u00a0\u00bboverlay-slider_item\u00a0\u00bb,\u00a0\u00bbprops\u00a0\u00bb:{\u00ab\u00a0content\u00a0\u00bb:\u00a0\u00bb\u00a0\u00bb,\u00a0\u00bbimage\u00a0\u00bb:\u00a0\u00bbhttps:\/\/fogliedoroparquet.com\/wp-content\/uploads\/sb-instagram-feed-images\/448929967_996598279133159_7302476692066385536_nlow.jpg\u00a0\u00bb,\u00a0\u00bblink\u00a0\u00bb:\u00a0\u00bb#\u00a0\u00bb,\u00a0\u00bbmeta\u00a0\u00bb:\u00a0\u00bb<span uk-icon=\\\"icon: instagram\\\"><\/span>\u00ab\u00a0,\u00a0\u00bbtitle\u00a0\u00bb:\u00a0\u00bbView on Instagram\u00a0\u00bb}},{\u00ab\u00a0type\u00a0\u00bb:\u00a0\u00bboverlay-slider_item\u00a0\u00bb,\u00a0\u00bbprops\u00a0\u00bb:{\u00ab\u00a0content\u00a0\u00bb:\u00a0\u00bb\u00a0\u00bb,\u00a0\u00bbimage\u00a0\u00bb:\u00a0\u00bbhttps:\/\/fogliedoroparquet.com\/wp-content\/uploads\/sb-instagram-feed-images\/448924541_996596675799986_972862527487371668_nlow.jpg\u00a0\u00bb,\u00a0\u00bblink\u00a0\u00bb:\u00a0\u00bb#\u00a0\u00bb,\u00a0\u00bbmeta\u00a0\u00bb:\u00a0\u00bb<span uk-icon=\\\"icon: instagram\\\"><\/span>\u00ab\u00a0,\u00a0\u00bbtitle\u00a0\u00bb:\u00a0\u00bbView on Instagram\u00a0\u00bb}},{\u00ab\u00a0type\u00a0\u00bb:\u00a0\u00bboverlay-slider_item\u00a0\u00bb,\u00a0\u00bbprops\u00a0\u00bb:{\u00ab\u00a0content\u00a0\u00bb:\u00a0\u00bb\u00a0\u00bb,\u00a0\u00bbimage\u00a0\u00bb:\u00a0\u00bbhttps:\/\/fogliedoroparquet.com\/wp-content\/uploads\/sb-instagram-feed-images\/448172322_988091896650464_4222400222134264784_nlow.jpg\u00a0\u00bb,\u00a0\u00bblink\u00a0\u00bb:\u00a0\u00bb#\u00a0\u00bb,\u00a0\u00bbmeta\u00a0\u00bb:\u00a0\u00bb<span uk-icon=\\\"icon: instagram\\\"><\/span>\u00ab\u00a0,\u00a0\u00bbtitle\u00a0\u00bb:\u00a0\u00bbView on Instagram\u00a0\u00bb}},{\u00ab\u00a0type\u00a0\u00bb:\u00a0\u00bboverlay-slider_item\u00a0\u00bb,\u00a0\u00bbprops\u00a0\u00bb:{\u00ab\u00a0content\u00a0\u00bb:\u00a0\u00bb\u00a0\u00bb,\u00a0\u00bbimage\u00a0\u00bb:\u00a0\u00bbhttps:\/\/fogliedoroparquet.com\/wp-content\/uploads\/sb-instagram-feed-images\/448915346_996599019133085_5879342272118269153_nlow.jpg\u00a0\u00bb,\u00a0\u00bblink\u00a0\u00bb:\u00a0\u00bb#\u00a0\u00bb,\u00a0\u00bbmeta\u00a0\u00bb:\u00a0\u00bb<span uk-icon=\\\"icon: instagram\\\"><\/span>\u00ab\u00a0,\u00a0\u00bbtitle\u00a0\u00bb:\u00a0\u00bbView on Instagram\u00a0\u00bb}},{\u00ab\u00a0type\u00a0\u00bb:\u00a0\u00bboverlay-slider_item\u00a0\u00bb,\u00a0\u00bbprops\u00a0\u00bb:{\u00ab\u00a0content\u00a0\u00bb:\u00a0\u00bb\u00a0\u00bb,\u00a0\u00bbimage\u00a0\u00bb:\u00a0\u00bbhttps:\/\/fogliedoroparquet.com\/wp-content\/uploads\/sb-instagram-feed-images\/448929967_996598279133159_7302476692066385536_nlow.jpg\u00a0\u00bb,\u00a0\u00bblink\u00a0\u00bb:\u00a0\u00bb#\u00a0\u00bb,\u00a0\u00bbmeta\u00a0\u00bb:\u00a0\u00bb<span uk-icon=\\\"icon: instagram\\\"><\/span>\u00ab\u00a0,\u00a0\u00bbtitle\u00a0\u00bb:\u00a0\u00bbView on Instagram\u00a0\u00bb}},{\u00ab\u00a0type\u00a0\u00bb:\u00a0\u00bboverlay-slider_item\u00a0\u00bb,\u00a0\u00bbprops\u00a0\u00bb:{\u00ab\u00a0content\u00a0\u00bb:\u00a0\u00bb\u00a0\u00bb,\u00a0\u00bbimage\u00a0\u00bb:\u00a0\u00bbhttps:\/\/fogliedoroparquet.com\/wp-content\/uploads\/sb-instagram-feed-images\/448924541_996596675799986_972862527487371668_nlow.jpg\u00a0\u00bb,\u00a0\u00bblink\u00a0\u00bb:\u00a0\u00bb#\u00a0\u00bb,\u00a0\u00bbmeta\u00a0\u00bb:\u00a0\u00bb<span uk-icon=\\\"icon: instagram\\\"><\/span>\u00ab\u00a0,\u00a0\u00bbtitle\u00a0\u00bb:\u00a0\u00bbView on Instagram\u00a0\u00bb}}],\u00a0\u00bbprops\u00a0\u00bb:{\u00ab\u00a0content_margin\u00a0\u00bb:\u00a0\u00bbsmall\u00a0\u00bb,\u00a0\u00bbimage_width\u00a0\u00bb:\u00a0\u00bb400&Prime;,\u00a0\u00bblink_style\u00a0\u00bb:\u00a0\u00bbdefault\u00a0\u00bb,\u00a0\u00bblink_text\u00a0\u00bb:\u00a0\u00bb\u00a0\u00bb,\u00a0\u00bbmargin_bottom\u00a0\u00bb:\u00a0\u00bbdefault\u00a0\u00bb,\u00a0\u00bbmargin_top\u00a0\u00bb:\u00a0\u00bbdefault\u00a0\u00bb,\u00a0\u00bbmeta_align\u00a0\u00bb:\u00a0\u00bbbelow-title\u00a0\u00bb,\u00a0\u00bbmeta_color\u00a0\u00bb:\u00a0\u00bbemphasis\u00a0\u00bb,\u00a0\u00bbmeta_element\u00a0\u00bb:\u00a0\u00bbdiv\u00a0\u00bb,\u00a0\u00bbmeta_style\u00a0\u00bb:\u00a0\u00bbtext-meta\u00a0\u00bb,\u00a0\u00bbmeta_transition\u00a0\u00bb:\u00a0\u00bbslide-bottom-small\u00a0\u00bb,\u00a0\u00bbnav\u00a0\u00bb:\u00a0\u00bb\u00a0\u00bb,\u00a0\u00bbnav_align\u00a0\u00bb:\u00a0\u00bbcenter\u00a0\u00bb,\u00a0\u00bbnav_below\u00a0\u00bb:true,\u00a0\u00bbnav_breakpoint\u00a0\u00bb:\u00a0\u00bbs\u00a0\u00bb,\u00a0\u00bbnav_position\u00a0\u00bb:\u00a0\u00bbbottom-center\u00a0\u00bb,\u00a0\u00bbnav_position_margin\u00a0\u00bb:\u00a0\u00bbmedium\u00a0\u00bb,\u00a0\u00bboverlay_display\u00a0\u00bb:\u00a0\u00bbhover\u00a0\u00bb,\u00a0\u00bboverlay_link\u00a0\u00bb:true,\u00a0\u00bboverlay_maxwidth\u00a0\u00bb:\u00a0\u00bblarge\u00a0\u00bb,\u00a0\u00bboverlay_mode\u00a0\u00bb:\u00a0\u00bbcover\u00a0\u00bb,\u00a0\u00bboverlay_position\u00a0\u00bb:\u00a0\u00bbcenter\u00a0\u00bb,\u00a0\u00bboverlay_style\u00a0\u00bb:\u00a0\u00bboverlay-primary\u00a0\u00bb,\u00a0\u00bboverlay_transition\u00a0\u00bb:\u00a0\u00bbfade\u00a0\u00bb,\u00a0\u00bbshow_content\u00a0\u00bb:true,\u00a0\u00bbshow_hover_image\u00a0\u00bb:true,\u00a0\u00bbshow_hover_video\u00a0\u00bb:true,\u00a0\u00bbshow_link\u00a0\u00bb:true,\u00a0\u00bbshow_meta\u00a0\u00bb:true,\u00a0\u00bbshow_title\u00a0\u00bb:true,\u00a0\u00bbslidenav\u00a0\u00bb:\u00a0\u00bbbottom-right\u00a0\u00bb,\u00a0\u00bbslidenav_breakpoint\u00a0\u00bb:\u00a0\u00bb\u00a0\u00bb,\u00a0\u00bbslidenav_hover\u00a0\u00bb:false,\u00a0\u00bbslidenav_large\u00a0\u00bb:false,\u00a0\u00bbslidenav_margin\u00a0\u00bb:\u00a0\u00bbsmall\u00a0\u00bb,\u00a0\u00bbslidenav_outside_breakpoint\u00a0\u00bb:\u00a0\u00bbm\u00a0\u00bb,\u00a0\u00bbslider_autoplay\u00a0\u00bb:false,\u00a0\u00bbslider_autoplay_pause\u00a0\u00bb:true,\u00a0\u00bbslider_center\u00a0\u00bb:false,\u00a0\u00bbslider_divider\u00a0\u00bb:false,\u00a0\u00bbslider_finite\u00a0\u00bb:false,\u00a0\u00bbslider_gap\u00a0\u00bb:\u00a0\u00bb\u00a0\u00bb,\u00a0\u00bbslider_sets\u00a0\u00bb:false,\u00a0\u00bbslider_velocity\u00a0\u00bb:\u00a0\u00bb0.8&Prime;,\u00a0\u00bbslider_width\u00a0\u00bb:\u00a0\u00bb\u00a0\u00bb,\u00a0\u00bbslider_width_default\u00a0\u00bb:\u00a0\u00bb1-3&Prime;,\u00a0\u00bbslider_width_large\u00a0\u00bb:\u00a0\u00bb1-5&Prime;,\u00a0\u00bbslider_width_medium\u00a0\u00bb:\u00a0\u00bb1-4&Prime;,\u00a0\u00bbtext_align\u00a0\u00bb:\u00a0\u00bbcenter\u00a0\u00bb,\u00a0\u00bbtext_color\u00a0\u00bb:\u00a0\u00bblight\u00a0\u00bb,\u00a0\u00bbtitle_element\u00a0\u00bb:\u00a0\u00bbdiv\u00a0\u00bb,\u00a0\u00bbtitle_hover_style\u00a0\u00bb:\u00a0\u00bbreset\u00a0\u00bb,\u00a0\u00bbtitle_margin\u00a0\u00bb:\u00a0\u00bbremove\u00a0\u00bb,\u00a0\u00bbtitle_style\u00a0\u00bb:\u00a0\u00bbh5&Prime;,\u00a0\u00bbtitle_transition\u00a0\u00bb:\u00a0\u00bbslide-bottom-small\u00a0\u00bb}}]}]}],\u00a0\u00bbname\u00a0\u00bb:\u00a0\u00bbNews\u00a0\u00bb}],\u00a0\u00bbversion\u00a0\u00bb:\u00a0\u00bb5.0.22&Prime;} &#8211;><\/p>\n","protected":false},"excerpt":{"rendered":"<p>SHAPED over TIME Thank you for being with us at Salone del Mobile.Milano 2026. Explore all the new products presented during the fair. En savoir plus SHAPED over TIME Thank you for being with us at Salone del Mobile.Milano 2026. Explore all the new products presented during the fair. En savoir plus Nos Parquets en [&hellip;]<\/p>\n","protected":false},"author":1,"featured_media":0,"parent":0,"menu_order":0,"comment_status":"closed","ping_status":"closed","template":"","meta":{"_acf_changed":false,"footnotes":""},"class_list":["post-28723","page","type-page","status-publish","hentry"],"acf":[],"yoast_head":"<!-- This site is optimized with the Yoast SEO plugin v28.0 - https:\/\/yoast.com\/product\/yoast-seo-wordpress\/ -->\n<title>Luxe italien, parquet et boiserie sur mesure - Made in Italy<\/title>\n<meta name=\"description\" content=\"D\u00e9couvrez l&#039;excellence artisanale des parquets et des boiseries de qualit\u00e9, fabriqu\u00e9s sur mesure pour des environnements exclusifs.\" \/>\n<meta name=\"robots\" content=\"index, follow, max-snippet:-1, max-image-preview:large, max-video-preview:-1\" \/>\n<link rel=\"canonical\" href=\"https:\/\/fogliedoroparquet.com\/fr\/\" \/>\n<meta property=\"og:locale\" content=\"fr_FR\" \/>\n<meta property=\"og:type\" content=\"article\" \/>\n<meta property=\"og:title\" content=\"Luxe italien, parquet et boiserie sur mesure - Made in Italy\" \/>\n<meta property=\"og:description\" content=\"D\u00e9couvrez l&#039;excellence artisanale des parquets et des boiseries de qualit\u00e9, fabriqu\u00e9s sur mesure pour des environnements exclusifs.\" \/>\n<meta property=\"og:url\" content=\"https:\/\/fogliedoroparquet.com\/fr\/\" \/>\n<meta property=\"og:site_name\" content=\"Foglie d&#039;Oro\" \/>\n<meta property=\"article:modified_time\" content=\"2026-05-05T15:24:50+00:00\" \/>\n<meta property=\"og:image\" content=\"https:\/\/fogliedoroparquet.com\/wp-content\/uploads\/foto_dettaglio_prodotto_slide\/20\/1.jpg\" \/>\n<meta name=\"twitter:card\" content=\"summary_large_image\" \/>\n<meta name=\"twitter:label1\" content=\"Dur\u00e9e de lecture estim\u00e9e\" \/>\n\t<meta name=\"twitter:data1\" content=\"9 minutes\" \/>\n<script type=\"application\/ld+json\" class=\"yoast-schema-graph\">{\"@context\":\"https:\\\/\\\/schema.org\",\"@graph\":[{\"@type\":\"WebPage\",\"@id\":\"https:\\\/\\\/fogliedoroparquet.com\\\/fr\\\/\",\"url\":\"https:\\\/\\\/fogliedoroparquet.com\\\/fr\\\/\",\"name\":\"Luxe italien, parquet et boiserie sur mesure - Made in Italy\",\"isPartOf\":{\"@id\":\"https:\\\/\\\/fogliedoroparquet.com\\\/fr\\\/#website\"},\"primaryImageOfPage\":{\"@id\":\"https:\\\/\\\/fogliedoroparquet.com\\\/fr\\\/#primaryimage\"},\"image\":{\"@id\":\"https:\\\/\\\/fogliedoroparquet.com\\\/fr\\\/#primaryimage\"},\"thumbnailUrl\":\"https:\\\/\\\/fogliedoroparquet.com\\\/wp-content\\\/uploads\\\/foto_dettaglio_prodotto_slide\\\/20\\\/1.jpg\",\"datePublished\":\"2024-07-15T07:03:45+00:00\",\"dateModified\":\"2026-05-05T15:24:50+00:00\",\"description\":\"D\u00e9couvrez l'excellence artisanale des parquets et des boiseries de qualit\u00e9, fabriqu\u00e9s sur mesure pour des environnements exclusifs.\",\"breadcrumb\":{\"@id\":\"https:\\\/\\\/fogliedoroparquet.com\\\/fr\\\/#breadcrumb\"},\"inLanguage\":\"fr-FR\",\"potentialAction\":[{\"@type\":\"ReadAction\",\"target\":[\"https:\\\/\\\/fogliedoroparquet.com\\\/fr\\\/\"]}]},{\"@type\":\"ImageObject\",\"inLanguage\":\"fr-FR\",\"@id\":\"https:\\\/\\\/fogliedoroparquet.com\\\/fr\\\/#primaryimage\",\"url\":\"https:\\\/\\\/fogliedoroparquet.com\\\/wp-content\\\/uploads\\\/foto_dettaglio_prodotto_slide\\\/20\\\/1.jpg\",\"contentUrl\":\"https:\\\/\\\/fogliedoroparquet.com\\\/wp-content\\\/uploads\\\/foto_dettaglio_prodotto_slide\\\/20\\\/1.jpg\"},{\"@type\":\"BreadcrumbList\",\"@id\":\"https:\\\/\\\/fogliedoroparquet.com\\\/fr\\\/#breadcrumb\",\"itemListElement\":[{\"@type\":\"ListItem\",\"position\":1,\"name\":\"Home\",\"item\":\"https:\\\/\\\/fogliedoroparquet.com\\\/fr\\\/\"},{\"@type\":\"ListItem\",\"position\":2,\"name\":\"HOME Fr\"}]},{\"@type\":\"WebSite\",\"@id\":\"https:\\\/\\\/fogliedoroparquet.com\\\/fr\\\/#website\",\"url\":\"https:\\\/\\\/fogliedoroparquet.com\\\/fr\\\/\",\"name\":\"Foglie d'Oro\",\"description\":\"Foglie d&#039;Oro\",\"publisher\":{\"@id\":\"https:\\\/\\\/fogliedoroparquet.com\\\/fr\\\/#organization\"},\"potentialAction\":[{\"@type\":\"SearchAction\",\"target\":{\"@type\":\"EntryPoint\",\"urlTemplate\":\"https:\\\/\\\/fogliedoroparquet.com\\\/fr\\\/?s={search_term_string}\"},\"query-input\":{\"@type\":\"PropertyValueSpecification\",\"valueRequired\":true,\"valueName\":\"search_term_string\"}}],\"inLanguage\":\"fr-FR\"},{\"@type\":\"Organization\",\"@id\":\"https:\\\/\\\/fogliedoroparquet.com\\\/fr\\\/#organization\",\"name\":\"Foglie d'Oro - Pavimenti e Boiserie di lusso\",\"url\":\"https:\\\/\\\/fogliedoroparquet.com\\\/fr\\\/\",\"logo\":{\"@type\":\"ImageObject\",\"inLanguage\":\"fr-FR\",\"@id\":\"https:\\\/\\\/fogliedoroparquet.com\\\/fr\\\/#\\\/schema\\\/logo\\\/image\\\/\",\"url\":\"https:\\\/\\\/fogliedoroparquet.com\\\/wp-content\\\/uploads\\\/2020\\\/04\\\/Foglie_dOro-logo-white_small_bk-unsmushed.png\",\"contentUrl\":\"https:\\\/\\\/fogliedoroparquet.com\\\/wp-content\\\/uploads\\\/2020\\\/04\\\/Foglie_dOro-logo-white_small_bk-unsmushed.png\",\"width\":150,\"height\":150,\"caption\":\"Foglie d'Oro - Pavimenti e Boiserie di lusso\"},\"image\":{\"@id\":\"https:\\\/\\\/fogliedoroparquet.com\\\/fr\\\/#\\\/schema\\\/logo\\\/image\\\/\"}}]}<\/script>\n<!-- \/ Yoast SEO plugin. -->","yoast_head_json":{"title":"Luxe italien, parquet et boiserie sur mesure - Made in Italy","description":"D\u00e9couvrez l'excellence artisanale des parquets et des boiseries de qualit\u00e9, fabriqu\u00e9s sur mesure pour des environnements exclusifs.","robots":{"index":"index","follow":"follow","max-snippet":"max-snippet:-1","max-image-preview":"max-image-preview:large","max-video-preview":"max-video-preview:-1"},"canonical":"https:\/\/fogliedoroparquet.com\/fr\/","og_locale":"fr_FR","og_type":"article","og_title":"Luxe italien, parquet et boiserie sur mesure - Made in Italy","og_description":"D\u00e9couvrez l'excellence artisanale des parquets et des boiseries de qualit\u00e9, fabriqu\u00e9s sur mesure pour des environnements exclusifs.","og_url":"https:\/\/fogliedoroparquet.com\/fr\/","og_site_name":"Foglie d&#039;Oro","article_modified_time":"2026-05-05T15:24:50+00:00","og_image":[{"url":"https:\/\/fogliedoroparquet.com\/wp-content\/uploads\/foto_dettaglio_prodotto_slide\/20\/1.jpg","type":"","width":"","height":""}],"twitter_card":"summary_large_image","twitter_misc":{"Dur\u00e9e de lecture estim\u00e9e":"9 minutes"},"schema":{"@context":"https:\/\/schema.org","@graph":[{"@type":"WebPage","@id":"https:\/\/fogliedoroparquet.com\/fr\/","url":"https:\/\/fogliedoroparquet.com\/fr\/","name":"Luxe italien, parquet et boiserie sur mesure - Made in Italy","isPartOf":{"@id":"https:\/\/fogliedoroparquet.com\/fr\/#website"},"primaryImageOfPage":{"@id":"https:\/\/fogliedoroparquet.com\/fr\/#primaryimage"},"image":{"@id":"https:\/\/fogliedoroparquet.com\/fr\/#primaryimage"},"thumbnailUrl":"https:\/\/fogliedoroparquet.com\/wp-content\/uploads\/foto_dettaglio_prodotto_slide\/20\/1.jpg","datePublished":"2024-07-15T07:03:45+00:00","dateModified":"2026-05-05T15:24:50+00:00","description":"D\u00e9couvrez l'excellence artisanale des parquets et des boiseries de qualit\u00e9, fabriqu\u00e9s sur mesure pour des environnements exclusifs.","breadcrumb":{"@id":"https:\/\/fogliedoroparquet.com\/fr\/#breadcrumb"},"inLanguage":"fr-FR","potentialAction":[{"@type":"ReadAction","target":["https:\/\/fogliedoroparquet.com\/fr\/"]}]},{"@type":"ImageObject","inLanguage":"fr-FR","@id":"https:\/\/fogliedoroparquet.com\/fr\/#primaryimage","url":"https:\/\/fogliedoroparquet.com\/wp-content\/uploads\/foto_dettaglio_prodotto_slide\/20\/1.jpg","contentUrl":"https:\/\/fogliedoroparquet.com\/wp-content\/uploads\/foto_dettaglio_prodotto_slide\/20\/1.jpg"},{"@type":"BreadcrumbList","@id":"https:\/\/fogliedoroparquet.com\/fr\/#breadcrumb","itemListElement":[{"@type":"ListItem","position":1,"name":"Home","item":"https:\/\/fogliedoroparquet.com\/fr\/"},{"@type":"ListItem","position":2,"name":"HOME Fr"}]},{"@type":"WebSite","@id":"https:\/\/fogliedoroparquet.com\/fr\/#website","url":"https:\/\/fogliedoroparquet.com\/fr\/","name":"Foglie d'Oro","description":"Foglie d&#039;Oro","publisher":{"@id":"https:\/\/fogliedoroparquet.com\/fr\/#organization"},"potentialAction":[{"@type":"SearchAction","target":{"@type":"EntryPoint","urlTemplate":"https:\/\/fogliedoroparquet.com\/fr\/?s={search_term_string}"},"query-input":{"@type":"PropertyValueSpecification","valueRequired":true,"valueName":"search_term_string"}}],"inLanguage":"fr-FR"},{"@type":"Organization","@id":"https:\/\/fogliedoroparquet.com\/fr\/#organization","name":"Foglie d'Oro - Pavimenti e Boiserie di lusso","url":"https:\/\/fogliedoroparquet.com\/fr\/","logo":{"@type":"ImageObject","inLanguage":"fr-FR","@id":"https:\/\/fogliedoroparquet.com\/fr\/#\/schema\/logo\/image\/","url":"https:\/\/fogliedoroparquet.com\/wp-content\/uploads\/2020\/04\/Foglie_dOro-logo-white_small_bk-unsmushed.png","contentUrl":"https:\/\/fogliedoroparquet.com\/wp-content\/uploads\/2020\/04\/Foglie_dOro-logo-white_small_bk-unsmushed.png","width":150,"height":150,"caption":"Foglie d'Oro - Pavimenti e Boiserie di lusso"},"image":{"@id":"https:\/\/fogliedoroparquet.com\/fr\/#\/schema\/logo\/image\/"}}]}},"_links":{"self":[{"href":"https:\/\/fogliedoroparquet.com\/fr\/wp-json\/wp\/v2\/pages\/28723","targetHints":{"allow":["GET"]}}],"collection":[{"href":"https:\/\/fogliedoroparquet.com\/fr\/wp-json\/wp\/v2\/pages"}],"about":[{"href":"https:\/\/fogliedoroparquet.com\/fr\/wp-json\/wp\/v2\/types\/page"}],"author":[{"embeddable":true,"href":"https:\/\/fogliedoroparquet.com\/fr\/wp-json\/wp\/v2\/users\/1"}],"replies":[{"embeddable":true,"href":"https:\/\/fogliedoroparquet.com\/fr\/wp-json\/wp\/v2\/comments?post=28723"}],"version-history":[{"count":113,"href":"https:\/\/fogliedoroparquet.com\/fr\/wp-json\/wp\/v2\/pages\/28723\/revisions"}],"predecessor-version":[{"id":36851,"href":"https:\/\/fogliedoroparquet.com\/fr\/wp-json\/wp\/v2\/pages\/28723\/revisions\/36851"}],"wp:attachment":[{"href":"https:\/\/fogliedoroparquet.com\/fr\/wp-json\/wp\/v2\/media?parent=28723"}],"curies":[{"name":"wp","href":"https:\/\/api.w.org\/{rel}","templated":true}]}}